{"id":10,"date":"2025-06-10T10:01:43","date_gmt":"2025-06-10T10:01:43","guid":{"rendered":"https:\/\/dualdiploma-switzerland.ch\/?page_id=10"},"modified":"2026-04-11T16:33:55","modified_gmt":"2026-04-11T16:33:55","slug":"dual-diploma-program","status":"publish","type":"page","link":"https:\/\/dualdiploma-switzerland.ch\/it\/dual-diploma-program\/","title":{"rendered":"Dual Diploma Program"},"content":{"rendered":"<section class=\"section section-standard-hero-complex\">\n  <div class=\"container\">\n\n          <div class=\"section-standard-hero-complex__text\">\n\n        <h1>Il Dual Diploma Program<\/h1>\n                  <p>\u00e8 un programma educativo unico al mondo che consente agli studenti svizzeri di conseguire il diploma di scuola superiore americano insieme al diploma di maturit\u00e0 svizzero.<\/p>\n        \n                  <a href=\"https:\/\/dualdiploma-switzerland.ch\/it\/about-ais\/\" target=\"\" class=\"btn btn--yellow\"><span>Scropi di pi\u00f9<\/span><\/a>\n        \n      <\/div>\n    \n          <div class=\"section-standard-hero-complex__image\">\n        <img decoding=\"async\" src=\"https:\/\/dualdiploma-switzerland.ch\/wp-content\/uploads\/2025\/06\/academica_stock_26-767x840.jpg\" alt=\"\" \/>\n      <\/div>\n    \n  <\/div>\n<\/section>\n\n\n<section class=\"section section-strenghts\">\n  <div class=\"container\">\n\n    <div class=\"section-strenghts__header\">\n\n              <h2 class=\"animated-el-fadeInUp\">\n          Quali sono i punti di forza di questo programma?        <\/h2>\n      \n              <a href=\"https:\/\/dualdiploma-switzerland.ch\/it\/apply-now\/\" target=\"\" class=\"btn btn--yellow\">\n          <span>Iscriviti ora<\/span>\n        <\/a>\n          <\/div>\n    \n          <div class=\"section-strenghts__item n1 animated-el-fadeInUp\">\n        <div class=\"section-strenghts__item__text\">\n          <span class=\"iterator\">1<\/span>\n          <h3 class=\"animated-el-fadeInUp\">Conseguire il diploma di scuola superiore:<\/h3>\n          <p class=\"animated-el-fadeInUp\">Gli studenti ottengono lo stesso diploma come gli studenti americani, riconosciuto dal Dipartimento dell'Istruzione dello Stato fiduciario negli Stati Uniti e in ogni Stato e universit\u00e0 del mondo. Gli studenti studiano faccia a faccia nella loro scuola di origine e in immersione digitale presso Academica, la scuola superiore americana rinomata per la sua eccellenza pedagogica.<\/p>\n        <\/div>\n        <figure class=\"animated-el-fadeInLeft\">\n          <img loading=\"lazy\" decoding=\"async\" width=\"767\" height=\"767\" src=\"https:\/\/dualdiploma-switzerland.ch\/wp-content\/uploads\/2025\/06\/academica_stock_25-767x767.jpg\" class=\"attachment-square size-square\" alt=\"Preparing students for new challenges\" srcset=\"https:\/\/dualdiploma-switzerland.ch\/wp-content\/uploads\/2025\/06\/academica_stock_25-767x767.jpg 767w, https:\/\/dualdiploma-switzerland.ch\/wp-content\/uploads\/2025\/06\/academica_stock_25-150x150.jpg 150w, https:\/\/dualdiploma-switzerland.ch\/wp-content\/uploads\/2025\/06\/academica_stock_25-100x100.jpg 100w, https:\/\/dualdiploma-switzerland.ch\/wp-content\/uploads\/2025\/06\/academica_stock_25-140x140.jpg 140w, https:\/\/dualdiploma-switzerland.ch\/wp-content\/uploads\/2025\/06\/academica_stock_25-300x300.jpg 300w, https:\/\/dualdiploma-switzerland.ch\/wp-content\/uploads\/2025\/06\/academica_stock_25-390x390.jpg 390w, https:\/\/dualdiploma-switzerland.ch\/wp-content\/uploads\/2025\/06\/academica_stock_25-217x217.jpg 217w\" sizes=\"auto, (max-width: 767px) 100vw, 767px\" \/>        <\/figure>\n      <\/div>\n          <div class=\"section-strenghts__item n2 animated-el-fadeInUp\">\n        <div class=\"section-strenghts__item__text\">\n          <span class=\"iterator\">2<\/span>\n          <h3 class=\"animated-el-fadeInUp\">Diventare bilingue e immergersi completamente nell'esperienza sociale e culturale americana:<\/h3>\n          <p class=\"animated-el-fadeInUp\">Gli studenti beneficiano di una immersione linguistica accompagnati da insegnanti americani certificati. Gli studenti che studiano il Dual Diploma hanno la stessa esperienza di uno studente americano che studia in una scuola superiore americana. Per scoprire e sviluppare i loro talenti e le loro passioni, possono partecipare alla vita scolastica attraverso attivit\u00e0 come club e conferenze, e a eventi extracurriculari come la consegna dei diplomi.<\/p>\n        <\/div>\n        <figure class=\"animated-el-fadeInLeft\">\n          <img loading=\"lazy\" decoding=\"async\" width=\"767\" height=\"767\" src=\"https:\/\/dualdiploma-switzerland.ch\/wp-content\/uploads\/2025\/06\/academica_stock_24-767x767.jpg\" class=\"attachment-square size-square\" alt=\"Preparing students for new challenges\" srcset=\"https:\/\/dualdiploma-switzerland.ch\/wp-content\/uploads\/2025\/06\/academica_stock_24-767x767.jpg 767w, https:\/\/dualdiploma-switzerland.ch\/wp-content\/uploads\/2025\/06\/academica_stock_24-150x150.jpg 150w, https:\/\/dualdiploma-switzerland.ch\/wp-content\/uploads\/2025\/06\/academica_stock_24-100x100.jpg 100w, https:\/\/dualdiploma-switzerland.ch\/wp-content\/uploads\/2025\/06\/academica_stock_24-140x140.jpg 140w, https:\/\/dualdiploma-switzerland.ch\/wp-content\/uploads\/2025\/06\/academica_stock_24-300x300.jpg 300w, https:\/\/dualdiploma-switzerland.ch\/wp-content\/uploads\/2025\/06\/academica_stock_24-390x390.jpg 390w, https:\/\/dualdiploma-switzerland.ch\/wp-content\/uploads\/2025\/06\/academica_stock_24-217x217.jpg 217w\" sizes=\"auto, (max-width: 767px) 100vw, 767px\" \/>        <\/figure>\n      <\/div>\n          <div class=\"section-strenghts__item n3 animated-el-fadeInUp\">\n        <div class=\"section-strenghts__item__text\">\n          <span class=\"iterator\">3<\/span>\n          <h3 class=\"animated-el-fadeInUp\">Sviluppare le soft skills:<\/h3>\n          <p class=\"animated-el-fadeInUp\">Grazie a un approccio didattico incoraggiante e attento e a un'immersione personale, gli studenti acquisiscono autonomia, capacit\u00e0 di lavoro, fiducia in se stessi, maturit\u00e0 e adattabilit\u00e0. Imparano le conoscenze tecniche e digitali grazie all'immersione tecnologica e al lavoro online. Il programma promuove anche la creativit\u00e0 (scelta di materie elettive e partecipazione a club) e le capacit\u00e0 di pensiero critico attraverso le Live Sessions. Questa esperienza a tutto tondo prepara gli studenti alla loro futura vita accademica e professionale.<\/p>\n        <\/div>\n        <figure class=\"animated-el-fadeInLeft\">\n          <img loading=\"lazy\" decoding=\"async\" width=\"767\" height=\"767\" src=\"https:\/\/dualdiploma-switzerland.ch\/wp-content\/uploads\/2025\/06\/academica_stock_35-767x767.jpg\" class=\"attachment-square size-square\" alt=\"Preparing students for new challenges\" srcset=\"https:\/\/dualdiploma-switzerland.ch\/wp-content\/uploads\/2025\/06\/academica_stock_35-767x767.jpg 767w, https:\/\/dualdiploma-switzerland.ch\/wp-content\/uploads\/2025\/06\/academica_stock_35-150x150.jpg 150w, https:\/\/dualdiploma-switzerland.ch\/wp-content\/uploads\/2025\/06\/academica_stock_35-100x100.jpg 100w, https:\/\/dualdiploma-switzerland.ch\/wp-content\/uploads\/2025\/06\/academica_stock_35-140x140.jpg 140w, https:\/\/dualdiploma-switzerland.ch\/wp-content\/uploads\/2025\/06\/academica_stock_35-300x300.jpg 300w, https:\/\/dualdiploma-switzerland.ch\/wp-content\/uploads\/2025\/06\/academica_stock_35-390x390.jpg 390w, https:\/\/dualdiploma-switzerland.ch\/wp-content\/uploads\/2025\/06\/academica_stock_35-217x217.jpg 217w\" sizes=\"auto, (max-width: 767px) 100vw, 767px\" \/>        <\/figure>\n      <\/div>\n          <div class=\"section-strenghts__item n4 animated-el-fadeInUp\">\n        <div class=\"section-strenghts__item__text\">\n          <span class=\"iterator\">4<\/span>\n          <h3 class=\"animated-el-fadeInUp\">Creare una rete multiculturale:<\/h3>\n          <p class=\"animated-el-fadeInUp\">Grazie alle attivit\u00e0 e agli scambi con altri studenti di tutto il mondo, gli studenti scoprono un ambiente multiculturale che garantisce loro la creazione di una rete globale.<\/p>\n        <\/div>\n        <figure class=\"animated-el-fadeInLeft\">\n          <img loading=\"lazy\" decoding=\"async\" width=\"767\" height=\"767\" src=\"https:\/\/dualdiploma-switzerland.ch\/wp-content\/uploads\/2025\/06\/academica_stock_22-767x767.jpg\" class=\"attachment-square size-square\" alt=\"Preparing students for new challenges\" srcset=\"https:\/\/dualdiploma-switzerland.ch\/wp-content\/uploads\/2025\/06\/academica_stock_22-767x767.jpg 767w, https:\/\/dualdiploma-switzerland.ch\/wp-content\/uploads\/2025\/06\/academica_stock_22-150x150.jpg 150w, https:\/\/dualdiploma-switzerland.ch\/wp-content\/uploads\/2025\/06\/academica_stock_22-100x100.jpg 100w, https:\/\/dualdiploma-switzerland.ch\/wp-content\/uploads\/2025\/06\/academica_stock_22-140x140.jpg 140w, https:\/\/dualdiploma-switzerland.ch\/wp-content\/uploads\/2025\/06\/academica_stock_22-300x300.jpg 300w, https:\/\/dualdiploma-switzerland.ch\/wp-content\/uploads\/2025\/06\/academica_stock_22-390x390.jpg 390w, https:\/\/dualdiploma-switzerland.ch\/wp-content\/uploads\/2025\/06\/academica_stock_22-217x217.jpg 217w\" sizes=\"auto, (max-width: 767px) 100vw, 767px\" \/>        <\/figure>\n      <\/div>\n          <div class=\"section-strenghts__item n5 animated-el-fadeInUp\">\n        <div class=\"section-strenghts__item__text\">\n          <span class=\"iterator\">5<\/span>\n          <h3 class=\"animated-el-fadeInUp\">Aprire prospettive per il futuro:<\/h3>\n          <p class=\"animated-el-fadeInUp\">Il Dual Diploma consente agli studenti di distinguersi e di migliorare il proprio curriculum vitae rispetto agli altri candidati nelle universit\u00e0 americane.<\/p>\n        <\/div>\n        <figure class=\"animated-el-fadeInLeft\">\n          <img loading=\"lazy\" decoding=\"async\" width=\"767\" height=\"767\" src=\"https:\/\/dualdiploma-switzerland.ch\/wp-content\/uploads\/2025\/06\/academica_stock_21-767x767.jpg\" class=\"attachment-square size-square\" alt=\"Preparing students for new challenges\" srcset=\"https:\/\/dualdiploma-switzerland.ch\/wp-content\/uploads\/2025\/06\/academica_stock_21-767x767.jpg 767w, https:\/\/dualdiploma-switzerland.ch\/wp-content\/uploads\/2025\/06\/academica_stock_21-150x150.jpg 150w, https:\/\/dualdiploma-switzerland.ch\/wp-content\/uploads\/2025\/06\/academica_stock_21-100x100.jpg 100w, https:\/\/dualdiploma-switzerland.ch\/wp-content\/uploads\/2025\/06\/academica_stock_21-140x140.jpg 140w, https:\/\/dualdiploma-switzerland.ch\/wp-content\/uploads\/2025\/06\/academica_stock_21-300x300.jpg 300w, https:\/\/dualdiploma-switzerland.ch\/wp-content\/uploads\/2025\/06\/academica_stock_21-390x390.jpg 390w, https:\/\/dualdiploma-switzerland.ch\/wp-content\/uploads\/2025\/06\/academica_stock_21-217x217.jpg 217w\" sizes=\"auto, (max-width: 767px) 100vw, 767px\" \/>        <\/figure>\n      <\/div>\n    \n          <div class=\"section-strenghts__testimonial\">\n\n        <p class=\"body-2-semibold\">Sono stata felice di sapere che il mio Academica Dual Diploma\u2122 \u00e8 stato riconosciuto come prova del mio livello di inglese per l'ammissione alla EHL (\u00c9cole H\u00f4teli\u00e8re de Lausanne).<\/p>\n\n        <ul>\n          <li>\n            <span>Ingrid R.<\/span>\n          <\/li>\n          <li>\n            <span class=\"body-2-medium\">Dual Diploma ottenuto nel luglio 2024<\/span>\n          <\/li>\n        <\/ul>\n\n      <\/div>\n    \n  <\/div>\n<\/section>\n\n\n<section class=\"section section-how-get-in\">\n  <div class=\"container\">\n\n          <div class=\"section-how-get-in__header animated-el-fadeInLeft\">\n        <h2>Come si ottiene?<\/h2>\n      <\/div>\n    \n    <div class=\"section-how-get-in__text\">\n\n              <div class=\"section-how-get-in__text__col\">\n          <p><strong>Il programma Dual Diploma si basa su un sistema di crediti accademici. Per ottenere il diploma di scuola superiore americana \u00e8 necessario un totale di 24 crediti.<\/strong><br \/>\r\n<br \/>\r\nGli accordi internazionali di Academica e l'eccellenza pedagogica del programma consentono agli studenti svizzeri di ottenere la massima convalida possibile: <strong>75% dei 24 crediti<\/strong> richiesti per ottenere il diploma di scuola superiore americana. Questi <strong>18 crediti<\/strong> sono convalidati dal certificato di maturit\u00e0 svizzero.<\/p>\n        <\/div>\n            \n              <div class=\"section-how-get-in__text__col\">\n          <p>Gli studenti del Doppio Diploma devono solo completare <strong>6 crediti online con Academica\u00ae International Studies (AIS)<\/strong> per ottenere il diploma americano. Di questi 6 crediti rimanenti, 4 fanno parte del programma obbligatorio e 2 fanno parte del programma opzionale, consentendo agli studenti di seguire materie di grande interesse che non fanno parte del programma europeo e offrendo una motivazione aggiuntiva agli studenti grazie all'ampliamento del loro vocabolario in materie che altrimenti non studierebbero in inglese: Life Management Skills, Fotografia, Criminologia, Psicologia, ecc.<\/p>\n        <\/div>\n      \n    <\/div>\n\n    <div class=\"section-how-get-in__subjects\">\n      \n              <div class=\"section-how-get-in__subjects__text\">\n          <h4>Materie richieste = 4 crediti<\/h4>\n<ul>\n<li>2 crediti *: Inglese Livelli I, II, III o IV<\/li>\n<li>1 credito: Storia degli Stati Uniti<\/li>\n<li>1 credito: Governo degli Stati Uniti \/ Economia<\/li>\n<\/ul>\n<p><sup>*<\/sup>Gli studenti devono superare due corsi di inglese, indipendentemente dal livello di partenza: Inglese I-II, Inglese II-III, Inglese III-IV.<\/p>\n<p>&nbsp;<\/p>\n        <\/div>\n      \n              <div class=\"section-how-get-in__subjects__image animated-el-fadeInRight\" style=\"background-image:url('https:\/\/dualdiploma-switzerland.ch\/wp-content\/uploads\/2025\/06\/academica_stock_20-scaled.jpg');\">&nbsp;<\/div>\n      \n    <\/div>\n\n    <div class=\"section-how-get-in__subjects\">\n      \n              <div class=\"section-how-get-in__subjects__text\">\n          <h4>Materie a scelta = 2 crediti**<\/h4>\n<ul>\n<li>Psicologia<\/li>\n<li>Concetti di ingegneria e tecnologia<\/li>\n<li>Criminologia<\/li>\n<li>Fotografia digitale<\/li>\n<li>Public Speaking e giornalismo<\/li>\n<li>Abilit\u00e0 di gestione della vita<\/li>\n<li>Preparazione agli esami di ammissione al college<\/li>\n<li>Inglese avanzato (solo per studenti di ritorno che hanno gi\u00e0 completato due corsi di inglese DD)<\/li>\n<\/ul>\n<p><strong><sup>**<\/sup>Lo studente deve scegliere solo 2 materie.<\/strong><\/p>\n        <\/div>\n      \n              <div class=\"section-how-get-in__subjects__image animated-el-fadeInRight\" style=\"background-image:url('https:\/\/dualdiploma-switzerland.ch\/wp-content\/uploads\/2025\/06\/academica_stock_19-scaled.jpg');\">&nbsp;<\/div>\n      \n    <\/div>\n\n  <\/div>\n<\/section>\n\n\n<section class=\"section section-program\">\n  <div class=\"container\">\n\n          <h2>\n        <strong>Il Dual Diploma<\/strong> offre una grande flessibilit\u00e0 in termini di durata del programma, consentendo di scegliere tra tre opzioni a seconda dell'anno di inizio e delle preferenze personali:      <\/h2>\n    \n    <div class=\"section-program__tabs\">\n\n      <div class=\"tabs__nav animated-el-fadeInUp\">\n                  <button\n            class=\"tabs__btn active\"\n            data-tab=\"0\"\n            aria-controls=\"tab-panel-0\"\n            role=\"tab\">\n            <span>Programma di 4 anni<\/span>\n          <\/button>\n                  <button\n            class=\"tabs__btn\"\n            data-tab=\"1\"\n            aria-controls=\"tab-panel-1\"\n            role=\"tab\">\n            <span>Programma di 3 anni<\/span>\n          <\/button>\n                  <button\n            class=\"tabs__btn\"\n            data-tab=\"2\"\n            aria-controls=\"tab-panel-2\"\n            role=\"tab\">\n            <span>Programma di 2 anni<\/span>\n          <\/button>\n              <\/div>\n\n      <div class=\"tabs__panels animated-el-fadeInRight\">\n                  <div\n            class=\"tabs__panel active\"\n            id=\"tab-panel-0\"\n            role=\"tabpanel\">\n\n            <p class=\"body-1-regular\">\n              <p>Questo piano offre un ritmo pi\u00f9 rilassato, ideale per chi preferisce distribuire il carico accademico aggiuntivo in modo pi\u00f9 graduale.<\/p>\n<ul>\n<li>Anno 1: Inglese<\/li>\n<li>Anno 2: Inglese e materia a scelta<\/li>\n<li>Anno 3: Storia degli Stati Uniti e materia a scelta<\/li>\n<li>Anno 4: Governo degli Stati Uniti \/ Economia<\/li>\n<\/ul>\n            <\/p>\n          <\/div>\n                  <div\n            class=\"tabs__panel\"\n            id=\"tab-panel-1\"\n            role=\"tabpanel\">\n\n            <p class=\"body-1-regular\">\n              \n<p><span>Questo piano offre un ritmo equilibrato, ideale per chi desidera affrontare il carico accademico con un buon equilibrio tra gli studi locali e il programma internazionale.<\/span><\/p>\n\n<ul>\n<li>Anno 1: Inglese e materia a scelta<\/li>\n<li>Anno 2: Inglese e Storia degli Stati Uniti<\/li>\n<li>Anno 3: Governo degli Stati Uniti \/ Economia e materia a scelta<\/li>\n<\/ul>\n            <\/p>\n          <\/div>\n                  <div\n            class=\"tabs__panel\"\n            id=\"tab-panel-2\"\n            role=\"tabpanel\">\n\n            <p class=\"body-1-regular\">\n              <p>Questo piano offre un ritmo intenso, adatto a coloro che desiderano completare il programma nel pi\u00f9 breve tempo possibile, massimizzando la loro dedizione e il loro sforzo in un breve periodo.<\/p>\n<ul>\n<li>1\u00b0 anno: inglese, storia degli Stati Uniti ed elettivi<\/li>\n<li>2\u00b0 anno: inglese e governo degli Stati Uniti \/ economia ed elettivi<\/li>\n<\/ul>\n            <\/p>\n          <\/div>\n              <\/div>\n    <\/div>\n\n          <div class=\"section-program__table\">\n        <div class=\"table-container\">\n          <table class=\"el-table animated-el-fadeInUp\" style=\"translate: none; rotate: none; scale: none; opacity: 1; visibility: inherit; transform: translate(0px, 0px);\">\n<thead>\n<tr>\n<th class=\"white\">Inizio* Doppio diploma<\/th>\n<th class=\"white\">Anno 1<\/th>\n<th class=\"white\">Anno 2<\/th>\n<th class=\"white\">Anno 3<\/th>\n<th class=\"white\">Anno 4<\/th>\n<th>Durata<br \/>\nDual Diploma<\/th>\n<\/tr>\n<\/thead>\n<tbody>\n<tr>\n<td>10e VP\/VG<\/td>\n<td style=\"text-align: center;\">x<\/td>\n<td style=\"text-align: center;\">x<\/td>\n<td style=\"text-align: center;\">x<\/td>\n<td style=\"text-align: center;\">x<\/td>\n<th class=\"highlighted\" rowspan=\"2\">4 anni<\/th>\n<\/tr>\n<tr>\n<td class=\"highlighted\" style=\"color: #181818;\">11e VP\/VG<\/td>\n<td class=\"highlighted\" style=\"text-align: center;\">x<\/td>\n<td class=\"highlighted\" style=\"text-align: center;\">x<\/td>\n<td class=\"highlighted\" style=\"text-align: center;\">x<\/td>\n<td class=\"highlighted\" style=\"text-align: center;\">x<\/td>\n<\/tr>\n<tr>\n<td class=\"highlighted\" style=\"color: #181818;\">11e VP\/VG<\/td>\n<td class=\"highlighted\" style=\"text-align: center;\">x<\/td>\n<td class=\"highlighted\" style=\"text-align: center;\">x<\/td>\n<td class=\"highlighted\" style=\"text-align: center;\">x<\/td>\n<td class=\"highlighted\"><\/td>\n<th class=\"highlighted\" rowspan=\"2\">3 anni<\/th>\n<\/tr>\n<tr>\n<td>1M\/1ECG<\/td>\n<td style=\"text-align: center;\">x<\/td>\n<td style=\"text-align: center;\">x<\/td>\n<td style=\"text-align: center;\">x<\/td>\n<td><\/td>\n<\/tr>\n<tr>\n<td>1M\/1ECG<\/td>\n<td style=\"text-align: center;\">x<\/td>\n<td style=\"text-align: center;\">x<\/td>\n<td><\/td>\n<td><\/td>\n<th class=\"highlighted\" rowspan=\"2\">2 anni<\/th>\n<\/tr>\n<tr>\n<td class=\"highlighted\" style=\"color: #181818;\">2M\/2ECG<\/td>\n<td class=\"highlighted\" style=\"text-align: center;\">x<\/td>\n<td class=\"highlighted\" style=\"text-align: center;\">x<\/td>\n<td class=\"highlighted\"><\/td>\n<td class=\"highlighted\"><\/td>\n<\/tr>\n<\/tbody>\n<\/table>\n<p class=\"animated-el-fadeInUp\">\n<p>&nbsp;<\/p>\n        <\/div>\n                  <p class=\"animated-el-fadeInUp\">* Esempio di cantone di Vaud<\/p>\n              <\/div>\n    \n    <div class=\"section-program__actions\">\n      <ul>\n                  <li>\n            <a href=\"https:\/\/dualdiploma-switzerland.ch\/it\/about-ais\/\" target=\"\" class=\"btn btn--outline-black\">\n              <span>Scropi di pi\u00f9<\/span>\n            <\/a>\n          <\/li>\n                          <li>\n            <a href=\"https:\/\/dualdiploma-switzerland.ch\/it\/faq-contact-us\/\" target=\"\" class=\"btn btn--yellow\">\n              <span>Contattaci<\/span>\n            <\/a>\n          <\/li>\n              <\/ul>\n    <\/div>\n\n  <\/div>\n<\/section>\n\n\n<section class=\"section section-how-it-works\">\n  <div class=\"container\">\n\n          <div class=\"section-how-it-works__header animated-el-fadeInLeft\">\n        <h2>Come lavorano gli studenti?<\/h2>\n      <\/div>\n    \n    <div class=\"section-how-it-works__text\">\n\n              <div class=\"section-how-it-works__text__col\">\n          <p>A ogni studente del programma viene assegnato un insegnante americano certificato che lo guider\u00e0 nel processo di apprendimento.\u00a0<br \/>\n<br \/>\nLe attivit\u00e0 vengono svolte tramite una <strong>innovativa<\/strong> e <strong>interattiva<\/strong> piattaforma di apprendimento online, Colegia, sulla quale gli studenti possono lavorare in modo flessibile e autonomo, sempre guidati dall'insegnante designato.<\/p>\n<p><strong>Academica fornisce tutto il materiale didattico<\/strong> Gli studenti hanno bisogno di consultare le lezioni, lavorare e completare i compiti. Fin dall'inizio del semestre, gli studenti possono accedere a una panoramica dei compiti e degli appuntamenti, in modo da poter organizzare e pianificare il loro tempo e il loro impegno in combinazione con gli studi in Svizzera.<\/p>\n<p>Il processo di apprendimento comprende attivit\u00e0 asincrone, compiti e proposte che gli studenti devono completare ogni settimana al proprio ritmo, gestendo il proprio tempo. Riunioni di gruppo sincrone ogni tre settimane, la <strong>Live Sessions<\/strong>, sono organizzati con l'insegnante e il gruppo di lavoro.<\/p>\n        <\/div>\n            \n              <div class=\"section-how-it-works__text__col\">\n          <p>Queste sessioni dal vivo danno agli studenti la possibilit\u00e0 di interagire con i loro compagni di classe provenienti da tutto il mondo e di scambiare vivaci discussioni su un'ampia gamma di argomenti.<\/p>\n<p>Gli insegnanti hanno anche un orario di ricevimento, tra le 16:30 e le 21:00, per assicurare una <strong>comunicazione fluida<\/strong>I docenti sono sempre pronti a rispondere alle domande degli studenti, via e-mail o tramite squadre, e a rispondere alle loro domande quando \u00e8 necessario. Gli studenti apprezzano la loro gentilezza, reattivit\u00e0, attenzione e incoraggiamento. I genitori possono richiedere un appuntamento con l'insegnante americano in qualsiasi momento.<\/p>\n<p class=\"hightlighted\">L'apprendimento del programma online \u00e8 un processo arricchente, stimolante e diverso, con accesso a materiali di studio di alta qualit\u00e0. Questo metodo di insegnamento \u00e8 un eccellente complemento alla pedagogia svizzera.<\/p>\n        <\/div>\n      \n    <\/div>\n\n          <figure class=\"animated-el-fadeInLeft\">\n        <img loading=\"lazy\" decoding=\"async\" width=\"1280\" height=\"555\" src=\"https:\/\/dualdiploma-switzerland.ch\/wp-content\/uploads\/2025\/06\/academica_stock_18-1280x555.jpg\" class=\"attachment-big-hero size-big-hero\" alt=\"How do students work?\" \/>      <\/figure>\n    \n    \n\n          <div class=\"section-how-it-works__testimonial\">\n\n        <p class=\"body-2-semibold\">Con il programma Dual Diploma ho scoperto un nuovo metodo di apprendimento, pi\u00f9 libero ma supervisionato, e ho apprezzato molto il rapporto instaurato con il mio insegnante americano, molto affiatato e amichevole.<\/p>\n\n        <ul>\n          <li>\n            <span>Marina R.<\/span>\n          <\/li>\n          <li>\n            <span class=\"body-2-medium\">3\u00b0 anno del Dual Diploma<\/span>\n          <\/li>\n        <\/ul>\n\n      <\/div>\n    \n  <\/div>\n<\/section>\n\n\n<section class=\"section section-school-experience\">\n  <div class=\"container\">\n\n    <div class=\"section-school-experience__header\">\n\n              <h2 class=\"animated-el-fadeInUp\">L'esperienza di vita scolastica<\/h2>\n            \n              <p class=\"animated-el-fadeInUp\">L'esperienza americana del programma di Dual Diploma va oltre i semplici corsi tenuti in inglese. L'istruzione \u00e8 vista nel suo complesso: l'apprendimento della vita sociale \u00e8 importante quanto l'apprendimento teorico delle conoscenze.<\/p>\n      \n    <\/div>\n\n    <div class=\"section-school-experience__clubs\">\n\n              <h3 class=\"animated-el-fadeInUp\">Club a cui gli studenti possono aderire:<\/h3>\n            \n      <ul>\n                  <li class=\"animated-el-fadeInUp\">\n            <figure class=\"animated-el-fadeInUp\">\n                              <img loading=\"lazy\" decoding=\"async\" width=\"767\" height=\"550\" src=\"https:\/\/dualdiploma-switzerland.ch\/wp-content\/uploads\/2025\/06\/academica_stock_17-767x550.jpg\" class=\"attachment-clubs size-clubs\" alt=\"Preparing students for new challenges\" \/>                          <\/figure>\n            <p>Club dei Giornali, per scrivere il Dual Diploma Times.<\/p>\n          <\/li>\n                  <li class=\"animated-el-fadeInUp\">\n            <figure class=\"animated-el-fadeInUp\">\n                              <img loading=\"lazy\" decoding=\"async\" width=\"767\" height=\"550\" src=\"https:\/\/dualdiploma-switzerland.ch\/wp-content\/uploads\/2025\/06\/academica_stock_16-767x550.jpg\" class=\"attachment-clubs size-clubs\" alt=\"Preparing students for new challenges\" \/>                          <\/figure>\n            <p>Social Media Club, dove si incontrano online una volta al mese con i loro coetanei.<\/p>\n          <\/li>\n                  <li class=\"animated-el-fadeInUp\">\n            <figure class=\"animated-el-fadeInUp\">\n                              <img loading=\"lazy\" decoding=\"async\" width=\"767\" height=\"550\" src=\"https:\/\/dualdiploma-switzerland.ch\/wp-content\/uploads\/2025\/06\/academica_stock_15-767x550.jpg\" class=\"attachment-clubs size-clubs\" alt=\"Preparing students for new challenges\" \/>                          <\/figure>\n            <p>AIS Amici Club, per incontrare e chiacchierare con studenti di altri Paesi<\/p>\n          <\/li>\n                  <li class=\"animated-el-fadeInUp\">\n            <figure class=\"animated-el-fadeInUp\">\n                              <img loading=\"lazy\" decoding=\"async\" width=\"767\" height=\"550\" src=\"https:\/\/dualdiploma-switzerland.ch\/wp-content\/uploads\/2025\/06\/academica_stock_14-767x550.jpg\" class=\"attachment-clubs size-clubs\" alt=\"Preparing students for new challenges\" \/>                          <\/figure>\n            <p>Club di fotografia, per migliorare le competenze fotografiche e creare un portfolio digitale<\/p>\n          <\/li>\n                  <li class=\"animated-el-fadeInUp\">\n            <figure class=\"animated-el-fadeInUp\">\n                              <img loading=\"lazy\" decoding=\"async\" width=\"767\" height=\"550\" src=\"https:\/\/dualdiploma-switzerland.ch\/wp-content\/uploads\/2025\/06\/academica_stock_13-767x550.jpg\" class=\"attachment-clubs size-clubs\" alt=\"Preparing students for new challenges\" \/>                          <\/figure>\n            <p>Club di cucina e pasticceria, per imparare ricette da tutto il mondo<\/p>\n          <\/li>\n                  <li class=\"animated-el-fadeInUp\">\n            <figure class=\"animated-el-fadeInUp\">\n                              <img loading=\"lazy\" decoding=\"async\" width=\"767\" height=\"550\" src=\"https:\/\/dualdiploma-switzerland.ch\/wp-content\/uploads\/2025\/06\/academica_stock_12-767x550.jpg\" class=\"attachment-clubs size-clubs\" alt=\"Preparing students for new challenges\" \/>                          <\/figure>\n            <p>Club del libro, per scoprire libri e scrittori di tutto il mondo<\/p>\n          <\/li>\n                  <li class=\"animated-el-fadeInUp\">\n            <figure class=\"animated-el-fadeInUp\">\n                              <img loading=\"lazy\" decoding=\"async\" width=\"767\" height=\"550\" src=\"https:\/\/dualdiploma-switzerland.ch\/wp-content\/uploads\/2025\/06\/academica_stock_11-767x550.jpg\" class=\"attachment-clubs size-clubs\" alt=\"Preparing students for new challenges\" \/>                          <\/figure>\n            <p>Art Club, per gli amanti dell'arte<\/p>\n          <\/li>\n                  <li class=\"animated-el-fadeInUp\">\n            <figure class=\"animated-el-fadeInUp\">\n                              <img loading=\"lazy\" decoding=\"async\" width=\"767\" height=\"550\" src=\"https:\/\/dualdiploma-switzerland.ch\/wp-content\/uploads\/2025\/06\/academica_stock_10-767x550.jpg\" class=\"attachment-clubs size-clubs\" alt=\"Preparing students for new challenges\" \/>                          <\/figure>\n            <p>Modello ONU (Nazioni Unite), per praticare le relazioni internazionali.<\/p>\n          <\/li>\n                \n                  <li class=\"animated-el-fadeInUp\" style=\"background-image: url('https:\/\/dualdiploma-switzerland.ch\/wp-content\/uploads\/2025\/06\/academica_stock_09-767x512.jpg');\">\n                          <a href=\"https:\/\/dualdiploma-switzerland.ch\/it\/about-ais\/\" target=\"\" class=\"btn btn--yellow\">\n                <span>Scropi di pi\u00f9<\/span>\n              <\/a>\n                      <\/li>\n        \n      <\/ul>\n    <\/div>\n\n    <div class=\"section-school-experience__speakers\">\n\n              <h3 class=\"animated-el-fadeInUp\">Guest Speaker:<\/h3>\n      \n              <p class=\"animated-el-fadeInUp\">Nel corso dell'anno, Academica\u00ae International Studies organizza conferenze con ospiti speciali (le \"Special Guest Speaker Sessions\"), esperti in vari settori: politica, imprenditoria, sport, aerospazio, cultura, cinema, ecologia, ... Una miniera di ispirazione e motivazione per i giovani adulti in erba!<\/p>\n      \n      <ul>\n                  <li class=\"animated-el-fadeInUp\">\n            <figure class=\"animated-el-fadeInUp\">\n                              <img loading=\"lazy\" decoding=\"async\" width=\"767\" height=\"550\" src=\"https:\/\/dualdiploma-switzerland.ch\/wp-content\/uploads\/2025\/06\/Sunita-Williams-2004-e1750258577344-767x550.webp\" class=\"attachment-clubs size-clubs\" alt=\"Preparing students for new challenges\" \/>                          <\/figure>\n            <h4>Sunita Williams<\/h4>\n            <p>Sunita Williams \u00e8 un'astronauta americana e un ufficiale della Marina degli Stati Uniti in pensione, nota per aver detenuto il record del maggior numero di passeggiate spaziali femminili. Nel 2024 \u00e8 stata la prima donna a effettuare un volo di prova di un veicolo spaziale orbitale con la Boeing. La sua missione \u00e8 stata prolungata di nove mesi a causa di problemi tecnici della ISS. Rimane una delle donne pi\u00f9 esperte di passeggiate spaziali a livello mondiale.<\/p>\n          <\/li>\n                  <li class=\"animated-el-fadeInUp\">\n            <figure class=\"animated-el-fadeInUp\">\n                              <img loading=\"lazy\" decoding=\"async\" width=\"767\" height=\"550\" src=\"https:\/\/dualdiploma-switzerland.ch\/wp-content\/uploads\/2025\/06\/Scott-Rosenzweig-e1750258881632-767x550.jpg\" class=\"attachment-clubs size-clubs\" alt=\"Preparing students for new challenges\" \/>                          <\/figure>\n            <h4>Scott Rosenzweig<\/h4>\n            <p>Scott Rosenzweig, Presidente e CEO di Make-A-Wish Nevada, \u00e8 entrato a far parte dell'organizzazione nel 2018 ed \u00e8 diventato CEO nel 2021. Con un background trentennale nelle arti dello spettacolo, tra cui il lavoro con Disneyland e Madame Tussaud's, ha poi guidato la formazione presso GameWorks. Il suo percorso unico fonde creativit\u00e0 e leadership, guidando la sua passione per la realizzazione di desideri trasformativi per i bambini affetti da malattie critiche nel Nevada meridionale.<\/p>\n          <\/li>\n                  <li class=\"animated-el-fadeInUp\">\n            <figure class=\"animated-el-fadeInUp\">\n                              <img loading=\"lazy\" decoding=\"async\" width=\"767\" height=\"550\" src=\"https:\/\/dualdiploma-switzerland.ch\/wp-content\/uploads\/2025\/06\/James-Burnett-e1750258966657-767x550.jpg\" class=\"attachment-clubs size-clubs\" alt=\"Preparing students for new challenges\" \/>                          <\/figure>\n            <h4>James Burnett<\/h4>\n            <p>James Burnett \u00e8 un doppiatore professionista con oltre 20 anni di esperienza, che ha iniziato all'et\u00e0 di 16 anni imitando le voci prima di sviluppare un proprio suono distinto. Il suo background musicale e i cori scolastici hanno plasmato la sua gamma vocale. James sceglie progetti che riflettono le sue passioni, mantenendo il suo lavoro autentico e piacevole. \u00c8 noto per la sua versatilit\u00e0 e dedizione al mestiere di doppiatore.<\/p>\n          <\/li>\n              <\/ul>\n\n    <\/div>\n\n    <div class=\"section-school-experience__graduation\">\n              <h3 class=\"animated-el-fadeInUp\">Graduation<\/h3>\n      \n              <p class=\"animated-el-fadeInUp\">Cerimonia di consegna dei diplomi all'inizio di luglio.<\/p>\n      \n      <figure class=\"animated-el-fadeInLeft\">\n                  <img loading=\"lazy\" decoding=\"async\" width=\"1280\" height=\"555\" src=\"https:\/\/dualdiploma-switzerland.ch\/wp-content\/uploads\/2025\/06\/academica_stock_08-scaled-e1749759102830-1280x555.jpg\" class=\"attachment-big-hero size-big-hero\" alt=\"Preparing students for new challenges\" \/>              <\/figure>\n    <\/div>\n\n          <div class=\"section-school-experience__actions animated-el-fadeInUp\">\n        <ul>\n                      <li>\n              <a href=\"https:\/\/dualdiploma-switzerland.ch\/it\/about-ais\/\" target=\"\" class=\"btn btn--yellow\">\n                <span>Scropi di pi\u00f9<\/span>\n              <\/a>\n            <\/li>\n                                <li>\n              <a href=\"https:\/\/dualdiploma-switzerland.ch\/it\/faq-contact-us\/\" target=\"\" class=\"btn btn--outline-black\">\n                <span>Contattaci<\/span>\n              <\/a>\n            <\/li>\n                  <\/ul>\n      <\/div>\n    \n  <\/div>\n<\/section>\n\n\n<section class=\"section section-cta-2\">\n  <div class=\"container\">\n\n    <div class=\"section-cta-2__highlights animated-el-fadeInUp\">\n              <h2 class=\"animated-el-fadeInUp\">Visto in La C\u00f4te<\/h2>\n      \n      <p>La C\u00f4te evidenzia come il programma di Doppio Diploma stia ridisegnando l'istruzione in Svizzera, dando agli studenti la possibilit\u00e0 di diplomarsi con due diplomi e un mondo di possibilit\u00e0.<\/p>\n      \n      <a href=\"https:\/\/www.lacote.ch\/contenus-sponsorises\/offrez-a-vos-enfants-un-avenir-sans-frontieres-avec-academica-dual-diploma-1456000\" class=\"btn btn--green\"><span>Per saperne di pi\u00f9 <\/span><\/a>\n    <\/div>\n\n  <\/div>\n<\/section>\n\n\n<section class=\"section section-cta animated-el-fadeInUp\">\n  <div class=\"container\">\n\n    <div class=\"section-cta__text animated-el-fadeInLeft\">\n      <div class=\"decor-star\"><\/div>\n\n              <h3>Preparare gli studenti a nuove sfide<\/h3>\n      \n              <a href=\"https:\/\/dualdiploma-switzerland.ch\/it\/apply-now\/\" target=\"\" class=\"btn btn--yellow\"><span>Iscriviti ora<\/span><\/a>\n            \n    <\/div>\n\n    <figure class=\"animated-el-fadeInLeft\">\n      <img loading=\"lazy\" decoding=\"async\" width=\"767\" height=\"767\" src=\"https:\/\/dualdiploma-switzerland.ch\/wp-content\/uploads\/2025\/06\/graduation-4502797_1920-767x767.jpg\" class=\"attachment-square size-square\" alt=\"Academica Dual Diploma\" srcset=\"https:\/\/dualdiploma-switzerland.ch\/wp-content\/uploads\/2025\/06\/graduation-4502797_1920-767x767.jpg 767w, https:\/\/dualdiploma-switzerland.ch\/wp-content\/uploads\/2025\/06\/graduation-4502797_1920-150x150.jpg 150w, https:\/\/dualdiploma-switzerland.ch\/wp-content\/uploads\/2025\/06\/graduation-4502797_1920-100x100.jpg 100w, https:\/\/dualdiploma-switzerland.ch\/wp-content\/uploads\/2025\/06\/graduation-4502797_1920-140x140.jpg 140w, https:\/\/dualdiploma-switzerland.ch\/wp-content\/uploads\/2025\/06\/graduation-4502797_1920-300x300.jpg 300w, https:\/\/dualdiploma-switzerland.ch\/wp-content\/uploads\/2025\/06\/graduation-4502797_1920-390x390.jpg 390w, https:\/\/dualdiploma-switzerland.ch\/wp-content\/uploads\/2025\/06\/graduation-4502797_1920-217x217.jpg 217w\" sizes=\"auto, (max-width: 767px) 100vw, 767px\" \/>    <\/figure>\n\n  <\/div>\n<\/section>","protected":false},"excerpt":{"rendered":"","protected":false},"author":1,"featured_media":0,"parent":0,"menu_order":0,"comment_status":"closed","ping_status":"closed","template":"","meta":{"_acf_changed":false,"footnotes":""},"class_list":["post-10","page","type-page","status-publish","hentry"],"acf":[],"_links":{"self":[{"href":"https:\/\/dualdiploma-switzerland.ch\/it\/wp-json\/wp\/v2\/pages\/10","targetHints":{"allow":["GET"]}}],"collection":[{"href":"https:\/\/dualdiploma-switzerland.ch\/it\/wp-json\/wp\/v2\/pages"}],"about":[{"href":"https:\/\/dualdiploma-switzerland.ch\/it\/wp-json\/wp\/v2\/types\/page"}],"author":[{"embeddable":true,"href":"https:\/\/dualdiploma-switzerland.ch\/it\/wp-json\/wp\/v2\/users\/1"}],"replies":[{"embeddable":true,"href":"https:\/\/dualdiploma-switzerland.ch\/it\/wp-json\/wp\/v2\/comments?post=10"}],"version-history":[{"count":64,"href":"https:\/\/dualdiploma-switzerland.ch\/it\/wp-json\/wp\/v2\/pages\/10\/revisions"}],"predecessor-version":[{"id":932,"href":"https:\/\/dualdiploma-switzerland.ch\/it\/wp-json\/wp\/v2\/pages\/10\/revisions\/932"}],"wp:attachment":[{"href":"https:\/\/dualdiploma-switzerland.ch\/it\/wp-json\/wp\/v2\/media?parent=10"}],"curies":[{"name":"wp","href":"https:\/\/api.w.org\/{rel}","templated":true}]}}