{"id":8,"date":"2025-06-10T10:01:34","date_gmt":"2025-06-10T10:01:34","guid":{"rendered":"https:\/\/dualdiploma-switzerland.ch\/?page_id=8"},"modified":"2025-09-19T02:43:58","modified_gmt":"2025-09-19T02:43:58","slug":"about-ais","status":"publish","type":"page","link":"https:\/\/dualdiploma-switzerland.ch\/fr\/about-ais\/","title":{"rendered":"\u00c0 propos de l'AIS"},"content":{"rendered":"<section class=\"section section-hero-big\">\n  <div class=\"container\">\n\n          <h2 class=\"tagline\">Leader de l'enseignement virtuel<\/h2>\n    \n\n          \n      <h1>Academica Corporation <span>une institution reconnue pour son prestige<\/span><\/h1>\n    \n          <p>\n        Depuis pr\u00e8s de 25 ans, le groupe Academica, bas\u00e9 \u00e0 Miami, en Floride, propose une \u00e9ducation tourn\u00e9e vers l'\u00e9panouissement et la r\u00e9ussite des \u00e9l\u00e8ves.\n      <\/p>\n    \n          <a href=\"https:\/\/dualdiploma-switzerland.ch\/fr\/faq-contact-us\/\" target=\"\" class=\"btn btn--yellow\"><span>En savoir plus<\/span><\/a>\n    \n          <figure>\n        <img decoding=\"async\" src=\"https:\/\/dualdiploma-switzerland.ch\/wp-content\/uploads\/2025\/06\/academica_stock_34-1280x555.jpg\" alt=\"\" \/>\n      <\/figure>\n    \n  <\/div>\n<\/section>\n\n\n<section class=\"section section-academica\">\n  <div class=\"container\">\n\n    <div class=\"section-academica__top\">\n\n              <h2 class=\"animated-el-fadeInUp\">\n          <strong>Academica Corporation <\/strong> con\u00e7oit l'apprentissage en ligne comme l'approche de l'\u00e9cole \u00e0 l''enseignement universitaire.        <\/h2>\n      \n      <div class=\"section-academica__top__text animated-el-fadeInUp\">\n        <p>En tant que <strong>leader de l'enseignement virtuel<\/strong> Academica est l'une des seules institutions aux \u00c9tats-Unis \u00e0 \u00eatre reconnue comme American Virtual Public School Provider <strong>(Fournisseur de Services d'Education Publique en Ligne)<\/strong>.<\/p>\n<p>Avec plus de <strong>165 000 \u00e9tudiants, 5 500 enseignants, 220 \u00e9coles<\/strong> dans plus de 10 \u00c9tats et <strong>19 \u00e9tablissements parmi les 100 premiers aux \u00c9tats-Unis,<\/strong>Academica est la premi\u00e8re et la plus grande institution am\u00e9ricaine de gestion des \u00e9coles \"charter\" (\u00e9coles publiques g\u00e9r\u00e9es \u00e0 100 % par le secteur priv\u00e9 et \u00e0 haut niveau de performance \u00e9ducative).<\/p>\n      <\/div>\n\n    <\/div>\n\n    <div class=\"section-academica__content\">\n      <div class=\"section-academica__content__col\">\n\n                  <figure class=\"animated-el-fadeInUp\">\n            <img loading=\"lazy\" decoding=\"async\" width=\"767\" height=\"511\" src=\"https:\/\/dualdiploma-switzerland.ch\/wp-content\/uploads\/2025\/06\/academica_stock_33-767x511.jpg\" class=\"attachment-width-rwd size-width-rwd\" alt=\"Academica International Studies\" srcset=\"https:\/\/dualdiploma-switzerland.ch\/wp-content\/uploads\/2025\/06\/academica_stock_33-767x510.jpg 767w, https:\/\/dualdiploma-switzerland.ch\/wp-content\/uploads\/2025\/06\/academica_stock_33-300x200.jpg 300w, https:\/\/dualdiploma-switzerland.ch\/wp-content\/uploads\/2025\/06\/academica_stock_33-1024x683.jpg 1024w, https:\/\/dualdiploma-switzerland.ch\/wp-content\/uploads\/2025\/06\/academica_stock_33-768x512.jpg 768w, https:\/\/dualdiploma-switzerland.ch\/wp-content\/uploads\/2025\/06\/academica_stock_33-1536x1024.jpg 1536w, https:\/\/dualdiploma-switzerland.ch\/wp-content\/uploads\/2025\/06\/academica_stock_33-2048x1365.jpg 2048w, https:\/\/dualdiploma-switzerland.ch\/wp-content\/uploads\/2025\/06\/academica_stock_33-60x40.jpg 60w, https:\/\/dualdiploma-switzerland.ch\/wp-content\/uploads\/2025\/06\/academica_stock_33-390x260.jpg 390w\" sizes=\"auto, (max-width: 767px) 100vw, 767px\" \/>          <\/figure>\n        \n        <p>Gr\u00e2ce \u00e0 son <strong>une approche innovante centr\u00e9e sur l'\u00e9tudiant<\/strong>\u00e0 sa cr\u00e9ativit\u00e9, \u00e0 l'exp\u00e9rimentation continue et au dialogue permanent entre les \u00e9ducateurs, les \u00e9l\u00e8ves et les parents, Academica offre un environnement \u00e9ducatif unique centr\u00e9 sur la r\u00e9ussite de ses \u00e9l\u00e8ves.<\/p>\n\n      <\/div>\n\n              <div class=\"section-academica__content__image animated-el-fadeInRight\" style=\"background-image:url('https:\/\/dualdiploma-switzerland.ch\/wp-content\/uploads\/2025\/06\/academica_stock_32.jpg');\">&nbsp;<\/div>\n      \n    <\/div>\n\n  <\/div>\n<\/section>\n\n\n<section class=\"section section-ais\">\n  <div class=\"container\">\n\n    <div class=\"section-ais__text animated-el-fadeInLeft\">\n\n      <figure>\n        <img decoding=\"async\" src=\"https:\/\/dualdiploma-switzerland.ch\/wp-content\/uploads\/2025\/06\/logo_footer.svg\" alt=\"Academica Dual Diploma Logo\" \/>\n      <\/figure>\n\n              <h3>\n          Academica\u00ae International Studies (AIS)        <\/h3>\n      \n              <p>\n          Avec la philosophie de soutenir les \u00e9tudiants dans leur d\u00e9veloppement et leur pr\u00e9paration \u00e0 l'int\u00e9rieur et \u00e0 l'ext\u00e9rieur des \u00c9tats-Unis, Academica a initi\u00e9 en 2001 un programme officiel pour la validation des dipl\u00f4mes de diff\u00e9rents pays, d'o\u00f9 la naissance de l'International Dual Diploma (double dipl\u00f4me international).        <\/p>\n      \n              <a href=\"https:\/\/dualdiploma-switzerland.ch\/fr\/dual-diploma-program\/\" target=\"\" class=\"btn btn--yellow\">\n          <span>En savoir plus<\/span>\n        <\/a>\n            \n    <\/div>\n\n          <div class=\"section-ais__image animated-el-fadeInRight\" style=\"background-image:url('https:\/\/dualdiploma-switzerland.ch\/wp-content\/uploads\/2025\/06\/academica_stock_31-scaled.jpg');\">&nbsp;<\/div>\n    \n  <\/div>\n<\/section>\n\n\n<section class=\"section section-global\">\n  <div class=\"container\">\n\n          <div class=\"section-global__highlights animated-el-fadeInUp\">\n        <p>Plus de <strong>50 000 \u00e9tudiants<\/strong> dans plus de <strong>32 pays<\/strong>dont l''Espagne, l'Italie, la France, l'Allemagne, le P\u00e9rou, le Mexique, l'Argentine, la Chine, la Cor\u00e9e du Sud, le Maroc, l'Inde, Isra\u00ebl, ...<\/p>\n      <\/div>\n    \n    <div class=\"section-global__content\">\n\n              <div class=\"section-global__content__highlight animated-el-fadeInLeft\">\n          <p>Academica\u00ae International Studies, la branche internationale du groupe Academica, dispense le programme Academica Dual Diploma\u2122. Son objectif : offrir aux \u00e9tudiants hors du sol am\u00e9ricain, un enseignement de qualit\u00e9 en immersion digitale.<\/p>\n        <\/div>\n      \n              <div class=\"section-global__content__text animated-el-fadeInRight\">\n          <p>AIS associe l'expertise p\u00e9dagogique \u00e0 l'innovation technologique, offrant un environnement d'apprentissage personnalis\u00e9 de haute qualit\u00e9. En mettant l'accent sur le d\u00e9veloppement des comp\u00e9tences techniques et sur un profil multiculturel, l'AIS forme des \u00e9tudiants ouverts sur le monde.<\/p>\n        <\/div>\n      \n    <\/div>\n\n          <div class=\"section-global__images\">\n\n                  <figure class=\"animated-el-fadeInLeft\">\n            <img loading=\"lazy\" decoding=\"async\" width=\"500\" height=\"315\" src=\"https:\/\/dualdiploma-switzerland.ch\/wp-content\/uploads\/2025\/06\/92f5c1cc62dc8e9135ce12c06f51befb909d840b-500x315.jpg\" class=\"attachment-block-global size-block-global\" alt=\"Academica International Studies\" \/>          <\/figure>\n        \n                  <figure class=\"animated-el-fadeInUp\">\n            <img loading=\"lazy\" decoding=\"async\" width=\"500\" height=\"315\" src=\"https:\/\/dualdiploma-switzerland.ch\/wp-content\/uploads\/2025\/06\/academica_stock_30-500x315.jpg\" class=\"attachment-block-global size-block-global\" alt=\"Academica International Studies\" \/>          <\/figure>\n        \n                  <figure class=\"animated-el-fadeInRight\">\n            <img loading=\"lazy\" decoding=\"async\" width=\"500\" height=\"315\" src=\"https:\/\/dualdiploma-switzerland.ch\/wp-content\/uploads\/2025\/06\/academica_stock_29-500x315.jpg\" class=\"attachment-block-global size-block-global\" alt=\"Academica International Studies\" \/>          <\/figure>\n                \n      <\/div>\n        \n\n  <\/div>\n<\/section>\n\n\n<section class=\"section section-guarantees\">\n  <div class=\"container\">\n\n          <h2 class=\"animated-el-fadeInUp\">\n        Garanties      <\/h2>\n    \n          <p>\n        Les services et les \u00e9tablissements d'enseignement d'Academica sont accr\u00e9dit\u00e9s selon les normes les plus strictes du pays.      <\/p>\n    \n    <div class=\"section-guarantees__list\">\n              <div class=\"guarantee animated-el-fadeInUp\">\n          <figure>\n            <img decoding=\"async\" src=\"https:\/\/dualdiploma-switzerland.ch\/wp-content\/uploads\/2025\/06\/Image-from-iOS-2.jpg\" alt=\"\" \/>\n          <\/figure>\n          <div class=\"guarantee__text\">\n            <h4>Prix \"E\" du Pr\u00e9sident<\/h4>\n            <p>\n              Le prix \"E\" du pr\u00e9sident est la plus haute reconnaissance accord\u00e9e par le pr\u00e9sident des \u00c9tats-Unis aux entreprises qui font preuve d'excellence dans l'exportation \u00e9conomique et culturelle.  Le prix souligne \u00e9galement l'impact global significatif du programme et son r\u00f4le dans la promotion de la langue, de l'\u00e9ducation et de la culture am\u00e9ricaines \u00e0 travers le monde.            <\/p>\n          <\/div>\n        <\/div>\n              <div class=\"guarantee animated-el-fadeInUp\">\n          <figure>\n            <img decoding=\"async\" src=\"https:\/\/dualdiploma-switzerland.ch\/wp-content\/uploads\/2025\/06\/Image-from-iOS.jpg\" alt=\"\" \/>\n          <\/figure>\n          <div class=\"guarantee__text\">\n            <h4>Cognia<\/h4>\n            <p>\n              Cognia est un organisme de r\u00e9f\u00e9rence pour l'excellence \u00e9ducative. Il accr\u00e9dite les \u00e9coles primaires et secondaires selon des crit\u00e8res d'excellence rigoureux.            <\/p>\n          <\/div>\n        <\/div>\n              <div class=\"guarantee animated-el-fadeInUp\">\n          <figure>\n            <img decoding=\"async\" src=\"https:\/\/dualdiploma-switzerland.ch\/wp-content\/uploads\/2025\/06\/Image-from-iOS-1.jpg\" alt=\"\" \/>\n          <\/figure>\n          <div class=\"guarantee__text\">\n            <h4>National Blue Ribbon Schools<\/h4>\n            <p>\n              Le programme \"National Blue Ribbon Schools\" du minist\u00e8re am\u00e9ricain de l'\u00e9ducation r\u00e9compense les \u00e9coles performantes qui luttent contre les in\u00e9galit\u00e9s sociales entre les \u00e9l\u00e8ves.            <\/p>\n          <\/div>\n        <\/div>\n          <\/div>\n\n  <\/div>\n<\/section>","protected":false},"excerpt":{"rendered":"","protected":false},"author":1,"featured_media":0,"parent":0,"menu_order":0,"comment_status":"closed","ping_status":"closed","template":"","meta":{"_acf_changed":false,"footnotes":""},"class_list":["post-8","page","type-page","status-publish","hentry"],"acf":[],"_links":{"self":[{"href":"https:\/\/dualdiploma-switzerland.ch\/fr\/wp-json\/wp\/v2\/pages\/8","targetHints":{"allow":["GET"]}}],"collection":[{"href":"https:\/\/dualdiploma-switzerland.ch\/fr\/wp-json\/wp\/v2\/pages"}],"about":[{"href":"https:\/\/dualdiploma-switzerland.ch\/fr\/wp-json\/wp\/v2\/types\/page"}],"author":[{"embeddable":true,"href":"https:\/\/dualdiploma-switzerland.ch\/fr\/wp-json\/wp\/v2\/users\/1"}],"replies":[{"embeddable":true,"href":"https:\/\/dualdiploma-switzerland.ch\/fr\/wp-json\/wp\/v2\/comments?post=8"}],"version-history":[{"count":33,"href":"https:\/\/dualdiploma-switzerland.ch\/fr\/wp-json\/wp\/v2\/pages\/8\/revisions"}],"predecessor-version":[{"id":907,"href":"https:\/\/dualdiploma-switzerland.ch\/fr\/wp-json\/wp\/v2\/pages\/8\/revisions\/907"}],"wp:attachment":[{"href":"https:\/\/dualdiploma-switzerland.ch\/fr\/wp-json\/wp\/v2\/media?parent=8"}],"curies":[{"name":"wp","href":"https:\/\/api.w.org\/{rel}","templated":true}]}}