{"id":2,"date":"2025-06-10T09:39:46","date_gmt":"2025-06-10T09:39:46","guid":{"rendered":"https:\/\/dualdiploma-switzerland.ch\/?page_id=2"},"modified":"2025-09-03T07:35:09","modified_gmt":"2025-09-03T07:35:09","slug":"sample-page","status":"publish","type":"page","link":"https:\/\/dualdiploma-switzerland.ch\/fr\/","title":{"rendered":"Accueil"},"content":{"rendered":"<section class=\"section section-home-hero\">\n\n  <div class=\"section-home-hero__content\">\n\n    <div class=\"section-home-hero__content__text\">\n      <div class=\"section-home-hero__content__text__wrapper\">\n\n        <h1>\n          Bienvenue \u00e0<br \/>Dual Diploma        <\/h1>\n                  <p>\n            Le programme cr\u00e9\u00e9 et d\u00e9velopp\u00e9 par Academica<br \/>\nqui vous permet d'obtenir simultan\u00e9ment :<br \/>\n<strong>L'American High School Diploma et la Maturit\u00e9 suisse \/Certificat ECG\u00a0<\/strong>\n          <\/p>\n                          <a href=\"https:\/\/dualdiploma-switzerland.ch\/fr\/apply-now\/\" class=\"btn btn--white btn--big\">\n            <span>Ouverture des candidatures pour 2026-2027 !<\/span>\n          <\/a>\n        \n      <\/div>\n    <\/div>\n\n    <div class=\"section-home-hero__content__image\" style=\"background-image: url(https:\/\/dualdiploma-switzerland.ch\/wp-content\/uploads\/2025\/06\/academica_stock_37-scaled-e1750090090867.jpg);\"><\/div>\n\n  <\/div>\n\n  <div class=\"section-home-hero__bottom\">\n    <div class=\"container\">\n            <div class=\"section-home-hero__bottom__box\">\n        <h4>\u00c0 propos de l'AIS<\/h4>\n        <a href=\"https:\/\/dualdiploma-switzerland.ch\/fr\/about-ais\/\" target=\"\" class=\"btn btn--outline-black\">\n          <span>En savoir plus<\/span>\n        <\/a>\n      <\/div>\n                  <div class=\"section-home-hero__bottom__box\">\n        <h4>Dual Diploma Program<\/h4>\n        <a href=\"https:\/\/dualdiploma-switzerland.ch\/fr\/apply-now\/\" target=\"\" class=\"btn btn--outline-white\">\n          <span>Inscrivez-vous<\/span>\n        <\/a>\n      <\/div>\n          <\/div>\n  <\/div>\n\n<\/section>\n\n\n<section class=\"section section-benefits\">\n  <div class=\"container\">\n\n          <div class=\"section-benefits__header animated-el-fadeInUp\">\n        <h2>\n          <strong>Le Dual Diploma program<\/strong> permet aux \u00e9l\u00e8ves de l'enseignement secondaire de :        <\/h2>\n      <\/div>\n    \n    <div class=\"section-benefits__content animated-el-fadeInUp\">\n      \n            <div class=\"section-benefits__content__list\">\n        <ol>\n                      <li class=\"animated-el-fadeInLeft\">\n              <h4>Obtenir le dipl\u00f4me am\u00e9ricain de fin d'\u00e9tudes secondaires<\/h4>\n              <p>Les \u00e9tudiants obtiennent le <strong>m\u00eame dipl\u00f4me<\/strong> que les \u00e9tudiants am\u00e9ricains, reconnu dans tous les \u00c9tats et toutes les universit\u00e9s du monde.\u00a0<\/p>\n            <\/li>\n                      <li class=\"animated-el-fadeInLeft\">\n              <h4>Devenir bilingue et \u00e9tudier la m\u00e9thode am\u00e9ricaine depuis chez soi<\/h4>\n              <p>Les \u00e9tudiants obtiennent <strong>l'immersion linguistique<\/strong> accompagn\u00e9s par des enseignants am\u00e9ricains certifi\u00e9s. Les \u00e9tudiants qui suivent le double dipl\u00f4me ont la m\u00eame exp\u00e9rience qu'un \u00e9tudiant am\u00e9ricain qui \u00e9tudie dans une \u00e9cole secondaire am\u00e9ricaine.<\/p>\n            <\/li>\n                      <li class=\"animated-el-fadeInLeft\">\n              <h4>D\u00e9velopper les soft skills<\/h4>\n              <p>Les \u00e9tudiants acqui\u00e8rent <strong>autonomie, maturit\u00e9<\/strong> et la capacit\u00e9 d'adaptation. Ils apprennent \u00e0 travailler en ligne, \u00e0 \u00eatre cr\u00e9atifs et \u00e0 <strong>faire preuve d'esprit critique<\/strong>. Cette exp\u00e9rience les pr\u00e9pare \u00e0 leur future vie universitaire et professionnelle.<\/p>\n            <\/li>\n                      <li class=\"animated-el-fadeInLeft\">\n              <h4>Cr\u00e9er un r\u00e9seau multiculturel<\/h4>\n              <p>Gr\u00e2ce \u00e0 des activit\u00e9s avec d'autres \u00e9tudiants du monde entier, les \u00e9tudiants d\u00e9couvrent un <strong>environnement multiculturel.<\/strong><\/p>\n            <\/li>\n                      <li class=\"animated-el-fadeInLeft\">\n              <h4>Ouvrir des perspectives d'avenir<\/h4>\n              <p>Le double dipl\u00f4me permet aux \u00e9tudiants de <strong>se diff\u00e9rencier<\/strong> et valoriser leur CV par rapport face \u00e0 d'autres candidats aux universit\u00e9s am\u00e9ricaines.<\/p>\n            <\/li>\n                  <\/ol>\n      <\/div>\n      \n              <div class=\"section-benefits__content__image animated-el-fadeInRight\" style=\"background-image:url('https:\/\/dualdiploma-switzerland.ch\/wp-content\/uploads\/2025\/06\/benefits.jpg');\">&nbsp;<\/div>\n      \n    <\/div>\n\n  <\/div>\n<\/section>\n\n\n\n<section class=\"section section-counters\">\n  <div class=\"container\">\n\n          <div class=\"section-counters__header animated-el-fadeInUp\">\n        <h2>\n          <strong>Academica Corporation<\/strong> une institution reconnue pour son prestige        <\/h2>\n        <a href=\"https:\/\/dualdiploma-switzerland.ch\/fr\/about-ais\/\" class=\"btn btn--yellow\"><span>En savoir plus<\/span><\/a>\n      <\/div>\n    \n    <div class=\"section-counters__content animated-el-fadeInUp\">\n\n              <p>Depuis pr\u00e8s de 25 ans, le groupe Academica, bas\u00e9 \u00e0 Miami, en Floride, propose une \u00e9ducation tourn\u00e9e vers l'\u00e9panouissement et la r\u00e9ussite des \u00e9l\u00e8ves.<br \/>En tant que leader de l'enseignement virtuel, Academica est l'une des seules institutions aux \u00c9tats-Unis \u00e0 \u00eatre reconnue comme American Virtual Public School Provider (Fournisseur d'Education Publique en Ligne).\u00a0<\/p>\n      \n              <div class=\"section-counters__content__list\">\n          <ul>\n                          <li class=\"animated-el-fadeInUp\">\n                <h4>165 000<\/h4>\n                <p>\u00e9tudiants<\/p>\n              <\/li>\n                          <li class=\"animated-el-fadeInUp\">\n                <h4>5 500<\/h4>\n                <p>enseignants<\/p>\n              <\/li>\n                          <li class=\"animated-el-fadeInUp\">\n                <h4>220<\/h4>\n                <p>des \u00e9coles dans plus de 10 \u00c9tats<\/p>\n              <\/li>\n                          <li class=\"animated-el-fadeInUp\">\n                <h4>19<\/h4>\n                <p>\u00e9tablissements parmi les 100 premiers aux \u00c9tats-Unis.<\/p>\n              <\/li>\n                      <\/ul>\n        <\/div>\n      \n    <\/div>\n\n  <\/div>\n<\/section>\n\n\n<section class=\"section section-prestige\">\n  <div class=\"container\">\n\n    <div class=\"section-prestige__content\">\n\n              <h2 class=\"animated-el-fadeInUp\"><strong>Academica\u00ae International Studies AIS<\/strong> une institution reconnue pour son prestige<\/h2>\n            \n      <div class=\"section-prestige__content__text animated-el-fadeInUp\">\n        <p>Avec la philosophie de soutenir les \u00e9tudiants dans leur d\u00e9veloppement et leur pr\u00e9paration \u00e0 l'int\u00e9rieur et \u00e0 l'ext\u00e9rieur des \u00c9tats-Unis, Academica a initi\u00e9 en 2001 un programme officiel pour la validation des dipl\u00f4mes de diff\u00e9rents pays, d'o\u00f9 la naissance de l'International Dual Diploma (double dipl\u00f4me international).<\/p>\n        <a href=\"https:\/\/dualdiploma-switzerland.ch\/fr\/about-ais\/\" class=\"btn btn--yellow\"><span>En savoir plus<\/span><\/a>\n      <\/div>\n\n    <\/div>\n\n    <div class=\"section-prestige__image animated-el-fadeInUp\" style=\"background-image:url('https:\/\/dualdiploma-switzerland.ch\/wp-content\/uploads\/2025\/06\/academica_stock_35-scaled.jpg');\">&nbsp;<\/div>\n\n    <div class=\"section-prestige__highlights animated-el-fadeInUp\">\n      <p>Plus de <strong>50 000 \u00e9tudiants<\/strong> dans plus de <strong>32 pays<\/strong>dont l''Espagne, l'Italie, la France, l'Allemagne, le P\u00e9rou, le Mexique, l'Argentine, la Chine, la Cor\u00e9e du Sud, le Maroc, l'Inde, Isra\u00ebl, ...<\/p>\n    <\/div>\n\n  <\/div>\n<\/section>\n\n\n<section class=\"section section-guarantees\">\n  <div class=\"container\">\n\n          <h2 class=\"animated-el-fadeInUp\">\n        Garanties       <\/h2>\n    \n          <p>\n        Les services et les \u00e9tablissements d'enseignement d'Academica sont accr\u00e9dit\u00e9s selon les normes les plus \u00e9lev\u00e9es du pays.      <\/p>\n    \n    <div class=\"section-guarantees__logos\">\n      <div class=\"swiper swiper-guarantees animated-el-fadeInUp\">\n        <div class=\"swiper-wrapper\">\n                      <div class=\"swiper-slide\">\n              <figure>\n                <img decoding=\"async\" src=\"https:\/\/dualdiploma-switzerland.ch\/wp-content\/uploads\/2025\/06\/Image-from-iOS-2.jpg\" alt=\"\" \/>\n              <\/figure>\n            <\/div>\n                      <div class=\"swiper-slide\">\n              <figure>\n                <img decoding=\"async\" src=\"https:\/\/dualdiploma-switzerland.ch\/wp-content\/uploads\/2025\/06\/Image-from-iOS-1.jpg\" alt=\"\" \/>\n              <\/figure>\n            <\/div>\n                      <div class=\"swiper-slide\">\n              <figure>\n                <img decoding=\"async\" src=\"https:\/\/dualdiploma-switzerland.ch\/wp-content\/uploads\/2025\/06\/Image-from-iOS.jpg\" alt=\"\" \/>\n              <\/figure>\n            <\/div>\n                  <\/div>\n      <\/div>\n    <\/div>\n\n  <\/div>\n<\/section>","protected":false},"excerpt":{"rendered":"","protected":false},"author":1,"featured_media":0,"parent":0,"menu_order":0,"comment_status":"closed","ping_status":"open","template":"","meta":{"_acf_changed":false,"footnotes":""},"class_list":["post-2","page","type-page","status-publish","hentry"],"acf":[],"_links":{"self":[{"href":"https:\/\/dualdiploma-switzerland.ch\/fr\/wp-json\/wp\/v2\/pages\/2","targetHints":{"allow":["GET"]}}],"collection":[{"href":"https:\/\/dualdiploma-switzerland.ch\/fr\/wp-json\/wp\/v2\/pages"}],"about":[{"href":"https:\/\/dualdiploma-switzerland.ch\/fr\/wp-json\/wp\/v2\/types\/page"}],"author":[{"embeddable":true,"href":"https:\/\/dualdiploma-switzerland.ch\/fr\/wp-json\/wp\/v2\/users\/1"}],"replies":[{"embeddable":true,"href":"https:\/\/dualdiploma-switzerland.ch\/fr\/wp-json\/wp\/v2\/comments?post=2"}],"version-history":[{"count":40,"href":"https:\/\/dualdiploma-switzerland.ch\/fr\/wp-json\/wp\/v2\/pages\/2\/revisions"}],"predecessor-version":[{"id":892,"href":"https:\/\/dualdiploma-switzerland.ch\/fr\/wp-json\/wp\/v2\/pages\/2\/revisions\/892"}],"wp:attachment":[{"href":"https:\/\/dualdiploma-switzerland.ch\/fr\/wp-json\/wp\/v2\/media?parent=2"}],"curies":[{"name":"wp","href":"https:\/\/api.w.org\/{rel}","templated":true}]}}