{"id":14,"date":"2025-06-10T10:23:29","date_gmt":"2025-06-10T10:23:29","guid":{"rendered":"https:\/\/dualdiploma-switzerland.ch\/?page_id=14"},"modified":"2025-07-01T07:23:50","modified_gmt":"2025-07-01T07:23:50","slug":"faq-contact-us","status":"publish","type":"page","link":"https:\/\/dualdiploma-switzerland.ch\/fr\/faq-contact-us\/","title":{"rendered":"FAQ et contact"},"content":{"rendered":"<section class=\"section section-standard-hero\">\n  <div class=\"container\">\n\n          <div class=\"section-standard-hero__text\">\n\n        <h1>Pr\u00e9parer les \u00e9tudiants \u00e0 de nouveaux d\u00e9fis<\/h1>\n\n                  <a href=\"https:\/\/dualdiploma-switzerland.ch\/fr\/apply-now\/\" target=\"\" class=\"btn btn--yellow\"><span>Inscrivez-vous<\/span><\/a>\n        \n      <\/div>\n    \n          <div class=\"section-standard-hero__image\">\n        <img decoding=\"async\" src=\"https:\/\/dualdiploma-switzerland.ch\/wp-content\/uploads\/2025\/06\/academica_stock_04-767x840.jpg\" alt=\"\" \/>\n      <\/div>\n    \n  <\/div>\n<\/section>\n\n\n\n<section class=\"section section-faq\">\n  <div class=\"container\">\n\n          <h2>\n        FAQ      <\/h2>\n    \n          <div class=\"section-faq__questions\">\n\n      \n        \n        <div class=\"question animated-el-fadeInUp\" role=\"group\" aria-label=\"\u00c0 quel niveau scolaire un \u00e9l\u00e8ve peut-il commencer le Dual Diploma ?\">\n          <div class=\"question__title\">\n            <h4>\u00c0 quel niveau scolaire un \u00e9l\u00e8ve peut-il commencer le Dual Diploma ?<\/h4>\n            <div class=\"icon-faq-plus\"><\/div>\n            <div class=\"icon-faq-minus\"><\/div>\n          <\/div>\n          <div class=\"question__description\">\n            <div class=\"question__description__text\">\n              <p><p>Les \u00e9l\u00e8ves peuvent commencer d\u00e8s la 10VP\/VG (canton de Vaud), ce qui correspond \u00e0 la cinqui\u00e8me ann\u00e9e avant la fin de la Maturit\u00e9\/ECG.<br \/>\nUn \u00e9tudiant qui commence le programme en 10VP\/VG (canton de Vaud) doit le terminer en 4 ans.<\/p>\n<p>Un \u00e9tudiant qui commence le programme en 2M\/2ECG (canton de Vaud), doit terminer le programme en 2 ans, car la charge de travail sera beaucoup plus importante que pour un \u00e9tudiant qui fait le programme en 3 ou 4 ans. Cette formule est r\u00e9serv\u00e9e aux \u00e9tudiants qui sont d\u00e9j\u00e0 bilingues ou qui ont un niveau d'anglais tr\u00e8s avanc\u00e9 et une forte capacit\u00e9 de travail.<\/p>\n<p>L'\u00e9tudiant doit \u00eatre \u00e0 l'aise pour \u00e9tudier en Suisse afin de pouvoir travailler correctement sur les 2 cursus. Les atouts majeurs d'un \u00e9tudiant qui souhaite faire le Dual Diploma sont la rigueur, l'autonomie et l'organisation.<\/p>\n<table class=\"el-table animated-el-fadeInUp\" style=\"translate: none; rotate: none; scale: none; opacity: 1; visibility: inherit; transform: translate(0px, 0px);\">\n<thead>\n<tr>\n<th class=\"white\">D\u00e9but* Dual Diploma<\/th>\n<th class=\"white\">Ann\u00e9e 1<\/th>\n<th class=\"white\">Ann\u00e9e 2<\/th>\n<th class=\"white\">Ann\u00e9e 3<\/th>\n<th class=\"white\">Ann\u00e9e 4<\/th>\n<th>Dur\u00e9e<br \/>Dual Diploma<\/th>\n<\/tr>\n<\/thead>\n<tbody>\n<tr>\n<td>10e VP\/VG<\/td>\n<td><span class=\"checkmark\"><\/span><\/td>\n<td><span class=\"checkmark\"><\/span><\/td>\n<td><span class=\"checkmark\"><\/span><\/td>\n<td><span class=\"checkmark\"><\/span><\/td>\n<th rowspan=\"2\" class=\"highlighted\">4 ans<\/th>\n<\/tr>\n<tr>\n<td class=\"highlighted\" style=\"color: #181818;\">11e VP\/VG<\/td>\n<td class=\"highlighted\"><span class=\"checkmark\"><\/span><\/td>\n<td class=\"highlighted\"><span class=\"checkmark\"><\/span><\/td>\n<td class=\"highlighted\"><span class=\"checkmark\"><\/span><\/td>\n<td class=\"highlighted\"><span class=\"checkmark\"><\/span><\/td>\n<\/tr>\n<tr>\n<td class=\"highlighted\" style=\"color: #181818;\">11e VP\/VG<\/td>\n<td class=\"highlighted\"><span class=\"checkmark\"><\/span><\/td>\n<td class=\"highlighted\"><span class=\"checkmark\"><\/span><\/td>\n<td class=\"highlighted\"><span class=\"checkmark\"><\/span><\/td>\n<td class=\"highlighted\"><\/td>\n<th rowspan=\"2\" class=\"highlighted\">3 ans<\/th>\n<\/tr>\n<tr>\n<td>1M\/1ECG<\/td>\n<td><span class=\"checkmark\"><\/span><\/td>\n<td><span class=\"checkmark\"><\/span><\/td>\n<td><span class=\"checkmark\"><\/span><\/td>\n<td><\/td>\n<\/tr>\n<tr>\n<td>1M\/1ECG<\/td>\n<td><span class=\"checkmark\"><\/span><\/td>\n<td><span class=\"checkmark\"><\/span><\/td>\n<td><\/td>\n<td><\/td>\n<th rowspan=\"2\" class=\"highlighted\">2 ans<\/th>\n<\/tr>\n<tr>\n<td class=\"highlighted\" style=\"color: #181818;\">2M\/2ECG<\/td>\n<td class=\"highlighted\"><span class=\"checkmark\"><\/span><\/td>\n<td class=\"highlighted\"><span class=\"checkmark\"><\/span><\/td>\n<td class=\"highlighted\"><\/td>\n<td class=\"highlighted\"><\/td>\n<\/tr>\n<\/tbody>\n<\/table>\n<p class=\"animated-el-fadeInUp\">* Exemple du canton de Vaud<\/p>\n<p>&nbsp;<\/p>\n<\/p>\n            <\/div>\n          <\/div>\n        <\/div>\n      \n        \n        <div class=\"question animated-el-fadeInUp\" role=\"group\" aria-label=\"Quelles sont les conditions d&#039;admission au programme ?\">\n          <div class=\"question__title\">\n            <h4>Quelles sont les conditions d'admission au programme ?<\/h4>\n            <div class=\"icon-faq-plus\"><\/div>\n            <div class=\"icon-faq-minus\"><\/div>\n          <\/div>\n          <div class=\"question__description\">\n            <div class=\"question__description__text\">\n              <p><p>Pour \u00eatre admis au programme Dual Diploma en Suisse, les \u00e9tudiants :<br \/>\n- doivent \u00eatre des \u00e9l\u00e8ves r\u00e9guliers d'une \u00e9cole suisse dans laquelle ils re\u00e7oivent un enseignement secondaire.<br \/>\n- doivent avoir un niveau d'anglais suffisant (entre A2 et B1) pour commencer le programme. Un test de niveau sera effectu\u00e9.<\/p>\n<\/p>\n            <\/div>\n          <\/div>\n        <\/div>\n      \n        \n        <div class=\"question animated-el-fadeInUp\" role=\"group\" aria-label=\"Combien de mati\u00e8res doivent \u00eatre \u00e9tudi\u00e9es ?\">\n          <div class=\"question__title\">\n            <h4>Combien de mati\u00e8res doivent \u00eatre \u00e9tudi\u00e9es ?<\/h4>\n            <div class=\"icon-faq-plus\"><\/div>\n            <div class=\"icon-faq-minus\"><\/div>\n          <\/div>\n          <div class=\"question__description\">\n            <div class=\"question__description__text\">\n              <p><p>Les \u00e9tudiants du programme doivent obtenir 6 des 24 cr\u00e9dits de l'\u00e9cole secondaire am\u00e9ricaine :<\/p>\n<ul>\n<li>4 cr\u00e9dits pour les mati\u00e8res obligatoires : 2 cr\u00e9dits de deux niveaux d'anglais, 1 cr\u00e9dit d'histoire des \u00c9tats-Unis et 1 cr\u00e9dit de gouvernement\/\u00e9conomie des \u00c9tats-Unis.<\/li>\n<li>2 cr\u00e9dits pour les mati\u00e8res \u00e9lectives : au choix de l'\u00e9tudiant en fonction de ses go\u00fbts et de ses int\u00e9r\u00eats.<\/li>\n<\/ul>\n<p>Les 18 cr\u00e9dits restants sont valid\u00e9s par le bulletin scolaire de l'\u00e9cole secondaire suisse.<\/p>\n<\/p>\n            <\/div>\n          <\/div>\n        <\/div>\n      \n        \n        <div class=\"question animated-el-fadeInUp\" role=\"group\" aria-label=\"De quel mat\u00e9riel l&#039;\u00e9l\u00e8ve a-t-il besoin et comment les cours sont-ils dispens\u00e9s ?\">\n          <div class=\"question__title\">\n            <h4>De quel mat\u00e9riel l'\u00e9l\u00e8ve a-t-il besoin et comment les cours sont-ils dispens\u00e9s ?<\/h4>\n            <div class=\"icon-faq-plus\"><\/div>\n            <div class=\"icon-faq-minus\"><\/div>\n          <\/div>\n          <div class=\"question__description\">\n            <div class=\"question__description__text\">\n              <p><p>Les \u00e9tudiants ont besoin d'un ordinateur \u00e9quip\u00e9 d'une webcam, d'un casque avec microphone et d'une bonne connexion Internet. Les activit\u00e9s sont dispens\u00e9es via une plateforme d'apprentissage en ligne innovante et interactive, Colegia, sur laquelle les \u00e9tudiants peuvent travailler de mani\u00e8re flexible et autonome, toujours guid\u00e9s par l'enseignant d\u00e9sign\u00e9. Academica fournit l'acc\u00e8s \u00e0 toutes les plateformes et ressources n\u00e9cessaires (Zoom, Teams et logiciels Office Suite), ainsi qu'\u00e0 tous les documents p\u00e9dagogiques dont les \u00e9tudiants ont besoin pour consulter leurs cours, travailler et compl\u00e9ter leurs devoirs.<\/p>\n<\/p>\n            <\/div>\n          <\/div>\n        <\/div>\n      \n        \n        <div class=\"question animated-el-fadeInUp\" role=\"group\" aria-label=\"Combien de temps un \u00e9tudiant doit-il consacrer au programme ?\">\n          <div class=\"question__title\">\n            <h4>Combien de temps un \u00e9tudiant doit-il consacrer au programme ?<\/h4>\n            <div class=\"icon-faq-plus\"><\/div>\n            <div class=\"icon-faq-minus\"><\/div>\n          <\/div>\n          <div class=\"question__description\">\n            <div class=\"question__description__text\">\n              <p><p>Le programme n\u00e9cessite un engagement hebdomadaire de 3 \u00e0 5 heures, en fonction du niveau  initial d'anglais de l'\u00e9tudiant et de l'ann\u00e9e scolaire. Cette dur\u00e9e comprend \u00e0 la fois les cours et le travail personnel, et peut \u00eatre plus ou moins \u00e9lev\u00e9 en fonction du nombre de cr\u00e9dits que l'\u00e9l\u00e8ve devra valider dans l'ann\u00e9e. L'\u00e9tudiant organise toujours son plan de travail avec le soutien constant des enseignants am\u00e9ricains.<\/p>\n<\/p>\n            <\/div>\n          <\/div>\n        <\/div>\n      \n        \n        <div class=\"question animated-el-fadeInUp\" role=\"group\" aria-label=\"Que signifie une moyenne g\u00e9n\u00e9rale GPA de 2,0 sur une \u00e9chelle de 4,0 ?\">\n          <div class=\"question__title\">\n            <h4>Que signifie une moyenne g\u00e9n\u00e9rale GPA de 2,0 sur une \u00e9chelle de 4,0 ?<\/h4>\n            <div class=\"icon-faq-plus\"><\/div>\n            <div class=\"icon-faq-minus\"><\/div>\n          <\/div>\n          <div class=\"question__description\">\n            <div class=\"question__description__text\">\n              <p><p>Les \u00e9tudiants doivent avoir obtenu les 24 cr\u00e9dits requis pour l'obtention du dipl\u00f4me et avoir une moyenne g\u00e9n\u00e9rale d'au moins 2,0 et une moyenne minimale de 70% dans toutes les mati\u00e8res. La moyenne g\u00e9n\u00e9rale est calcul\u00e9e en additionnant les notes num\u00e9riques finales obtenues dans toutes les mati\u00e8res suivies \u00e0 ce jour et en les divisant par le nombre de mati\u00e8res suivies pour obtenir la moyenne g\u00e9n\u00e9rale.<\/p>\n<p>Nous nous basons sur la grille de notation \u00e9tablie par  Academica\u00ae International Studies pour l'\u00e9quivalence avec les notes suisses :<\/p>\n<table class=\"el-table animated-el-fadeInUp\">\n<thead>\n<tr>\n<th>\u00c9TATS-UNIS<\/th>\n<th>GPA<\/th>\n<th>SUISSE<\/th>\n<\/tr>\n<\/thead>\n<tbody>\n<tr>\n<td>A<\/td>\n<td>4.0 (90 &#8211; 100%)<\/td>\n<td>5.50 &#8211; 6.00<\/td>\n<\/tr>\n<tr>\n<td>B<\/td>\n<td>3.0 (80 &#8211; 89%)<\/td>\n<td>4.50 &#8211; 5.49<\/td>\n<\/tr>\n<tr>\n<td class=\"highlighted\">C<\/td>\n<td class=\"highlighted\">2.0 (70 &#8211; 79%)<\/td>\n<td class=\"highlighted\">4.00 &#8211; 4.49<\/td>\n<\/tr>\n<tr>\n<td>D<\/td>\n<td>1.0 (60 &#8211; 69%)<\/td>\n<td>3.50 &#8211; 3.99<\/td>\n<\/tr>\n<tr>\n<td>F<\/td>\n<td>0.0 (moins de 59%)<\/td>\n<td>moins de 3.49<\/td>\n<\/tr>\n<\/tbody>\n<\/table>\n<\/p>\n            <\/div>\n          <\/div>\n        <\/div>\n      \n        \n        <div class=\"question animated-el-fadeInUp\" role=\"group\" aria-label=\"En cas d\u2019\u00e9chec au test d\u2019admission, est-il possible de se repr\u00e9senter l\u2019ann\u00e9e suivante ?\">\n          <div class=\"question__title\">\n            <h4>En cas d\u2019\u00e9chec au test d\u2019admission, est-il possible de se repr\u00e9senter l\u2019ann\u00e9e suivante ?<\/h4>\n            <div class=\"icon-faq-plus\"><\/div>\n            <div class=\"icon-faq-minus\"><\/div>\n          <\/div>\n          <div class=\"question__description\">\n            <div class=\"question__description__text\">\n              <p><p>C'est possible, mais si un \u00e9tudiant a \u00e9chou\u00e9 au test l'ann\u00e9e de son entr\u00e9e en 1M\/1ECG (canton de Vaud) et qu'il souhaite se repr\u00e9senter pour entrer en 2M\/2ECG (canton de Vaud), il devra s'assurer d'avoir une capacit\u00e9 de travail suffisante pour suivre le programme de 2 ans, qui sera beaucoup plus dense, avec 3 cr\u00e9dits \u00e0 valider chaque ann\u00e9e.<\/p>\n<\/p>\n            <\/div>\n          <\/div>\n        <\/div>\n      \n        \n        <div class=\"question animated-el-fadeInUp\" role=\"group\" aria-label=\"En quoi consiste le test d\u2019admission et comment s\u2019y pr\u00e9parer ?\">\n          <div class=\"question__title\">\n            <h4>En quoi consiste le test d\u2019admission et comment s\u2019y pr\u00e9parer ?<\/h4>\n            <div class=\"icon-faq-plus\"><\/div>\n            <div class=\"icon-faq-minus\"><\/div>\n          <\/div>\n          <div class=\"question__description\">\n            <div class=\"question__description__text\">\n              <p><p>Le test d'admission est un QCM de 75 minutes comprenant 60 questions de grammaire, de vocabulaire et de compr\u00e9hension. Les \u00e9tudiants doivent \u00eatre capables de comprendre des expressions simples de la vie quotidienne, de se pr\u00e9senter et de communiquer avec quelqu'un sur des sujets familiers en termes simples, et de d\u00e9crire leur environnement imm\u00e9diat.<\/p>\n<p>La meilleure pr\u00e9paration au test consiste \u00e0 bien \u00e9tudier l'anglais, \u00e0 lire en anglais, etc. L'objectif du test est de placer les \u00e9tudiants \u00e0 leur juste niveau.<\/p>\n<\/p>\n            <\/div>\n          <\/div>\n        <\/div>\n      \n        \n        <div class=\"question animated-el-fadeInUp\" role=\"group\" aria-label=\"Quel est le niveau moyen d&#039;anglais en 1\u00e8re ann\u00e9e du programme Academica Dual Diploma\u2122 ?\">\n          <div class=\"question__title\">\n            <h4>Quel est le niveau moyen d'anglais en 1\u00e8re ann\u00e9e du programme Academica Dual Diploma\u2122 ?<\/h4>\n            <div class=\"icon-faq-plus\"><\/div>\n            <div class=\"icon-faq-minus\"><\/div>\n          <\/div>\n          <div class=\"question__description\">\n            <div class=\"question__description__text\">\n              <p><p>Le niveau en 1\u00e8re ann\u00e9e d\u00e9pend de chaque \u00e9l\u00e8ve. A l'issue de leur test d'admission, ils int\u00e8grent le groupe d'anglais I, II ou III. Cela leur permet de suivre des cours adapt\u00e9s \u00e0 leur niveau et d'acc\u00e9der au niveau sup\u00e9rieur au cours de la 2\u00e8me ann\u00e9e.<\/p>\n<p>L'anglais I correspond environ \u00e0 un niveau A2\/B1.<br \/>\nL'anglais II correspond environ \u00e0 un niveau B1\/B2.<br \/>\nL'anglais III correspond environ au niveau B2\/C1.<br \/>\nL'anglais IV correspond environ au niveau C1\/C2.<\/p>\n<p>Quel que soit leur niveau d'anglais \u00e0 l'entr\u00e9e dans le programme, tous les \u00e9tudiants feront des progr\u00e8s significatifs.<\/p>\n<p>Au moment de la graduation, tous auront atteint au moins le niveau et la fluidit\u00e9 d\u2019un \u00e9l\u00e8ve am\u00e9ricain de High School Diploma.<\/p>\n<\/p>\n            <\/div>\n          <\/div>\n        <\/div>\n      \n        \n        <div class=\"question animated-el-fadeInUp\" role=\"group\" aria-label=\"Mon enfant souhaite \u00e9tudier aux Etats-Unis apr\u00e8s avoir obtenu sa Maturit\u00e9. Pouvez-vous le conseiller sur son projet ?\">\n          <div class=\"question__title\">\n            <h4>Mon enfant souhaite \u00e9tudier aux Etats-Unis apr\u00e8s avoir obtenu sa Maturit\u00e9. Pouvez-vous le conseiller sur son projet ?<\/h4>\n            <div class=\"icon-faq-plus\"><\/div>\n            <div class=\"icon-faq-minus\"><\/div>\n          <\/div>\n          <div class=\"question__description\">\n            <div class=\"question__description__text\">\n              <p><p>Tous nos \u00e9l\u00e8ves sont invit\u00e9s \u00e0 assister \u00e0 deux s\u00e9ances de College Counseling pendant leur programme de Dual Diploma, qui les guidera dans leur r\u00e9flexion de projet universitaire personnel. La premi\u00e8re, obligatoire, a lieu en deuxi\u00e8me ann\u00e9e et la seconde, volontaire, en troisi\u00e8me ann\u00e9e.<\/p>\n<p>Si vous souhaitez \u00e9tudier dans une universit\u00e9 am\u00e9ricaine, il est pr\u00e9f\u00e9rable d'\u00e9laborer vos plans le plus t\u00f4t possible. De nombreuses universit\u00e9s cl\u00f4turent les inscriptions d\u00e8s la mi-d\u00e9cembre. Academica fournit un soutien, des conseils et un accompagnement pour les candidatures aux universit\u00e9s am\u00e9ricaines en g\u00e9n\u00e9ral.<br \/>\nPlusieurs documents sont disponibles sur la plateforme de cours Colegia : des informations sur les admissions,<br \/>\nles tests TOEFL et ACT\/SAT.<\/p>\n<\/p>\n            <\/div>\n          <\/div>\n        <\/div>\n              \n      <\/div>\n    \n  <\/div>\n<\/section>\n\n\n<section class=\"section section-contact-form\">\n  <div class=\"container\">\n\n    <div class=\"section-contact-form__text\">\n\n              <h2>\n          Contactez-nous        <\/h2>\n      \n              <p>\n          Pour toute question sur le Dual Diploma et pour des conseils personnalis\u00e9s, veuillez nous contacter par courriel <a href=\"mailto:info@dualdiploma-switzerland.ch\">info@dualdiploma-switzerland.ch<\/a> ou compl\u00e9ter le formulaire ci-dessous :        <\/p>\n      \n    <\/div>\n\n    <div class=\"section-contact-form__form\">\n      \n<div class=\"wpcf7 no-js\" id=\"wpcf7-f6-o1\" lang=\"en-US\" dir=\"ltr\" data-wpcf7-id=\"6\">\n<div class=\"screen-reader-response\"><p role=\"status\" aria-live=\"polite\" aria-atomic=\"true\"><\/p> <ul><\/ul><\/div>\n<form action=\"\/fr\/wp-json\/wp\/v2\/pages\/14#wpcf7-f6-o1\" method=\"post\" class=\"wpcf7-form init cf7mls-no-scroll cf7mls-auto-return-first-step cf7mls-no-moving-animation\" aria-label=\"Formulaire de contact\" novalidate=\"novalidate\" data-status=\"init\" data-trp-original-action=\"\/fr\/wp-json\/wp\/v2\/pages\/14#wpcf7-f6-o1\">\n<fieldset class=\"hidden-fields-container\"><input type=\"hidden\" name=\"_wpcf7\" value=\"6\" \/><input type=\"hidden\" name=\"_wpcf7_version\" value=\"6.1.1\" \/><input type=\"hidden\" name=\"_wpcf7_locale\" value=\"en_US\" \/><input type=\"hidden\" name=\"_wpcf7_unit_tag\" value=\"wpcf7-f6-o1\" \/><input type=\"hidden\" name=\"_wpcf7_container_post\" value=\"0\" \/><input type=\"hidden\" name=\"_wpcf7_posted_data_hash\" value=\"\" \/>\n<\/fieldset>\n<div class=\"form-row\"><label>Pr\u00e9nom<\/label><span class=\"wpcf7-form-control-wrap\" data-name=\"cf-first-name\"><input size=\"40\" maxlength=\"400\" class=\"wpcf7-form-control wpcf7-text wpcf7-validates-as-required\" aria-required=\"true\" aria-invalid=\"false\" placeholder=\"Pr\u00e9nom\" value=\"\" type=\"text\" name=\"cf-first-name\" \/><\/span><\/div>\n<div class=\"form-row\"><label>Nom de famille<\/label><span class=\"wpcf7-form-control-wrap\" data-name=\"cf-last-name\"><input size=\"40\" maxlength=\"400\" class=\"wpcf7-form-control wpcf7-text wpcf7-validates-as-required\" aria-required=\"true\" aria-invalid=\"false\" placeholder=\"Nom de famille\" value=\"\" type=\"text\" name=\"cf-last-name\" \/><\/span><\/div>\n<div class=\"form-row\"><label>Courrier \u00e9lectronique<\/label><span class=\"wpcf7-form-control-wrap\" data-name=\"cf-email\"><input size=\"40\" maxlength=\"400\" class=\"wpcf7-form-control wpcf7-email wpcf7-validates-as-required wpcf7-text wpcf7-validates-as-email\" aria-required=\"true\" aria-invalid=\"false\" placeholder=\"Courriel\" value=\"\" type=\"email\" name=\"cf-email\" \/><\/span><\/div>\n<div class=\"form-row\"><label>Num\u00e9ro de t\u00e9l\u00e9phone<\/label><span class=\"wpcf7-form-control-wrap\" data-name=\"cf-phone\"><input size=\"40\" maxlength=\"400\" class=\"wpcf7-form-control wpcf7-text wpcf7-validates-as-required\" aria-required=\"true\" aria-invalid=\"false\" placeholder=\"Num\u00e9ro de t\u00e9l\u00e9phone\" value=\"\" type=\"text\" name=\"cf-phone\" \/><\/span><\/div>\n<div class=\"form-row\"><label>Message<\/label><span class=\"wpcf7-form-control-wrap\" data-name=\"cf-message\"><textarea cols=\"40\" rows=\"10\" maxlength=\"2000\" class=\"wpcf7-form-control wpcf7-textarea wpcf7-validates-as-required\" aria-required=\"true\" aria-invalid=\"false\" placeholder=\"Tapez ici...\" name=\"cf-message\"><\/textarea><\/span><\/div>\n<div class=\"form-row\"><span class=\"wpcf7-form-control-wrap\" data-name=\"personal-data\"><span class=\"wpcf7-form-control wpcf7-acceptance\"><span class=\"wpcf7-list-item\"><label><input type=\"checkbox\" name=\"personal-data\" value=\"1\" class=\"form-acceptance\" aria-invalid=\"false\" \/><span class=\"wpcf7-list-item-label\">Je d\u00e9clare avoir pris connaissance de la politique de confidentialit\u00e9 et j'autorise le traitement de mes donn\u00e9es personnelles.<\/span><\/label><\/span><\/span><\/span><\/div>\n<div class=\"wpcf7-response-output\" aria-hidden=\"true\"><\/div>\n<div class=\"form-row\"><button class=\"btn btn--yellow\"><span>Envoyer<\/span><\/button><\/div>\n<input type=\"hidden\" name=\"trp-form-language\" value=\"fr\"\/><\/form>\n<\/div>\n    <\/div>\n\n  <\/div>\n<\/section>","protected":false},"excerpt":{"rendered":"","protected":false},"author":1,"featured_media":0,"parent":0,"menu_order":0,"comment_status":"closed","ping_status":"closed","template":"","meta":{"_acf_changed":false,"footnotes":""},"class_list":["post-14","page","type-page","status-publish","hentry"],"acf":[],"_links":{"self":[{"href":"https:\/\/dualdiploma-switzerland.ch\/fr\/wp-json\/wp\/v2\/pages\/14","targetHints":{"allow":["GET"]}}],"collection":[{"href":"https:\/\/dualdiploma-switzerland.ch\/fr\/wp-json\/wp\/v2\/pages"}],"about":[{"href":"https:\/\/dualdiploma-switzerland.ch\/fr\/wp-json\/wp\/v2\/types\/page"}],"author":[{"embeddable":true,"href":"https:\/\/dualdiploma-switzerland.ch\/fr\/wp-json\/wp\/v2\/users\/1"}],"replies":[{"embeddable":true,"href":"https:\/\/dualdiploma-switzerland.ch\/fr\/wp-json\/wp\/v2\/comments?post=14"}],"version-history":[{"count":54,"href":"https:\/\/dualdiploma-switzerland.ch\/fr\/wp-json\/wp\/v2\/pages\/14\/revisions"}],"predecessor-version":[{"id":873,"href":"https:\/\/dualdiploma-switzerland.ch\/fr\/wp-json\/wp\/v2\/pages\/14\/revisions\/873"}],"wp:attachment":[{"href":"https:\/\/dualdiploma-switzerland.ch\/fr\/wp-json\/wp\/v2\/media?parent=14"}],"curies":[{"name":"wp","href":"https:\/\/api.w.org\/{rel}","templated":true}]}}