{"id":12,"date":"2025-06-10T10:23:17","date_gmt":"2025-06-10T10:23:17","guid":{"rendered":"https:\/\/dualdiploma-switzerland.ch\/?page_id=12"},"modified":"2026-04-11T16:24:03","modified_gmt":"2026-04-11T16:24:03","slug":"applications","status":"publish","type":"page","link":"https:\/\/dualdiploma-switzerland.ch\/fr\/applications\/","title":{"rendered":"Inscriptions"},"content":{"rendered":"<section class=\"section section-standard-hero\">\n  <div class=\"container\">\n\n          <div class=\"section-standard-hero__text\">\n\n        <h1>Pr\u00e9parer les \u00e9tudiants \u00e0 de nouveaux d\u00e9fis<\/h1>\n\n                  <a href=\"https:\/\/dualdiploma-switzerland.ch\/fr\/apply-now\/\" target=\"\" class=\"btn btn--yellow\"><span>Inscrivez-vous<\/span><\/a>\n        \n      <\/div>\n    \n          <div class=\"section-standard-hero__image\">\n        <img decoding=\"async\" src=\"https:\/\/dualdiploma-switzerland.ch\/wp-content\/uploads\/2025\/06\/academica_stock_05-767x840.jpg\" alt=\"\" \/>\n      <\/div>\n    \n  <\/div>\n<\/section>\n\n\n\n<section class=\"section section-admission-process\">\n  <div class=\"container\">\n\n          <h2 class=\"animated-el-fadeInUp\">\n        Proc\u00e9dure d'admission\u00a0      <\/h2>\n    \n    <div class=\"section-admission-process__steps\">\n      <div class=\"swiper swiper-admission-process animated-el-fadeInUp\">\n        <div class=\"swiper-wrapper\">\n                      <div class=\"swiper-slide\">\n              <span class=\"step-number\">1<\/span>\n              <h3>Inscription : Inscription jusqu'\u00e0 la mi-juin 2026<\/h3>\n              <p>Vous vous inscrivez \u00e0 l'aide d'un formulaire. Vous payez la taxe d'admission de 100 CHF qui permet au futur \u00e9tudiant de passer le test d'admission.<\/p>\n            <\/div>\n                      <div class=\"swiper-slide\">\n              <span class=\"step-number\">2<\/span>\n              <h3>Test d'admission : mi-septembre 2026<\/h3>\n              <p>QCM, 75mn\/60 questions (grammaire, vocabulaire, compr\u00e9hension), en ligne depuis le domicile de l'\u00e9tudiant<\/p>\n            <\/div>\n                      <div class=\"swiper-slide\">\n              <span class=\"step-number\">3<\/span>\n              <h3>Admission \/ Non admission :<\/h3>\n              <p>Fin septembre communication des \u00e9tudiants s\u00e9lectionn\u00e9s, r\u00e9ception du nom d'utilisateur et du mot de passe<\/p>\n            <\/div>\n                      <div class=\"swiper-slide\">\n              <span class=\"step-number\">4<\/span>\n              <h3>Informations de bienvenue de l'enseignant am\u00e9ricain<\/h3>\n              <p>par email<\/p>\n            <\/div>\n                      <div class=\"swiper-slide\">\n              <span class=\"step-number\">5<\/span>\n              <h3>R\u00e9union de bienvenue avec l'enseignant am\u00e9ricain<\/h3>\n              <p>par Teams<\/p>\n            <\/div>\n                      <div class=\"swiper-slide\">\n              <span class=\"step-number\">6<\/span>\n              <h3>D\u00e9but du premier semestre<\/h3>\n              <p>Mi-octobre 2027<\/p>\n            <\/div>\n                  <\/div>\n      <\/div>\n    <\/div>\n\n    <div class=\"section-admission-process__navs\">\n      <div class=\"swiper-admission-process__prev\"><\/div>\n      <div class=\"swiper-admission-process__next\"><\/div>\n    <\/div>\n\n  <\/div>\n<\/section>\n\n\n<section class=\"section section-table\">\n  <div class=\"container\">\n    \n          <h2>Frais de scolarit\u00e9<\/h2>\n    \n    <div class=\"section-table__wrapper\">\n      <table class=\"el-table animated-el-fadeInUp\">\n<thead>\n<tr>\n<th>Dur\u00e9e Dual Diploma<\/th>\n<th colspan=\"2\">2 ans \/ 4 semestres<\/th>\n<th colspan=\"2\">3 ans \/ 6 semestres<\/th>\n<th colspan=\"2\">4 ans \/ 8 semestres<\/th>\n<\/tr>\n<\/thead>\n<tbody>\n<tr>\n<th><\/th>\n<th>CHF<\/th>\n<th class=\"higlighted\">USD<\/th>\n<th>CHF<\/th>\n<th class=\"higlighted\">USD<\/th>\n<th>CHF<\/th>\n<th class=\"higlighted\">USD<\/th>\n<\/tr>\n<tr>\n<th>Prix \/ Semestre<\/th>\n<td>1 105<\/td>\n<td class=\"higlighted\"><strong>$1,400.00<\/strong><\/td>\n<td>736<\/td>\n<td class=\"higlighted\"><strong>$933.00<\/strong><\/td>\n<td>552<\/td>\n<td class=\"higlighted\"><strong>$700.00<\/strong><\/td>\n<\/tr>\n<tr>\n<th>TOTAL<\/th>\n<td>4 420<\/td>\n<td class=\"higlighted\"><strong>$5,600.00<\/strong><\/td>\n<td>4 420<\/td>\n<td class=\"higlighted\"><strong>$5,600.00<\/strong><\/td>\n<td>4 420<\/td>\n<td class=\"higlighted\"><strong>$5,600.00<\/strong><\/td>\n<\/tr>\n<\/tbody>\n<\/table>\n<p class=\"animated-el-fadeInUp\"><strong>Frais d'inscription 100 CHF<\/strong> (payable une seule fois, non remboursable).<\/p>\n<p>Les \u00e9tudiants s'engagent pour un semestre et paient pour le programme chaque semestre.<\/p>\n<p class=\"animated-el-fadeInUp\">Les frais en francs suisses sont calcul\u00e9s \u00e0 partir des frais en dollars am\u00e9ricains sur la base du taux de change actuel (derni\u00e8re mise \u00e0 jour le 11\/04\/2026).<\/p>\n    <\/div>\n\n  <\/div>\n<\/section>\n\n\n<section class=\"section section-cta animated-el-fadeInUp\">\n  <div class=\"container\">\n\n    <div class=\"section-cta__text animated-el-fadeInLeft\">\n      <div class=\"decor-star\"><\/div>\n\n              <h3>Frais d'inscription gratuits pour les 10 premiers inscrits !<\/h3>\n      \n              <a href=\"https:\/\/dualdiploma-switzerland.ch\/fr\/apply-now\/\" target=\"\" class=\"btn btn--yellow\"><span>Inscrivez-vous<\/span><\/a>\n            \n    <\/div>\n\n    <figure class=\"animated-el-fadeInLeft\">\n      <img loading=\"lazy\" decoding=\"async\" width=\"767\" height=\"767\" src=\"https:\/\/dualdiploma-switzerland.ch\/wp-content\/uploads\/2025\/06\/academica_stock_28-767x767.jpg\" class=\"attachment-square size-square\" alt=\"Academica Dual Diploma\" srcset=\"https:\/\/dualdiploma-switzerland.ch\/wp-content\/uploads\/2025\/06\/academica_stock_28-767x767.jpg 767w, https:\/\/dualdiploma-switzerland.ch\/wp-content\/uploads\/2025\/06\/academica_stock_28-150x150.jpg 150w, https:\/\/dualdiploma-switzerland.ch\/wp-content\/uploads\/2025\/06\/academica_stock_28-100x100.jpg 100w, https:\/\/dualdiploma-switzerland.ch\/wp-content\/uploads\/2025\/06\/academica_stock_28-140x140.jpg 140w, https:\/\/dualdiploma-switzerland.ch\/wp-content\/uploads\/2025\/06\/academica_stock_28-300x300.jpg 300w, https:\/\/dualdiploma-switzerland.ch\/wp-content\/uploads\/2025\/06\/academica_stock_28-390x390.jpg 390w, https:\/\/dualdiploma-switzerland.ch\/wp-content\/uploads\/2025\/06\/academica_stock_28-217x217.jpg 217w\" sizes=\"auto, (max-width: 767px) 100vw, 767px\" \/>    <\/figure>\n\n  <\/div>\n<\/section>","protected":false},"excerpt":{"rendered":"","protected":false},"author":1,"featured_media":0,"parent":0,"menu_order":0,"comment_status":"closed","ping_status":"closed","template":"","meta":{"_acf_changed":false,"footnotes":""},"class_list":["post-12","page","type-page","status-publish","hentry"],"acf":[],"_links":{"self":[{"href":"https:\/\/dualdiploma-switzerland.ch\/fr\/wp-json\/wp\/v2\/pages\/12","targetHints":{"allow":["GET"]}}],"collection":[{"href":"https:\/\/dualdiploma-switzerland.ch\/fr\/wp-json\/wp\/v2\/pages"}],"about":[{"href":"https:\/\/dualdiploma-switzerland.ch\/fr\/wp-json\/wp\/v2\/types\/page"}],"author":[{"embeddable":true,"href":"https:\/\/dualdiploma-switzerland.ch\/fr\/wp-json\/wp\/v2\/users\/1"}],"replies":[{"embeddable":true,"href":"https:\/\/dualdiploma-switzerland.ch\/fr\/wp-json\/wp\/v2\/comments?post=12"}],"version-history":[{"count":31,"href":"https:\/\/dualdiploma-switzerland.ch\/fr\/wp-json\/wp\/v2\/pages\/12\/revisions"}],"predecessor-version":[{"id":930,"href":"https:\/\/dualdiploma-switzerland.ch\/fr\/wp-json\/wp\/v2\/pages\/12\/revisions\/930"}],"wp:attachment":[{"href":"https:\/\/dualdiploma-switzerland.ch\/fr\/wp-json\/wp\/v2\/media?parent=12"}],"curies":[{"name":"wp","href":"https:\/\/api.w.org\/{rel}","templated":true}]}}