{"id":10,"date":"2025-06-10T10:01:43","date_gmt":"2025-06-10T10:01:43","guid":{"rendered":"https:\/\/dualdiploma-switzerland.ch\/?page_id=10"},"modified":"2026-04-11T16:33:55","modified_gmt":"2026-04-11T16:33:55","slug":"dual-diploma-program","status":"publish","type":"page","link":"https:\/\/dualdiploma-switzerland.ch\/fr\/dual-diploma-program\/","title":{"rendered":"Dual Diploma Program"},"content":{"rendered":"<section class=\"section section-standard-hero-complex\">\n  <div class=\"container\">\n\n          <div class=\"section-standard-hero-complex__text\">\n\n        <h1>Le Dual Diploma Program<\/h1>\n                  <p>est un programme \u00e9ducatif unique au monde qui permet aux \u00e9tudiants suisses d'obtenir le High School Diploma am\u00e9ricain en m\u00eame temps que la Maturit\u00e9 suisse \/  certificat d'ECG<\/p>\n        \n                  <a href=\"https:\/\/dualdiploma-switzerland.ch\/fr\/about-ais\/\" target=\"\" class=\"btn btn--yellow\"><span>En savoir plus<\/span><\/a>\n        \n      <\/div>\n    \n          <div class=\"section-standard-hero-complex__image\">\n        <img decoding=\"async\" src=\"https:\/\/dualdiploma-switzerland.ch\/wp-content\/uploads\/2025\/06\/academica_stock_26-767x840.jpg\" alt=\"\" \/>\n      <\/div>\n    \n  <\/div>\n<\/section>\n\n\n<section class=\"section section-strenghts\">\n  <div class=\"container\">\n\n    <div class=\"section-strenghts__header\">\n\n              <h2 class=\"animated-el-fadeInUp\">\n          Quels sont les points forts de ce programme ?        <\/h2>\n      \n              <a href=\"https:\/\/dualdiploma-switzerland.ch\/fr\/apply-now\/\" target=\"\" class=\"btn btn--yellow\">\n          <span>Inscrivez-vous<\/span>\n        <\/a>\n          <\/div>\n    \n          <div class=\"section-strenghts__item n1 animated-el-fadeInUp\">\n        <div class=\"section-strenghts__item__text\">\n          <span class=\"iterator\">1<\/span>\n          <h3 class=\"animated-el-fadeInUp\">Obtenir le High School Diploma :<\/h3>\n          <p class=\"animated-el-fadeInUp\">Les \u00e9tudiants obtiennent le m\u00eame dipl\u00f4me que les \u00e9tudiants am\u00e9ricains, reconnu par le d\u00e9partement de l'\u00e9ducation de l'\u00c9tat administrateur aux \u00c9tats-Unis et dans tous les \u00c9tats et universit\u00e9s du monde. Les \u00e9l\u00e8ves \u00e9tudient en pr\u00e9sentiel dans leur \u00e9cole d'origine et en immersion digitale \u00e0 Academica, la High School am\u00e9ricaine reconnue pour son excellence p\u00e9dagogique.<\/p>\n        <\/div>\n        <figure class=\"animated-el-fadeInLeft\">\n          <img loading=\"lazy\" decoding=\"async\" width=\"767\" height=\"767\" src=\"https:\/\/dualdiploma-switzerland.ch\/wp-content\/uploads\/2025\/06\/academica_stock_25-767x767.jpg\" class=\"attachment-square size-square\" alt=\"Preparing students for new challenges\" srcset=\"https:\/\/dualdiploma-switzerland.ch\/wp-content\/uploads\/2025\/06\/academica_stock_25-767x767.jpg 767w, https:\/\/dualdiploma-switzerland.ch\/wp-content\/uploads\/2025\/06\/academica_stock_25-150x150.jpg 150w, https:\/\/dualdiploma-switzerland.ch\/wp-content\/uploads\/2025\/06\/academica_stock_25-100x100.jpg 100w, https:\/\/dualdiploma-switzerland.ch\/wp-content\/uploads\/2025\/06\/academica_stock_25-140x140.jpg 140w, https:\/\/dualdiploma-switzerland.ch\/wp-content\/uploads\/2025\/06\/academica_stock_25-300x300.jpg 300w, https:\/\/dualdiploma-switzerland.ch\/wp-content\/uploads\/2025\/06\/academica_stock_25-390x390.jpg 390w, https:\/\/dualdiploma-switzerland.ch\/wp-content\/uploads\/2025\/06\/academica_stock_25-217x217.jpg 217w\" sizes=\"auto, (max-width: 767px) 100vw, 767px\" \/>        <\/figure>\n      <\/div>\n          <div class=\"section-strenghts__item n2 animated-el-fadeInUp\">\n        <div class=\"section-strenghts__item__text\">\n          <span class=\"iterator\">2<\/span>\n          <h3 class=\"animated-el-fadeInUp\">Devenir bilingue et s'immerger totalement dans l'exp\u00e9rience sociale et culturelle am\u00e9ricaine :<\/h3>\n          <p class=\"animated-el-fadeInUp\">Les \u00e9tudiants b\u00e9n\u00e9ficient d'une immersion linguistique et sont accompagn\u00e9s par des enseignants am\u00e9ricains certifi\u00e9s. Les \u00e9l\u00e8ves qui \u00e9tudient le Dual Diploma ont la m\u00eame exp\u00e9rience qu'un \u00e9l\u00e8ve am\u00e9ricain qui \u00e9tudie dans une \u00e9cole secondaire am\u00e9ricaine.  Afin de d\u00e9couvrir et d\u00e9velopper leurs talents et passions, ils peuvent participer \u00e0 la vie scolaire \u00e0 travers d'activit\u00e9s telles que des clubs et des conf\u00e9rences, et \u00e0 des \u00e9v\u00e9nements parascolaires tels que la graduation.<\/p>\n        <\/div>\n        <figure class=\"animated-el-fadeInLeft\">\n          <img loading=\"lazy\" decoding=\"async\" width=\"767\" height=\"767\" src=\"https:\/\/dualdiploma-switzerland.ch\/wp-content\/uploads\/2025\/06\/academica_stock_24-767x767.jpg\" class=\"attachment-square size-square\" alt=\"Preparing students for new challenges\" srcset=\"https:\/\/dualdiploma-switzerland.ch\/wp-content\/uploads\/2025\/06\/academica_stock_24-767x767.jpg 767w, https:\/\/dualdiploma-switzerland.ch\/wp-content\/uploads\/2025\/06\/academica_stock_24-150x150.jpg 150w, https:\/\/dualdiploma-switzerland.ch\/wp-content\/uploads\/2025\/06\/academica_stock_24-100x100.jpg 100w, https:\/\/dualdiploma-switzerland.ch\/wp-content\/uploads\/2025\/06\/academica_stock_24-140x140.jpg 140w, https:\/\/dualdiploma-switzerland.ch\/wp-content\/uploads\/2025\/06\/academica_stock_24-300x300.jpg 300w, https:\/\/dualdiploma-switzerland.ch\/wp-content\/uploads\/2025\/06\/academica_stock_24-390x390.jpg 390w, https:\/\/dualdiploma-switzerland.ch\/wp-content\/uploads\/2025\/06\/academica_stock_24-217x217.jpg 217w\" sizes=\"auto, (max-width: 767px) 100vw, 767px\" \/>        <\/figure>\n      <\/div>\n          <div class=\"section-strenghts__item n3 animated-el-fadeInUp\">\n        <div class=\"section-strenghts__item__text\">\n          <span class=\"iterator\">3<\/span>\n          <h3 class=\"animated-el-fadeInUp\">D\u00e9velopper les soft skills :<\/h3>\n          <p class=\"animated-el-fadeInUp\">Gr\u00e2ce \u00e0 une approche p\u00e9dagogique encourageante et bienveillante et \u00e0 leur immersion personnelle, les \u00e9l\u00e8ves gagnent en autonomie, capacit\u00e9 de travail, confiance en soi, maturit\u00e9 et adaptabilit\u00e9. Ils acqui\u00e8rent un savoir-faire technique et num\u00e9rique gr\u00e2ce \u00e0 l'immersion technologique et au travail en ligne. Le programme favorise \u00e9galement la cr\u00e9ativit\u00e9 (choix de mati\u00e8res optionnelles et participation \u00e0 des clubs) et l'esprit critique gr\u00e2ce aux Live Sessions. Cette exp\u00e9rience globale pr\u00e9pare les \u00e9tudiants \u00e0 leur future vie acad\u00e9mique et professionnelle.<\/p>\n        <\/div>\n        <figure class=\"animated-el-fadeInLeft\">\n          <img loading=\"lazy\" decoding=\"async\" width=\"767\" height=\"767\" src=\"https:\/\/dualdiploma-switzerland.ch\/wp-content\/uploads\/2025\/06\/academica_stock_35-767x767.jpg\" class=\"attachment-square size-square\" alt=\"Preparing students for new challenges\" srcset=\"https:\/\/dualdiploma-switzerland.ch\/wp-content\/uploads\/2025\/06\/academica_stock_35-767x767.jpg 767w, https:\/\/dualdiploma-switzerland.ch\/wp-content\/uploads\/2025\/06\/academica_stock_35-150x150.jpg 150w, https:\/\/dualdiploma-switzerland.ch\/wp-content\/uploads\/2025\/06\/academica_stock_35-100x100.jpg 100w, https:\/\/dualdiploma-switzerland.ch\/wp-content\/uploads\/2025\/06\/academica_stock_35-140x140.jpg 140w, https:\/\/dualdiploma-switzerland.ch\/wp-content\/uploads\/2025\/06\/academica_stock_35-300x300.jpg 300w, https:\/\/dualdiploma-switzerland.ch\/wp-content\/uploads\/2025\/06\/academica_stock_35-390x390.jpg 390w, https:\/\/dualdiploma-switzerland.ch\/wp-content\/uploads\/2025\/06\/academica_stock_35-217x217.jpg 217w\" sizes=\"auto, (max-width: 767px) 100vw, 767px\" \/>        <\/figure>\n      <\/div>\n          <div class=\"section-strenghts__item n4 animated-el-fadeInUp\">\n        <div class=\"section-strenghts__item__text\">\n          <span class=\"iterator\">4<\/span>\n          <h3 class=\"animated-el-fadeInUp\">Cr\u00e9er un r\u00e9seau multiculturel :<\/h3>\n          <p class=\"animated-el-fadeInUp\">Gr\u00e2ce aux activit\u00e9s et aux \u00e9changes avec d'autres \u00e9tudiants du monde entier, les \u00e9tudiants d\u00e9couvrent un environnement multiculturel qui leur garantie la cr\u00e9ation d'un r\u00e9seau mondial.<\/p>\n        <\/div>\n        <figure class=\"animated-el-fadeInLeft\">\n          <img loading=\"lazy\" decoding=\"async\" width=\"767\" height=\"767\" src=\"https:\/\/dualdiploma-switzerland.ch\/wp-content\/uploads\/2025\/06\/academica_stock_22-767x767.jpg\" class=\"attachment-square size-square\" alt=\"Preparing students for new challenges\" srcset=\"https:\/\/dualdiploma-switzerland.ch\/wp-content\/uploads\/2025\/06\/academica_stock_22-767x767.jpg 767w, https:\/\/dualdiploma-switzerland.ch\/wp-content\/uploads\/2025\/06\/academica_stock_22-150x150.jpg 150w, https:\/\/dualdiploma-switzerland.ch\/wp-content\/uploads\/2025\/06\/academica_stock_22-100x100.jpg 100w, https:\/\/dualdiploma-switzerland.ch\/wp-content\/uploads\/2025\/06\/academica_stock_22-140x140.jpg 140w, https:\/\/dualdiploma-switzerland.ch\/wp-content\/uploads\/2025\/06\/academica_stock_22-300x300.jpg 300w, https:\/\/dualdiploma-switzerland.ch\/wp-content\/uploads\/2025\/06\/academica_stock_22-390x390.jpg 390w, https:\/\/dualdiploma-switzerland.ch\/wp-content\/uploads\/2025\/06\/academica_stock_22-217x217.jpg 217w\" sizes=\"auto, (max-width: 767px) 100vw, 767px\" \/>        <\/figure>\n      <\/div>\n          <div class=\"section-strenghts__item n5 animated-el-fadeInUp\">\n        <div class=\"section-strenghts__item__text\">\n          <span class=\"iterator\">5<\/span>\n          <h3 class=\"animated-el-fadeInUp\">Ouvrir des perspectives pour d'avenir :<\/h3>\n          <p class=\"animated-el-fadeInUp\">Le Dual Diploma permet aux \u00e9tudiants de se diff\u00e9rencier et valoriser leur CV face aux autres candidats aux universit\u00e9s am\u00e9ricaines.<\/p>\n        <\/div>\n        <figure class=\"animated-el-fadeInLeft\">\n          <img loading=\"lazy\" decoding=\"async\" width=\"767\" height=\"767\" src=\"https:\/\/dualdiploma-switzerland.ch\/wp-content\/uploads\/2025\/06\/academica_stock_21-767x767.jpg\" class=\"attachment-square size-square\" alt=\"Preparing students for new challenges\" srcset=\"https:\/\/dualdiploma-switzerland.ch\/wp-content\/uploads\/2025\/06\/academica_stock_21-767x767.jpg 767w, https:\/\/dualdiploma-switzerland.ch\/wp-content\/uploads\/2025\/06\/academica_stock_21-150x150.jpg 150w, https:\/\/dualdiploma-switzerland.ch\/wp-content\/uploads\/2025\/06\/academica_stock_21-100x100.jpg 100w, https:\/\/dualdiploma-switzerland.ch\/wp-content\/uploads\/2025\/06\/academica_stock_21-140x140.jpg 140w, https:\/\/dualdiploma-switzerland.ch\/wp-content\/uploads\/2025\/06\/academica_stock_21-300x300.jpg 300w, https:\/\/dualdiploma-switzerland.ch\/wp-content\/uploads\/2025\/06\/academica_stock_21-390x390.jpg 390w, https:\/\/dualdiploma-switzerland.ch\/wp-content\/uploads\/2025\/06\/academica_stock_21-217x217.jpg 217w\" sizes=\"auto, (max-width: 767px) 100vw, 767px\" \/>        <\/figure>\n      <\/div>\n    \n          <div class=\"section-strenghts__testimonial\">\n\n        <p class=\"body-2-semibold\">J\u2019ai eu le plaisir d\u2019apprendre que mon Academica Dual Diploma \u00e9tait reconnu comme justificatif de mon niveau d\u2019anglais pour mon admission \u00e0 l\u2019EHL (\u00c9cole H\u00f4teli\u00e8re de Lausanne).<\/p>\n\n        <ul>\n          <li>\n            <span>Ingrid R.<\/span>\n          <\/li>\n          <li>\n            <span class=\"body-2-medium\">Dual Diploma obtenu en juillet 2024<\/span>\n          <\/li>\n        <\/ul>\n\n      <\/div>\n    \n  <\/div>\n<\/section>\n\n\n<section class=\"section section-how-get-in\">\n  <div class=\"container\">\n\n          <div class=\"section-how-get-in__header animated-el-fadeInLeft\">\n        <h2>Comment l'obtenir ?<\/h2>\n      <\/div>\n    \n    <div class=\"section-how-get-in__text\">\n\n              <div class=\"section-how-get-in__text__col\">\n          <p><strong>Le programme de double dipl\u00f4me est bas\u00e9 sur un syst\u00e8me de cr\u00e9dits acad\u00e9miques. Un total de 24 cr\u00e9dits est n\u00e9cessaire pour obtenir le dipl\u00f4me am\u00e9ricain de fin d'\u00e9tudes secondaires.<\/strong><br \/>\r\n<br \/>\r\nLes accords internationaux conclus par Academica et l'excellence p\u00e9dagogique du programme permettent aux \u00e9tudiants suisses d'obtenir la validation maximale possible : <strong>75% des 24 cr\u00e9dits<\/strong> n\u00e9cessaires pour obtenir le dipl\u00f4me am\u00e9ricain de fin d'\u00e9tudes secondaires. Ces <strong>18 cr\u00e9dits<\/strong> sont valid\u00e9s par le bulletin de notes de la scolarit\u00e9 secondaire en Suisse.<\/p>\n        <\/div>\n            \n              <div class=\"section-how-get-in__text__col\">\n          <p>Les \u00e9tudiants du Dual Diploma ne doivent compl\u00e9ter que <strong>6 cr\u00e9dits en ligne avec Academica\u00ae International Studies (AIS)<\/strong> pour obtenir le dipl\u00f4me am\u00e9ricain. Sur ces 6 cr\u00e9dits restants, 4 font partie du programme obligatoire et 2 du programme optionnel, ce qui permet aux \u00e9tudiants de choisir des sujets de grand int\u00e9r\u00eat qui ne font pas partie du programme europ\u00e9en, et d'offrir une motivation suppl\u00e9mentaire aux \u00e9tudiants en \u00e9largissant leur vocabulaire dans des mati\u00e8res qu'ils ne travailleraient pas autrement en anglais : Life Management Skills, Photographie, Criminologie, Psychologie, etc.<\/p>\n        <\/div>\n      \n    <\/div>\n\n    <div class=\"section-how-get-in__subjects\">\n      \n              <div class=\"section-how-get-in__subjects__text\">\n          <h4>Mati\u00e8res obligatoires = 4 cr\u00e9dits<\/h4>\n<ul>\n<li>2 cr\u00e9dits * : Anglais niveaux I, II, III ou IV<\/li>\n<li>1 cr\u00e9dit : Histoire des \u00c9tats-Unis<\/li>\n<li>1 cr\u00e9dit : Gouvernement des \u00c9tats-Unis \/ \u00c9conomie<\/li>\n<\/ul>\n<p><sup>*<\/sup>Les \u00e9tudiants doivent r\u00e9ussir deux cours d'anglais, quel que soit leur niveau de d\u00e9part : Anglais I-II, Anglais II-III, Anglais III-IV.<\/p>\n<p>&nbsp;<\/p>\n        <\/div>\n      \n              <div class=\"section-how-get-in__subjects__image animated-el-fadeInRight\" style=\"background-image:url('https:\/\/dualdiploma-switzerland.ch\/wp-content\/uploads\/2025\/06\/academica_stock_20-scaled.jpg');\">&nbsp;<\/div>\n      \n    <\/div>\n\n    <div class=\"section-how-get-in__subjects\">\n      \n              <div class=\"section-how-get-in__subjects__text\">\n          <h4>Mati\u00e8res \u00e9lectives = 2 cr\u00e9dits**<\/h4>\n<ul>\n<li>Psychologie<\/li>\n<li>Concepts d'ing\u00e9nierie et de technologie<\/li>\n<li>Criminologie<\/li>\n<li>Photographie num\u00e9rique<\/li>\n<li>Art oratoire et journalisme<\/li>\n<li>Comp\u00e9tences en mati\u00e8re de gestion de la vie<\/li>\n<li>Pr\u00e9paration \u00e0 l'examen d'entr\u00e9e \u00e0 l'universit\u00e9<\/li>\n<li>Anglais avanc\u00e9 (uniquement pour les \u00e9tudiants en reprise d'\u00e9tudes qui ont d\u00e9j\u00e0 suivi deux cours d'anglais DD)<\/li>\n<\/ul>\n<p><strong><sup>**<\/sup>L'\u00e9tudiant ne doit choisir que deux mati\u00e8res \u00e9lectives.<\/strong><\/p>\n        <\/div>\n      \n              <div class=\"section-how-get-in__subjects__image animated-el-fadeInRight\" style=\"background-image:url('https:\/\/dualdiploma-switzerland.ch\/wp-content\/uploads\/2025\/06\/academica_stock_19-scaled.jpg');\">&nbsp;<\/div>\n      \n    <\/div>\n\n  <\/div>\n<\/section>\n\n\n<section class=\"section section-program\">\n  <div class=\"container\">\n\n          <h2>\n        <strong>Le Dual Diploma<\/strong> offre une grande flexibilit\u00e9 en termes de dur\u00e9e du programme, vous permettant de choisir parmi trois options en fonction de votre ann\u00e9e de d\u00e9part et de vos pr\u00e9f\u00e9rences personnelles :      <\/h2>\n    \n    <div class=\"section-program__tabs\">\n\n      <div class=\"tabs__nav animated-el-fadeInUp\">\n                  <button\n            class=\"tabs__btn active\"\n            data-tab=\"0\"\n            aria-controls=\"tab-panel-0\"\n            role=\"tab\">\n            <span>Programme de 4 ans<\/span>\n          <\/button>\n                  <button\n            class=\"tabs__btn\"\n            data-tab=\"1\"\n            aria-controls=\"tab-panel-1\"\n            role=\"tab\">\n            <span>Programme de 3 ans<\/span>\n          <\/button>\n                  <button\n            class=\"tabs__btn\"\n            data-tab=\"2\"\n            aria-controls=\"tab-panel-2\"\n            role=\"tab\">\n            <span>Programme de 2 ans<\/span>\n          <\/button>\n              <\/div>\n\n      <div class=\"tabs__panels animated-el-fadeInRight\">\n                  <div\n            class=\"tabs__panel active\"\n            id=\"tab-panel-0\"\n            role=\"tabpanel\">\n\n            <p class=\"body-1-regular\">\n              <p>Ce plan offre un rythme plus d\u00e9tendu, id\u00e9al pour ceux qui pr\u00e9f\u00e8rent r\u00e9partir la charge acad\u00e9mique suppl\u00e9mentaire de mani\u00e8re plus progressive.<\/p>\n<ul>\n<li>1e ann\u00e9e : Anglais<\/li>\n<li>2e ann\u00e9e : Anglais et \u00c9lective<\/li>\n<li>3e ann\u00e9e : Histoire des \u00c9tats-Unis et \u00c9lective<\/li>\n<li>4e ann\u00e9e : Gouvernement des \u00c9tats-Unis \/ \u00c9conomie<\/li>\n<\/ul>\n            <\/p>\n          <\/div>\n                  <div\n            class=\"tabs__panel\"\n            id=\"tab-panel-1\"\n            role=\"tabpanel\">\n\n            <p class=\"body-1-regular\">\n              \n<p><span>Ce plan offre un rythme \u00e9quilibr\u00e9, id\u00e9al pour ceux qui souhaitent aborder la charge acad\u00e9mique avec un bon \u00e9quilibre entre leurs \u00e9tudes locales et le programme international.<\/span><\/p>\n\n<ul>\n<li>1e ann\u00e9e : Anglais et \u00c9lective<\/li>\n<li>2e ann\u00e9e : Anglais et Histoire des \u00c9tats-Unis<\/li>\n<li>3e ann\u00e9e : Gouvernement des \u00c9tats-Unis \/ \u00c9conomie et \u00c9lective<\/li>\n<\/ul>\n            <\/p>\n          <\/div>\n                  <div\n            class=\"tabs__panel\"\n            id=\"tab-panel-2\"\n            role=\"tabpanel\">\n\n            <p class=\"body-1-regular\">\n              <p>Ce plan offre un rythme intense, adapt\u00e9 \u00e0 ceux qui cherchent \u00e0 terminer le programme dans le temps le plus court possible, en maximisant leur d\u00e9vouement et leurs efforts sur une courte p\u00e9riode.<\/p>\n<ul>\n<li>1e ann\u00e9e : Anglais, Histoire des \u00c9tats-Unis et \u00c9lective<\/li>\n<li>2e ann\u00e9e : Anglais et Gouvernement am\u00e9ricain \/ \u00c9conomie et \u00c9lective<\/li>\n<\/ul>\n            <\/p>\n          <\/div>\n              <\/div>\n    <\/div>\n\n          <div class=\"section-program__table\">\n        <div class=\"table-container\">\n          <table class=\"el-table animated-el-fadeInUp\" style=\"translate: none; rotate: none; scale: none; opacity: 1; visibility: inherit; transform: translate(0px, 0px);\">\n<thead>\n<tr>\n<th class=\"white\">D\u00e9but* Double dipl\u00f4me<\/th>\n<th class=\"white\">Ann\u00e9e 1<\/th>\n<th class=\"white\">Ann\u00e9e 2<\/th>\n<th class=\"white\">Ann\u00e9e 3<\/th>\n<th class=\"white\">Ann\u00e9e 4<\/th>\n<th>Dur\u00e9e<br \/>\nDual Diploma<\/th>\n<\/tr>\n<\/thead>\n<tbody>\n<tr>\n<td>10e VP\/VG<\/td>\n<td style=\"text-align: center;\">x<\/td>\n<td style=\"text-align: center;\">x<\/td>\n<td style=\"text-align: center;\">x<\/td>\n<td style=\"text-align: center;\">x<\/td>\n<th class=\"highlighted\" rowspan=\"2\">4 ans<\/th>\n<\/tr>\n<tr>\n<td class=\"highlighted\" style=\"color: #181818;\">11e VP\/VG<\/td>\n<td class=\"highlighted\" style=\"text-align: center;\">x<\/td>\n<td class=\"highlighted\" style=\"text-align: center;\">x<\/td>\n<td class=\"highlighted\" style=\"text-align: center;\">x<\/td>\n<td class=\"highlighted\" style=\"text-align: center;\">x<\/td>\n<\/tr>\n<tr>\n<td class=\"highlighted\" style=\"color: #181818;\">11e VP\/VG<\/td>\n<td class=\"highlighted\" style=\"text-align: center;\">x<\/td>\n<td class=\"highlighted\" style=\"text-align: center;\">x<\/td>\n<td class=\"highlighted\" style=\"text-align: center;\">x<\/td>\n<td class=\"highlighted\"><\/td>\n<th class=\"highlighted\" rowspan=\"2\">3 ans<\/th>\n<\/tr>\n<tr>\n<td>1M\/1ECG<\/td>\n<td style=\"text-align: center;\">x<\/td>\n<td style=\"text-align: center;\">x<\/td>\n<td style=\"text-align: center;\">x<\/td>\n<td><\/td>\n<\/tr>\n<tr>\n<td>1M\/1ECG<\/td>\n<td style=\"text-align: center;\">x<\/td>\n<td style=\"text-align: center;\">x<\/td>\n<td><\/td>\n<td><\/td>\n<th class=\"highlighted\" rowspan=\"2\">2 ans<\/th>\n<\/tr>\n<tr>\n<td class=\"highlighted\" style=\"color: #181818;\">2M\/2ECG<\/td>\n<td class=\"highlighted\" style=\"text-align: center;\">x<\/td>\n<td class=\"highlighted\" style=\"text-align: center;\">x<\/td>\n<td class=\"highlighted\"><\/td>\n<td class=\"highlighted\"><\/td>\n<\/tr>\n<\/tbody>\n<\/table>\n<p class=\"animated-el-fadeInUp\">\n<p>&nbsp;<\/p>\n        <\/div>\n                  <p class=\"animated-el-fadeInUp\">* Exemple du canton de Vaud<\/p>\n              <\/div>\n    \n    <div class=\"section-program__actions\">\n      <ul>\n                  <li>\n            <a href=\"https:\/\/dualdiploma-switzerland.ch\/fr\/about-ais\/\" target=\"\" class=\"btn btn--outline-black\">\n              <span>En savoir plus<\/span>\n            <\/a>\n          <\/li>\n                          <li>\n            <a href=\"https:\/\/dualdiploma-switzerland.ch\/fr\/faq-contact-us\/\" target=\"\" class=\"btn btn--yellow\">\n              <span>Contactez-nous<\/span>\n            <\/a>\n          <\/li>\n              <\/ul>\n    <\/div>\n\n  <\/div>\n<\/section>\n\n\n<section class=\"section section-how-it-works\">\n  <div class=\"container\">\n\n          <div class=\"section-how-it-works__header animated-el-fadeInLeft\">\n        <h2>Comment travaille l'\u00e9l\u00e8ve ?<\/h2>\n      <\/div>\n    \n    <div class=\"section-how-it-works__text\">\n\n              <div class=\"section-how-it-works__text__col\">\n          <p>Chaque \u00e9tudiant du programme se voit attribuer un professeur am\u00e9ricain certifi\u00e9 qui le guidera tout au long du processus d'apprentissage.\u00a0<br \/>\n<br \/>\nLes activit\u00e9s sont dispens\u00e9es par le biais d'une plateforme <strong>innovante<\/strong> et <strong>interactive<\/strong> d'apprentissage en ligne, Colegia, sur laquelle les \u00e9tudiants peuvent travailler de mani\u00e8re flexible et autonome, toujours guid\u00e9s par l'enseignant d\u00e9sign\u00e9.<\/p>\n<p><strong>Academica fournit tout le mat\u00e9riel p\u00e9dagogique<\/strong> dont les es \u00e9tudiants auront besoin pour consulter leurs cours, travailler et effectuer leurs devoirs. D\u00e8s le d\u00e9but du semestre, les \u00e9tudiants peuvent acc\u00e9der \u00e0 un aper\u00e7u des t\u00e2ches et des rendez-vous, afin de pouvoir s'organiser et planifier le temps de travail et d'effort en combinaison avec leurs \u00e9tudes en Suisse.<\/p>\n<p>Le processus d'apprentissage comprend des activit\u00e9s asynchrones, des devoirs et des propositions que les \u00e9tudiants doivent r\u00e9aliser chaque semaine \u00e0 leur propre rythme, en g\u00e9rant leur temps. Des r\u00e9unions de groupe synchrones toutes les trois semaines, les <strong>Live Sessions<\/strong>, sont organis\u00e9es avec l'enseignant et le groupe de travail.<\/p>\n        <\/div>\n            \n              <div class=\"section-how-it-works__text__col\">\n          <p>Ces sessions en direct offrent aux \u00e9tudiants la possibilit\u00e9 d'interagir avec leurs camarades de classe du monde entier et d'\u00e9changer dans des discussions anim\u00e9es sur un large \u00e9ventail de sujets.<\/p>\n<p>Les enseignants disposent \u00e9galement d'heures de bureau, entre 16h30 et 21h, pour assurer <strong>une communication fluide<\/strong>, par mail ou Teams, un suivi individuel et r\u00e9pondre aux questions des \u00e9tudiants en cas de besoin. Les \u00e9l\u00e8ves appr\u00e9cient leur bienveillance, r\u00e9activit\u00e9, \u00e9coute et leurs encouragements. Les parents peuvent \u00e0 tout moment demander un rendez-vous au professeur am\u00e9ricain.<\/p>\n<p class=\"hightlighted\">L'apprentissage du programme en ligne est un processus enrichissant, stimulant et diff\u00e9rent, avec l'acc\u00e8s \u00e0 du mat\u00e9riel d'\u00e9tude de haute qualit\u00e9. Cette m\u00e9thode d'enseignement est un excellent compl\u00e9ment \u00e0 la p\u00e9dagogie suisse.<\/p>\n        <\/div>\n      \n    <\/div>\n\n          <figure class=\"animated-el-fadeInLeft\">\n        <img loading=\"lazy\" decoding=\"async\" width=\"1280\" height=\"555\" src=\"https:\/\/dualdiploma-switzerland.ch\/wp-content\/uploads\/2025\/06\/academica_stock_18-1280x555.jpg\" class=\"attachment-big-hero size-big-hero\" alt=\"How do students work?\" \/>      <\/figure>\n    \n    \n\n          <div class=\"section-how-it-works__testimonial\">\n\n        <p class=\"body-2-semibold\">Avec le programme du Dual Diploma, j'ai d\u00e9couvert une nouvelle m\u00e9thode d'apprentissage, plus libre mais encadr\u00e9e, et j'ai beaucoup appr\u00e9ci\u00e9 la relation \u00e9tablie avec mon enseignante am\u00e9ricaine, tr\u00e8s proche et sympathique.<\/p>\n\n        <ul>\n          <li>\n            <span>Marina R.<\/span>\n          <\/li>\n          <li>\n            <span class=\"body-2-medium\">3\u00e8me ann\u00e9e du Dual Diploma<\/span>\n          <\/li>\n        <\/ul>\n\n      <\/div>\n    \n  <\/div>\n<\/section>\n\n\n<section class=\"section section-school-experience\">\n  <div class=\"container\">\n\n    <div class=\"section-school-experience__header\">\n\n              <h2 class=\"animated-el-fadeInUp\">L'exp\u00e9rience de vie scolaire<\/h2>\n            \n              <p class=\"animated-el-fadeInUp\">L'exp\u00e9rience am\u00e9ricaine du programme Dual Diploma va au-del\u00e0 des simples cours dispens\u00e9s en anglais. L'\u00e9ducation est consid\u00e9r\u00e9e comme un tout : l'apprentissage de la vie sociale compte autant que l'apprentissage th\u00e9orique des savoirs.<\/p>\n      \n    <\/div>\n\n    <div class=\"section-school-experience__clubs\">\n\n              <h3 class=\"animated-el-fadeInUp\">Clubs auxquels les \u00e9tudiants peuvent adh\u00e9rer :<\/h3>\n            \n      <ul>\n                  <li class=\"animated-el-fadeInUp\">\n            <figure class=\"animated-el-fadeInUp\">\n                              <img loading=\"lazy\" decoding=\"async\" width=\"767\" height=\"550\" src=\"https:\/\/dualdiploma-switzerland.ch\/wp-content\/uploads\/2025\/06\/academica_stock_17-767x550.jpg\" class=\"attachment-clubs size-clubs\" alt=\"Preparing students for new challenges\" \/>                          <\/figure>\n            <p>Club des journaux, pour r\u00e9diger le Dual Diploma Times<\/p>\n          <\/li>\n                  <li class=\"animated-el-fadeInUp\">\n            <figure class=\"animated-el-fadeInUp\">\n                              <img loading=\"lazy\" decoding=\"async\" width=\"767\" height=\"550\" src=\"https:\/\/dualdiploma-switzerland.ch\/wp-content\/uploads\/2025\/06\/academica_stock_16-767x550.jpg\" class=\"attachment-clubs size-clubs\" alt=\"Preparing students for new challenges\" \/>                          <\/figure>\n            <p>Social Media Club, o\u00f9 ils se r\u00e9unissent en ligne une fois par mois avec leurs pairs.<\/p>\n          <\/li>\n                  <li class=\"animated-el-fadeInUp\">\n            <figure class=\"animated-el-fadeInUp\">\n                              <img loading=\"lazy\" decoding=\"async\" width=\"767\" height=\"550\" src=\"https:\/\/dualdiploma-switzerland.ch\/wp-content\/uploads\/2025\/06\/academica_stock_15-767x550.jpg\" class=\"attachment-clubs size-clubs\" alt=\"Preparing students for new challenges\" \/>                          <\/figure>\n            <p>AIS Amici Club, pour se rencontrer et discuter avec des \u00e9tudiants d'autres pays<\/p>\n          <\/li>\n                  <li class=\"animated-el-fadeInUp\">\n            <figure class=\"animated-el-fadeInUp\">\n                              <img loading=\"lazy\" decoding=\"async\" width=\"767\" height=\"550\" src=\"https:\/\/dualdiploma-switzerland.ch\/wp-content\/uploads\/2025\/06\/academica_stock_14-767x550.jpg\" class=\"attachment-clubs size-clubs\" alt=\"Preparing students for new challenges\" \/>                          <\/figure>\n            <p>Club de photographie, pour am\u00e9liorer ses talents de photographe et cr\u00e9er un portfolio digital<\/p>\n          <\/li>\n                  <li class=\"animated-el-fadeInUp\">\n            <figure class=\"animated-el-fadeInUp\">\n                              <img loading=\"lazy\" decoding=\"async\" width=\"767\" height=\"550\" src=\"https:\/\/dualdiploma-switzerland.ch\/wp-content\/uploads\/2025\/06\/academica_stock_13-767x550.jpg\" class=\"attachment-clubs size-clubs\" alt=\"Preparing students for new challenges\" \/>                          <\/figure>\n            <p>Club de cuisine et de p\u00e2tisserie, pour apprendre des recettes du monde entier<\/p>\n          <\/li>\n                  <li class=\"animated-el-fadeInUp\">\n            <figure class=\"animated-el-fadeInUp\">\n                              <img loading=\"lazy\" decoding=\"async\" width=\"767\" height=\"550\" src=\"https:\/\/dualdiploma-switzerland.ch\/wp-content\/uploads\/2025\/06\/academica_stock_12-767x550.jpg\" class=\"attachment-clubs size-clubs\" alt=\"Preparing students for new challenges\" \/>                          <\/figure>\n            <p>Club de lecture, pour d\u00e9couvrir des livres et des \u00e9crivains du monde entier<\/p>\n          <\/li>\n                  <li class=\"animated-el-fadeInUp\">\n            <figure class=\"animated-el-fadeInUp\">\n                              <img loading=\"lazy\" decoding=\"async\" width=\"767\" height=\"550\" src=\"https:\/\/dualdiploma-switzerland.ch\/wp-content\/uploads\/2025\/06\/academica_stock_11-767x550.jpg\" class=\"attachment-clubs size-clubs\" alt=\"Preparing students for new challenges\" \/>                          <\/figure>\n            <p>Club d'art, pour les passionn\u00e9s d'art<\/p>\n          <\/li>\n                  <li class=\"animated-el-fadeInUp\">\n            <figure class=\"animated-el-fadeInUp\">\n                              <img loading=\"lazy\" decoding=\"async\" width=\"767\" height=\"550\" src=\"https:\/\/dualdiploma-switzerland.ch\/wp-content\/uploads\/2025\/06\/academica_stock_10-767x550.jpg\" class=\"attachment-clubs size-clubs\" alt=\"Preparing students for new challenges\" \/>                          <\/figure>\n            <p>Model UN (Nations Unies), pour s'entra\u00eener aux relations internationales<\/p>\n          <\/li>\n                \n                  <li class=\"animated-el-fadeInUp\" style=\"background-image: url('https:\/\/dualdiploma-switzerland.ch\/wp-content\/uploads\/2025\/06\/academica_stock_09-767x512.jpg');\">\n                          <a href=\"https:\/\/dualdiploma-switzerland.ch\/fr\/about-ais\/\" target=\"\" class=\"btn btn--yellow\">\n                <span>En savoir plus<\/span>\n              <\/a>\n                      <\/li>\n        \n      <\/ul>\n    <\/div>\n\n    <div class=\"section-school-experience__speakers\">\n\n              <h3 class=\"animated-el-fadeInUp\">Guest Speaker<\/h3>\n      \n              <p class=\"animated-el-fadeInUp\">Tout au long de l'ann\u00e9e, Academica\u00ae International Studies organise des conf\u00e9rences avec des invit\u00e9s sp\u00e9ciaux (les \"Special Guest Speaker Sessions\"), des experts dans des domaines vari\u00e9s : politique, entrepreneuriat, sport, a\u00e9rospatial, culture, cin\u00e9ma, \u00e9cologie, ... Une mine d'inspiration et de motivation pour les jeunes adultes en devenir !<\/p>\n      \n      <ul>\n                  <li class=\"animated-el-fadeInUp\">\n            <figure class=\"animated-el-fadeInUp\">\n                              <img loading=\"lazy\" decoding=\"async\" width=\"767\" height=\"550\" src=\"https:\/\/dualdiploma-switzerland.ch\/wp-content\/uploads\/2025\/06\/Sunita-Williams-2004-e1750258577344-767x550.webp\" class=\"attachment-clubs size-clubs\" alt=\"Preparing students for new challenges\" \/>                          <\/figure>\n            <h4>Sunita Williams<\/h4>\n            <p>Sunita Williams est une astronaute am\u00e9ricaine et un officier de la marine am\u00e9ricaine \u00e0 la retraite, connue pour d\u00e9tenir le record du plus grand nombre de sorties dans l'espace pour une femme. En 2024, elle est devenue la premi\u00e8re femme \u00e0 effectuer un vol d'essai d'un vaisseau spatial orbital avec Boeing. Sa mission a \u00e9t\u00e9 prolong\u00e9e de neuf mois en raison de probl\u00e8mes techniques li\u00e9s \u00e0 l'ISS. Elle reste l'une des personnes les plus exp\u00e9riment\u00e9es au monde dans le domaine des sorties dans l'espace.<\/p>\n          <\/li>\n                  <li class=\"animated-el-fadeInUp\">\n            <figure class=\"animated-el-fadeInUp\">\n                              <img loading=\"lazy\" decoding=\"async\" width=\"767\" height=\"550\" src=\"https:\/\/dualdiploma-switzerland.ch\/wp-content\/uploads\/2025\/06\/Scott-Rosenzweig-e1750258881632-767x550.jpg\" class=\"attachment-clubs size-clubs\" alt=\"Preparing students for new challenges\" \/>                          <\/figure>\n            <h4>Scott Rosenzweig<\/h4>\n            <p>Scott Rosenzweig, pr\u00e9sident-directeur g\u00e9n\u00e9ral de Make-A-Wish Nevada, a rejoint l'organisation en 2018 et est devenu PDG en 2021. Fort d'une exp\u00e9rience de 30 ans dans les arts du spectacle, notamment aupr\u00e8s de Disneyland et de Madame Tussaud's, il a ensuite dirig\u00e9 la formation chez GameWorks. Son parcours unique m\u00eale cr\u00e9ativit\u00e9 et leadership, moteur de sa passion pour la r\u00e9alisation de v\u0153ux transformateurs pour les enfants confront\u00e9s \u00e0 des maladies graves dans tout le sud du Nevada.<\/p>\n          <\/li>\n                  <li class=\"animated-el-fadeInUp\">\n            <figure class=\"animated-el-fadeInUp\">\n                              <img loading=\"lazy\" decoding=\"async\" width=\"767\" height=\"550\" src=\"https:\/\/dualdiploma-switzerland.ch\/wp-content\/uploads\/2025\/06\/James-Burnett-e1750258966657-767x550.jpg\" class=\"attachment-clubs size-clubs\" alt=\"Preparing students for new challenges\" \/>                          <\/figure>\n            <h4>James Burnett<\/h4>\n            <p>James Burnett est un com\u00e9dien professionnel avec plus de 20 ans d'exp\u00e9rience. Il a commenc\u00e9 \u00e0 l'\u00e2ge de 16 ans en imitant des voix avant de d\u00e9velopper son propre son. Son exp\u00e9rience de la musique et des chorales scolaires a fa\u00e7onn\u00e9 son registre vocal. James choisit des projets qui refl\u00e8tent ses passions, ce qui rend son travail authentique et agr\u00e9able. Il est connu pour sa polyvalence et son d\u00e9vouement au m\u00e9tier de com\u00e9dien.<\/p>\n          <\/li>\n              <\/ul>\n\n    <\/div>\n\n    <div class=\"section-school-experience__graduation\">\n              <h3 class=\"animated-el-fadeInUp\">La Graduation<\/h3>\n      \n              <p class=\"animated-el-fadeInUp\">C\u00e9r\u00e9monie de remise des dipl\u00f4mes d\u00e9but juillet.<\/p>\n      \n      <figure class=\"animated-el-fadeInLeft\">\n                  <img loading=\"lazy\" decoding=\"async\" width=\"1280\" height=\"555\" src=\"https:\/\/dualdiploma-switzerland.ch\/wp-content\/uploads\/2025\/06\/academica_stock_08-scaled-e1749759102830-1280x555.jpg\" class=\"attachment-big-hero size-big-hero\" alt=\"Preparing students for new challenges\" \/>              <\/figure>\n    <\/div>\n\n          <div class=\"section-school-experience__actions animated-el-fadeInUp\">\n        <ul>\n                      <li>\n              <a href=\"https:\/\/dualdiploma-switzerland.ch\/fr\/about-ais\/\" target=\"\" class=\"btn btn--yellow\">\n                <span>En savoir plus<\/span>\n              <\/a>\n            <\/li>\n                                <li>\n              <a href=\"https:\/\/dualdiploma-switzerland.ch\/fr\/faq-contact-us\/\" target=\"\" class=\"btn btn--outline-black\">\n                <span>Contactez-nous<\/span>\n              <\/a>\n            <\/li>\n                  <\/ul>\n      <\/div>\n    \n  <\/div>\n<\/section>\n\n\n<section class=\"section section-cta-2\">\n  <div class=\"container\">\n\n    <div class=\"section-cta-2__highlights animated-el-fadeInUp\">\n              <h2 class=\"animated-el-fadeInUp\">Vu dans La C\u00f4te<\/h2>\n      \n      <p>La C\u00f4te met en lumi\u00e8re la mani\u00e8re dont le programme de double dipl\u00f4me remod\u00e8le l'\u00e9ducation en Suisse, en donnant aux \u00e9tudiants la possibilit\u00e9 d'obtenir deux dipl\u00f4mes et un monde de possibilit\u00e9s.<\/p>\n      \n      <a href=\"https:\/\/www.lacote.ch\/contenus-sponsorises\/offrez-a-vos-enfants-un-avenir-sans-frontieres-avec-academica-dual-diploma-1456000\" class=\"btn btn--green\"><span>En savoir plus <\/span><\/a>\n    <\/div>\n\n  <\/div>\n<\/section>\n\n\n<section class=\"section section-cta animated-el-fadeInUp\">\n  <div class=\"container\">\n\n    <div class=\"section-cta__text animated-el-fadeInLeft\">\n      <div class=\"decor-star\"><\/div>\n\n              <h3>Pr\u00e9parer les \u00e9tudiants \u00e0 de nouveaux d\u00e9fis<\/h3>\n      \n              <a href=\"https:\/\/dualdiploma-switzerland.ch\/fr\/apply-now\/\" target=\"\" class=\"btn btn--yellow\"><span>Inscrivez-vous<\/span><\/a>\n            \n    <\/div>\n\n    <figure class=\"animated-el-fadeInLeft\">\n      <img loading=\"lazy\" decoding=\"async\" width=\"767\" height=\"767\" src=\"https:\/\/dualdiploma-switzerland.ch\/wp-content\/uploads\/2025\/06\/graduation-4502797_1920-767x767.jpg\" class=\"attachment-square size-square\" alt=\"Academica Dual Diploma\" srcset=\"https:\/\/dualdiploma-switzerland.ch\/wp-content\/uploads\/2025\/06\/graduation-4502797_1920-767x767.jpg 767w, https:\/\/dualdiploma-switzerland.ch\/wp-content\/uploads\/2025\/06\/graduation-4502797_1920-150x150.jpg 150w, https:\/\/dualdiploma-switzerland.ch\/wp-content\/uploads\/2025\/06\/graduation-4502797_1920-100x100.jpg 100w, https:\/\/dualdiploma-switzerland.ch\/wp-content\/uploads\/2025\/06\/graduation-4502797_1920-140x140.jpg 140w, https:\/\/dualdiploma-switzerland.ch\/wp-content\/uploads\/2025\/06\/graduation-4502797_1920-300x300.jpg 300w, https:\/\/dualdiploma-switzerland.ch\/wp-content\/uploads\/2025\/06\/graduation-4502797_1920-390x390.jpg 390w, https:\/\/dualdiploma-switzerland.ch\/wp-content\/uploads\/2025\/06\/graduation-4502797_1920-217x217.jpg 217w\" sizes=\"auto, (max-width: 767px) 100vw, 767px\" \/>    <\/figure>\n\n  <\/div>\n<\/section>","protected":false},"excerpt":{"rendered":"","protected":false},"author":1,"featured_media":0,"parent":0,"menu_order":0,"comment_status":"closed","ping_status":"closed","template":"","meta":{"_acf_changed":false,"footnotes":""},"class_list":["post-10","page","type-page","status-publish","hentry"],"acf":[],"_links":{"self":[{"href":"https:\/\/dualdiploma-switzerland.ch\/fr\/wp-json\/wp\/v2\/pages\/10","targetHints":{"allow":["GET"]}}],"collection":[{"href":"https:\/\/dualdiploma-switzerland.ch\/fr\/wp-json\/wp\/v2\/pages"}],"about":[{"href":"https:\/\/dualdiploma-switzerland.ch\/fr\/wp-json\/wp\/v2\/types\/page"}],"author":[{"embeddable":true,"href":"https:\/\/dualdiploma-switzerland.ch\/fr\/wp-json\/wp\/v2\/users\/1"}],"replies":[{"embeddable":true,"href":"https:\/\/dualdiploma-switzerland.ch\/fr\/wp-json\/wp\/v2\/comments?post=10"}],"version-history":[{"count":64,"href":"https:\/\/dualdiploma-switzerland.ch\/fr\/wp-json\/wp\/v2\/pages\/10\/revisions"}],"predecessor-version":[{"id":932,"href":"https:\/\/dualdiploma-switzerland.ch\/fr\/wp-json\/wp\/v2\/pages\/10\/revisions\/932"}],"wp:attachment":[{"href":"https:\/\/dualdiploma-switzerland.ch\/fr\/wp-json\/wp\/v2\/media?parent=10"}],"curies":[{"name":"wp","href":"https:\/\/api.w.org\/{rel}","templated":true}]}}