{"id":14,"date":"2025-06-10T10:23:29","date_gmt":"2025-06-10T10:23:29","guid":{"rendered":"https:\/\/dualdiploma-switzerland.ch\/?page_id=14"},"modified":"2025-07-01T07:23:50","modified_gmt":"2025-07-01T07:23:50","slug":"faq-contact-us","status":"publish","type":"page","link":"https:\/\/dualdiploma-switzerland.ch\/de\/faq-contact-us\/","title":{"rendered":"FAQ &amp; Kontakt"},"content":{"rendered":"<section class=\"section section-standard-hero\">\n  <div class=\"container\">\n\n          <div class=\"section-standard-hero__text\">\n\n        <h1>Vorbereitung der Sch\u00fcler auf neue Herausforderungen<\/h1>\n\n                  <a href=\"https:\/\/dualdiploma-switzerland.ch\/de\/apply-now\/\" target=\"\" class=\"btn btn--yellow\"><span>Anmeldung<\/span><\/a>\n        \n      <\/div>\n    \n          <div class=\"section-standard-hero__image\">\n        <img decoding=\"async\" src=\"https:\/\/dualdiploma-switzerland.ch\/wp-content\/uploads\/2025\/06\/academica_stock_04-767x840.jpg\" alt=\"\" \/>\n      <\/div>\n    \n  <\/div>\n<\/section>\n\n\n\n<section class=\"section section-faq\">\n  <div class=\"container\">\n\n          <h2>\n        FAQ      <\/h2>\n    \n          <div class=\"section-faq__questions\">\n\n      \n        \n        <div class=\"question animated-el-fadeInUp\" role=\"group\" aria-label=\"Auf welcher Schulstufe kann ein Sch\u00fcler das Dual Diploma beginnen?\">\n          <div class=\"question__title\">\n            <h4>Auf welcher Schulstufe kann ein Sch\u00fcler das Dual Diploma beginnen?<\/h4>\n            <div class=\"icon-faq-plus\"><\/div>\n            <div class=\"icon-faq-minus\"><\/div>\n          <\/div>\n          <div class=\"question__description\">\n            <div class=\"question__description__text\">\n              <p><p>Die Sch\u00fclerinnen und Sch\u00fcler k\u00f6nnen bereits in der 10VP\/VG (Kanton Waadt) beginnen, was dem f\u00fcnften Jahr vor dem Ende der Maturit\u00e9\/ECG entspricht.<br \/>\nEin Student, der das Programm in 10VP\/VG (Kanton Waadt) beginnt, muss es in 4 Jahren abschliessen.<\/p>\n<p>Ein Student, der das Programm in 2M\/2ECG (Kanton Waadt) beginnt, muss das Programm in 2 Jahren abschliessen, da das Arbeitspensum viel gr\u00f6sser ist als f\u00fcr einen Studenten, der das Programm in 3 oder 4 Jahren absolviert (diese Option ist f\u00fcr Studenten reserviert, die bereits zweisprachig sind oder ein sehr fortgeschrittenes Englischniveau und eine starke Arbeitsf\u00e4higkeit haben).<\/p>\n<p>Der Student muss sich in der Schweiz wohlf\u00fchlen, um mit den beiden Lehrpl\u00e4nen richtig arbeiten zu k\u00f6nnen. Die wichtigsten Vorteile eines Studenten, der das Doppeldiplom machen m\u00f6chte, sind Selbstdisziplin, Autonomie und Organisation.<\/p>\n<table class=\"el-table animated-el-fadeInUp\" style=\"translate: none; rotate: none; scale: none; opacity: 1; visibility: inherit; transform: translate(0px, 0px);\">\n<thead>\n<tr>\n<th class=\"white\">Beginn* Dual Diploma<\/th>\n<th class=\"white\">Jahr 1<\/th>\n<th class=\"white\">Jahr 2<\/th>\n<th class=\"white\">Jahr 3<\/th>\n<th class=\"white\">Jahr 4<\/th>\n<th>Dauer<br \/>Dual Diploma<\/th>\n<\/tr>\n<\/thead>\n<tbody>\n<tr>\n<td>10e VP\/VG<\/td>\n<td><span class=\"checkmark\"><\/span><\/td>\n<td><span class=\"checkmark\"><\/span><\/td>\n<td><span class=\"checkmark\"><\/span><\/td>\n<td><span class=\"checkmark\"><\/span><\/td>\n<th rowspan=\"2\" class=\"highlighted\">4 Jahre<\/th>\n<\/tr>\n<tr>\n<td class=\"highlighted\" style=\"color: #181818;\">11e VP\/VG<\/td>\n<td class=\"highlighted\"><span class=\"checkmark\"><\/span><\/td>\n<td class=\"highlighted\"><span class=\"checkmark\"><\/span><\/td>\n<td class=\"highlighted\"><span class=\"checkmark\"><\/span><\/td>\n<td class=\"highlighted\"><span class=\"checkmark\"><\/span><\/td>\n<\/tr>\n<tr>\n<td class=\"highlighted\" style=\"color: #181818;\">11e VP\/VG<\/td>\n<td class=\"highlighted\"><span class=\"checkmark\"><\/span><\/td>\n<td class=\"highlighted\"><span class=\"checkmark\"><\/span><\/td>\n<td class=\"highlighted\"><span class=\"checkmark\"><\/span><\/td>\n<td class=\"highlighted\"><\/td>\n<th rowspan=\"2\" class=\"highlighted\">3 Jahre<\/th>\n<\/tr>\n<tr>\n<td>1M\/1ECG<\/td>\n<td><span class=\"checkmark\"><\/span><\/td>\n<td><span class=\"checkmark\"><\/span><\/td>\n<td><span class=\"checkmark\"><\/span><\/td>\n<td><\/td>\n<\/tr>\n<tr>\n<td>1M\/1ECG<\/td>\n<td><span class=\"checkmark\"><\/span><\/td>\n<td><span class=\"checkmark\"><\/span><\/td>\n<td><\/td>\n<td><\/td>\n<th rowspan=\"2\" class=\"highlighted\">2 Jahre<\/th>\n<\/tr>\n<tr>\n<td class=\"highlighted\" style=\"color: #181818;\">2M\/2ECG<\/td>\n<td class=\"highlighted\"><span class=\"checkmark\"><\/span><\/td>\n<td class=\"highlighted\"><span class=\"checkmark\"><\/span><\/td>\n<td class=\"highlighted\"><\/td>\n<td class=\"highlighted\"><\/td>\n<\/tr>\n<\/tbody>\n<\/table>\n<p class=\"animated-el-fadeInUp\">* Beispiel Kanton Waadt<\/p>\n<p>&nbsp;<\/p>\n<\/p>\n            <\/div>\n          <\/div>\n        <\/div>\n      \n        \n        <div class=\"question animated-el-fadeInUp\" role=\"group\" aria-label=\"Was sind die Zulassungsvoraussetzungen f\u00fcr das Programm?\">\n          <div class=\"question__title\">\n            <h4>Was sind die Zulassungsvoraussetzungen f\u00fcr das Programm?<\/h4>\n            <div class=\"icon-faq-plus\"><\/div>\n            <div class=\"icon-faq-minus\"><\/div>\n          <\/div>\n          <div class=\"question__description\">\n            <div class=\"question__description__text\">\n              <p><p>Um zum Dual Diploma studiengang in der Schweiz zugelassen zu werden, m\u00fcssen die Studenten und Studentinnen:<br \/>\n- m\u00fcssen regul\u00e4re Sch\u00fcler einer Schweizer Schule sein, an der sie eine weiterf\u00fchrende Ausbildung absolvieren.<br \/>\n- m\u00fcssen \u00fcber ein ausreichendes Englischniveau (zwischen A2 und B1) verf\u00fcgen, um das Programm beginnen zu k\u00f6nnen. Es wird ein Einstufungstest durchgef\u00fchrt.<\/p>\n<\/p>\n            <\/div>\n          <\/div>\n        <\/div>\n      \n        \n        <div class=\"question animated-el-fadeInUp\" role=\"group\" aria-label=\"Wie viele F\u00e4cher sollten studiert werden?\">\n          <div class=\"question__title\">\n            <h4>Wie viele F\u00e4cher sollten studiert werden?<\/h4>\n            <div class=\"icon-faq-plus\"><\/div>\n            <div class=\"icon-faq-minus\"><\/div>\n          <\/div>\n          <div class=\"question__description\">\n            <div class=\"question__description__text\">\n              <p><p>Sch\u00fclerinnen und Sch\u00fcler, die an dem Programm teilnehmen, m\u00fcssen 6 der 24 Credits der amerikanischen High School absolvieren:<\/p>\n<ul>\n<li>4 Credits f\u00fcr Pflichtf\u00e4cher: 2 Credits aus zwei Stufen des Englischen, 1 Credit in US-Geschichte und ein Credit in US-Regierung\/Wirtschaft<\/li>\n<li>2 Credits f\u00fcr Wahlf\u00e4cher: nach Wahl des Sch\u00fclers, je nach Interesse und pers\u00f6nlicher Ausrichtung.<\/li>\n<\/ul>\n<p>Die restlichen 18 Credits werden mit dem Zeugnis der Schweizer Mittelschule anerkannt und validiert.<\/p>\n<\/p>\n            <\/div>\n          <\/div>\n        <\/div>\n      \n        \n        <div class=\"question animated-el-fadeInUp\" role=\"group\" aria-label=\"Welche Ausr\u00fcstung braucht der Sch\u00fcler, und wie wird der Unterricht durchgef\u00fchrt?\">\n          <div class=\"question__title\">\n            <h4>Welche Ausr\u00fcstung braucht der Sch\u00fcler, und wie wird der Unterricht durchgef\u00fchrt?<\/h4>\n            <div class=\"icon-faq-plus\"><\/div>\n            <div class=\"icon-faq-minus\"><\/div>\n          <\/div>\n          <div class=\"question__description\">\n            <div class=\"question__description__text\">\n              <p><p>Die Sch\u00fclerinnen und Sch\u00fcler ben\u00f6tigen einen Computer mit einer Webcam, ein Headset mit Mikrofon und eine gute Internetverbindung. Die Aktivit\u00e4ten werden \u00fcber eine innovative und interaktive E-Learning-Plattform, Colegia, durchgef\u00fchrt, auf der die Studenten und Studentinnen flexibel und selbst\u00e4ndig arbeiten k\u00f6nnen, wobei sie stets von der zust\u00e4ndigen Lehrperson begleitet werden. Academica bietet Zugang zu allen notwendigen digitalen Plattformen und Ressourcen (Zoom, Teams und Office Suite) sowie zu allen p\u00e4dagogischen Dokumenten, die die Studen und Studentinnen ben\u00f6tigen, um ihre Lektionen zu konsultieren, zu arbeiten und ihre Aufgaben zu erledigen.<\/p>\n<\/p>\n            <\/div>\n          <\/div>\n        <\/div>\n      \n        \n        <div class=\"question animated-el-fadeInUp\" role=\"group\" aria-label=\"Wie viel Zeit muss ein Student f\u00fcr das Programm aufwenden?\">\n          <div class=\"question__title\">\n            <h4>Wie viel Zeit muss ein Student f\u00fcr das Programm aufwenden?<\/h4>\n            <div class=\"icon-faq-plus\"><\/div>\n            <div class=\"icon-faq-minus\"><\/div>\n          <\/div>\n          <div class=\"question__description\">\n            <div class=\"question__description__text\">\n              <p><p>Das Programm erfordert ein w\u00f6chentliches Engagement von 3 bis 5 Stunden, abh\u00e4ngig von den anf\u00e4nglichen Englischkenntnissen des Sch\u00fclers und dem Schuljahr. Diese Zeit umfasst sowohl den Unterricht als auch die pers\u00f6nliche Arbeit und kann h\u00f6her oder niedriger sein, je nach der Anzahl der Credits, die die Sch\u00fclerinnen und Sch\u00fcler im Laufe des Jahres zu validieren hat. Der Sch\u00fcler organisiert den Arbeitsplan immer mit der st\u00e4ndigen Unterst\u00fctzung der amerikanischen Lehrer.<\/p>\n<\/p>\n            <\/div>\n          <\/div>\n        <\/div>\n      \n        \n        <div class=\"question animated-el-fadeInUp\" role=\"group\" aria-label=\"Was bedeutet ein Notendurchschnitt von GPA 2,0 auf einer 4,0-Skala?\">\n          <div class=\"question__title\">\n            <h4>Was bedeutet ein Notendurchschnitt von GPA 2,0 auf einer 4,0-Skala?<\/h4>\n            <div class=\"icon-faq-plus\"><\/div>\n            <div class=\"icon-faq-minus\"><\/div>\n          <\/div>\n          <div class=\"question__description\">\n            <div class=\"question__description__text\">\n              <p><p>Die Studenten m\u00fcssen die f\u00fcr den Abschluss erforderlichen 24 Credits abgeschlossen haben und einen Gesamtdurchschnitt von mindestens 2,0 und einen Mindestdurchschnitt von 70% in allen F\u00e4chern aufweisen. Der Notendurchschnitt wird berechnet, indem die numerischen Endnoten aller bisher absolvierten F\u00e4cher addiert und durch die Anzahl der belegten F\u00e4cher geteilt werden, um den Gesamtdurchschnitt zu erhalten.<\/p>\n<p>Wir verwenden das Academica\u00ae-Notenraster f\u00fcr internationale Studien, um die Gleichwertigkeit mit den Schweizer Noten zu gew\u00e4hrleisten:<\/p>\n<table class=\"el-table animated-el-fadeInUp\">\n<thead>\n<tr>\n<th>USA<\/th>\n<th>GPA<\/th>\n<th>SUISSE<\/th>\n<\/tr>\n<\/thead>\n<tbody>\n<tr>\n<td>A<\/td>\n<td>4.0 (90 &#8211; 100%)<\/td>\n<td>5.50 &#8211; 6.00<\/td>\n<\/tr>\n<tr>\n<td>B<\/td>\n<td>3.0 (80 &#8211; 89%)<\/td>\n<td>4.50 &#8211; 5.49<\/td>\n<\/tr>\n<tr>\n<td class=\"highlighted\">C<\/td>\n<td class=\"highlighted\">2.0 (70 &#8211; 79%)<\/td>\n<td class=\"highlighted\">4.00 &#8211; 4.49<\/td>\n<\/tr>\n<tr>\n<td>D<\/td>\n<td>1.0 (60 &#8211; 69%)<\/td>\n<td>3.50 &#8211; 3.99<\/td>\n<\/tr>\n<tr>\n<td>F<\/td>\n<td>0,0 (weniger als 59%)<\/td>\n<td>weniger als 3,49<\/td>\n<\/tr>\n<\/tbody>\n<\/table>\n<\/p>\n            <\/div>\n          <\/div>\n        <\/div>\n      \n        \n        <div class=\"question animated-el-fadeInUp\" role=\"group\" aria-label=\"Kann ich den Aufnahmetest im folgenden Jahr wiederholen, wenn ich ihn nicht bestanden habe?\">\n          <div class=\"question__title\">\n            <h4>Kann ich den Aufnahmetest im folgenden Jahr wiederholen, wenn ich ihn nicht bestanden habe?<\/h4>\n            <div class=\"icon-faq-plus\"><\/div>\n            <div class=\"icon-faq-minus\"><\/div>\n          <\/div>\n          <div class=\"question__description\">\n            <div class=\"question__description__text\">\n              <p><p>Es ist m\u00f6glich, aber wenn ein\/e Studierende\/r die Pr\u00fcfung im Jahr seines\/ihres Eintritts in 1M\/1ECG (Kanton Waadt) nicht bestanden hat und sich erneut f\u00fcr den Eintritt in 2M\/2ECG (Kanton Waadt) bewerben m\u00f6chte, muss er\/sie sicherstellen, dass er\/sie \u00fcber eine ausreichende Arbeitskapazit\u00e4t verf\u00fcgt, um das zweij\u00e4hrige Programm zu absolvieren, das deutlich intensiver sein wird und in dem jedes Jahr 3 Credits validiert werden m\u00fcssen.<\/p>\n<\/p>\n            <\/div>\n          <\/div>\n        <\/div>\n      \n        \n        <div class=\"question animated-el-fadeInUp\" role=\"group\" aria-label=\"Was ist der Zulassungstest, und wie bereite ich mich darauf vor?\">\n          <div class=\"question__title\">\n            <h4>Was ist der Zulassungstest, und wie bereite ich mich darauf vor?<\/h4>\n            <div class=\"icon-faq-plus\"><\/div>\n            <div class=\"icon-faq-minus\"><\/div>\n          <\/div>\n          <div class=\"question__description\">\n            <div class=\"question__description__text\">\n              <p><p>Der Aufnahmetest besteht aus einem 75-min\u00fctigen MCQ-Test mit 60 Fragen zu Grammatik, Wortschatz und H\u00f6rverst\u00e4ndnis. Die Sch\u00fclerinnen und Sch\u00fcler m\u00fcssen in der Lage sein, einfache Alltagsausdr\u00fccke zu verstehen, sich vorzustellen und mit jemandem \u00fcber vertraute Themen in einfachen Worten zu kommunizieren sowie ihre unmittelbare Umgebung zu beschreiben.<\/p>\n<p>Die beste Vorbereitung auf den Test besteht darin, gut Englisch zu lernen, in englischer Sprache zu lessen und regelm\u00e4\u00dfig zu \u00fcben. Ziel des Tests ist es, die Sch\u00fclerinnen und Sch\u00fcler auf das richtige Niveau einzustufen.<\/p>\n<\/p>\n            <\/div>\n          <\/div>\n        <\/div>\n      \n        \n        <div class=\"question animated-el-fadeInUp\" role=\"group\" aria-label=\"Wie hoch ist das durchschnittliche Englischniveau im 1. Jahr des Programms Academica Dual Diploma\u2122?\">\n          <div class=\"question__title\">\n            <h4>Wie hoch ist das durchschnittliche Englischniveau im 1. Jahr des Programms Academica Dual Diploma\u2122?<\/h4>\n            <div class=\"icon-faq-plus\"><\/div>\n            <div class=\"icon-faq-minus\"><\/div>\n          <\/div>\n          <div class=\"question__description\">\n            <div class=\"question__description__text\">\n              <p><p>Das Niveau im 1. Jahr h\u00e4ngt von jeder Sch\u00fcler innen und jedem Sch\u00fcler ab. Nach bestandenem Aufnahmetest werden sie in die Gruppe Englisch I, II oder III eingeteilt. Dies erm\u00f6glicht es ihnen, an Kursen teilzunehmen, die an ihr Niveau angepasst sind, und im zweiten Jahr die n\u00e4chste Stufe zu erreichen.<\/p>\n<p>Englisch I entspricht ungef\u00e4hr dem Niveau A2\/B1.<br \/>\nEnglisch II entspricht ungef\u00e4hr dem Niveau B1\/B2.<br \/>\nEnglisch III entspricht ungef\u00e4hr dem Niveau B2\/C1.<br \/>\nEnglisch IV entspricht ungef\u00e4hr dem Niveau C1\/C2.<\/p>\n<p>Unabh\u00e4ngig von ihren Englischkenntnissen beim Eintritt in das Programm werden alle Sch\u00fclerinnen und Sch\u00fcler deutliche Fortschritte machen.<\/p>\n<p>Zum Zeitpunkt des Abschlusses werden alle Sch\u00fcler mindestens das Niveau und die Sprachfertigkeit eines amerikanischen High-School-Diplomsch\u00fclers erreicht haben.<\/p>\n<\/p>\n            <\/div>\n          <\/div>\n        <\/div>\n      \n        \n        <div class=\"question animated-el-fadeInUp\" role=\"group\" aria-label=\"Mein Kind m\u00f6chte nach seinem Schulabschluss in den USA studieren. K\u00f6nnen Sie ihn bei seinem Vorhaben beraten?\">\n          <div class=\"question__title\">\n            <h4>Mein Kind m\u00f6chte nach seinem Schulabschluss in den USA studieren. K\u00f6nnen Sie ihn bei seinem Vorhaben beraten?<\/h4>\n            <div class=\"icon-faq-plus\"><\/div>\n            <div class=\"icon-faq-minus\"><\/div>\n          <\/div>\n          <div class=\"question__description\">\n            <div class=\"question__description__text\">\n              <p><p>Alle unsere Sch\u00fcler sind eingeladen, w\u00e4hrend ihres dual Diploma Program an zwei College Counseling-Sitzungen teilzunehmen, die ihnen helfen sollen, \u00fcber ihr pers\u00f6nliches Universit\u00e4tsprojekt nachzudenken. Die erste, obligatorische Sitzung findet im zweiten Jahr statt, die zweite, freiwillige, im dritten Jahr.<\/p>\n<p>Wenn Sie an einer Universit\u00e4t in den USA studieren m\u00f6chten, sollten Sie sich so fr\u00fch wie m\u00f6glich organisieren. Viele Universit\u00e4ten schliessen ihre Bewerbungen bereits Mitte Dezember. Academica unterst\u00fctzt, ber\u00e4t und begleitet Sie bei der Bewerbung an amerikanischen Universit\u00e4ten im Allgemeinen.<br \/>\nAuf der Colegia-Kursplattform sind mehrere Dokumente verf\u00fcgbar: Informationen \u00fcber<br \/>\nZulassungen, den TOEFL und den ACT\/SAT-Test.<\/p>\n<\/p>\n            <\/div>\n          <\/div>\n        <\/div>\n              \n      <\/div>\n    \n  <\/div>\n<\/section>\n\n\n<section class=\"section section-contact-form\">\n  <div class=\"container\">\n\n    <div class=\"section-contact-form__text\">\n\n              <h2>\n          Kontakt        <\/h2>\n      \n              <p>\n          F\u00fcr weitere Fragen zum Dual Diploma und f\u00fcr eine pers\u00f6nliche Beratung kontaktieren Sie uns bitte per E-Mail <a href=\"mailto:info@dualdiploma-switzerland.ch\">info@dualdiploma-switzerland.ch<\/a> oder f\u00fcllen Sie folgendes Formular aus:        <\/p>\n      \n    <\/div>\n\n    <div class=\"section-contact-form__form\">\n      \n<div class=\"wpcf7 no-js\" id=\"wpcf7-f6-o1\" lang=\"en-US\" dir=\"ltr\" data-wpcf7-id=\"6\">\n<div class=\"screen-reader-response\"><p role=\"status\" aria-live=\"polite\" aria-atomic=\"true\"><\/p> <ul><\/ul><\/div>\n<form action=\"\/de\/wp-json\/wp\/v2\/pages\/14#wpcf7-f6-o1\" method=\"post\" class=\"wpcf7-form init cf7mls-no-scroll cf7mls-auto-return-first-step cf7mls-no-moving-animation\" aria-label=\"Kontakt-Formular\" novalidate=\"novalidate\" data-status=\"init\" data-trp-original-action=\"\/de\/wp-json\/wp\/v2\/pages\/14#wpcf7-f6-o1\">\n<fieldset class=\"hidden-fields-container\"><input type=\"hidden\" name=\"_wpcf7\" value=\"6\" \/><input type=\"hidden\" name=\"_wpcf7_version\" value=\"6.1.1\" \/><input type=\"hidden\" name=\"_wpcf7_locale\" value=\"en_US\" \/><input type=\"hidden\" name=\"_wpcf7_unit_tag\" value=\"wpcf7-f6-o1\" \/><input type=\"hidden\" name=\"_wpcf7_container_post\" value=\"0\" \/><input type=\"hidden\" name=\"_wpcf7_posted_data_hash\" value=\"\" \/>\n<\/fieldset>\n<div class=\"form-row\"><label>Vornamen<\/label><span class=\"wpcf7-form-control-wrap\" data-name=\"cf-first-name\"><input size=\"40\" maxlength=\"400\" class=\"wpcf7-form-control wpcf7-text wpcf7-validates-as-required\" aria-required=\"true\" aria-invalid=\"false\" placeholder=\"Vornamen\" value=\"\" type=\"text\" name=\"cf-first-name\" \/><\/span><\/div>\n<div class=\"form-row\"><label>Nachname<\/label><span class=\"wpcf7-form-control-wrap\" data-name=\"cf-last-name\"><input size=\"40\" maxlength=\"400\" class=\"wpcf7-form-control wpcf7-text wpcf7-validates-as-required\" aria-required=\"true\" aria-invalid=\"false\" placeholder=\"Nachname\" value=\"\" type=\"text\" name=\"cf-last-name\" \/><\/span><\/div>\n<div class=\"form-row\"><label>E-Mail<\/label><span class=\"wpcf7-form-control-wrap\" data-name=\"cf-email\"><input size=\"40\" maxlength=\"400\" class=\"wpcf7-form-control wpcf7-email wpcf7-validates-as-required wpcf7-text wpcf7-validates-as-email\" aria-required=\"true\" aria-invalid=\"false\" placeholder=\"E-Mail\" value=\"\" type=\"email\" name=\"cf-email\" \/><\/span><\/div>\n<div class=\"form-row\"><label>Rufnummer<\/label><span class=\"wpcf7-form-control-wrap\" data-name=\"cf-phone\"><input size=\"40\" maxlength=\"400\" class=\"wpcf7-form-control wpcf7-text wpcf7-validates-as-required\" aria-required=\"true\" aria-invalid=\"false\" placeholder=\"Rufnummer\" value=\"\" type=\"text\" name=\"cf-phone\" \/><\/span><\/div>\n<div class=\"form-row\"><label>Nachricht<\/label><span class=\"wpcf7-form-control-wrap\" data-name=\"cf-message\"><textarea cols=\"40\" rows=\"10\" maxlength=\"2000\" class=\"wpcf7-form-control wpcf7-textarea wpcf7-validates-as-required\" aria-required=\"true\" aria-invalid=\"false\" placeholder=\"Tippen Sie hier...\" name=\"cf-message\"><\/textarea><\/span><\/div>\n<div class=\"form-row\"><span class=\"wpcf7-form-control-wrap\" data-name=\"personal-data\"><span class=\"wpcf7-form-control wpcf7-acceptance\"><span class=\"wpcf7-list-item\"><label><input type=\"checkbox\" name=\"personal-data\" value=\"1\" class=\"form-acceptance\" aria-invalid=\"false\" \/><span class=\"wpcf7-list-item-label\">Ich erkl\u00e4re, dass ich die Datenschutzbestimmungen gelesen habe und mit der Verarbeitung meiner pers\u00f6nlichen Daten einverstanden bin.<\/span><\/label><\/span><\/span><\/span><\/div>\n<div class=\"wpcf7-response-output\" aria-hidden=\"true\"><\/div>\n<div class=\"form-row\"><button class=\"btn btn--yellow\"><span>Senden Sie<\/span><\/button><\/div>\n<input type=\"hidden\" name=\"trp-form-language\" value=\"de\"\/><\/form>\n<\/div>\n    <\/div>\n\n  <\/div>\n<\/section>","protected":false},"excerpt":{"rendered":"","protected":false},"author":1,"featured_media":0,"parent":0,"menu_order":0,"comment_status":"closed","ping_status":"closed","template":"","meta":{"_acf_changed":false,"footnotes":""},"class_list":["post-14","page","type-page","status-publish","hentry"],"acf":[],"_links":{"self":[{"href":"https:\/\/dualdiploma-switzerland.ch\/de\/wp-json\/wp\/v2\/pages\/14","targetHints":{"allow":["GET"]}}],"collection":[{"href":"https:\/\/dualdiploma-switzerland.ch\/de\/wp-json\/wp\/v2\/pages"}],"about":[{"href":"https:\/\/dualdiploma-switzerland.ch\/de\/wp-json\/wp\/v2\/types\/page"}],"author":[{"embeddable":true,"href":"https:\/\/dualdiploma-switzerland.ch\/de\/wp-json\/wp\/v2\/users\/1"}],"replies":[{"embeddable":true,"href":"https:\/\/dualdiploma-switzerland.ch\/de\/wp-json\/wp\/v2\/comments?post=14"}],"version-history":[{"count":54,"href":"https:\/\/dualdiploma-switzerland.ch\/de\/wp-json\/wp\/v2\/pages\/14\/revisions"}],"predecessor-version":[{"id":873,"href":"https:\/\/dualdiploma-switzerland.ch\/de\/wp-json\/wp\/v2\/pages\/14\/revisions\/873"}],"wp:attachment":[{"href":"https:\/\/dualdiploma-switzerland.ch\/de\/wp-json\/wp\/v2\/media?parent=14"}],"curies":[{"name":"wp","href":"https:\/\/api.w.org\/{rel}","templated":true}]}}