{"id":10,"date":"2025-06-10T10:01:43","date_gmt":"2025-06-10T10:01:43","guid":{"rendered":"https:\/\/dualdiploma-switzerland.ch\/?page_id=10"},"modified":"2026-04-11T16:33:55","modified_gmt":"2026-04-11T16:33:55","slug":"dual-diploma-program","status":"publish","type":"page","link":"https:\/\/dualdiploma-switzerland.ch\/de\/dual-diploma-program\/","title":{"rendered":"Dual Diploma Program"},"content":{"rendered":"<section class=\"section section-standard-hero-complex\">\n  <div class=\"container\">\n\n          <div class=\"section-standard-hero-complex__text\">\n\n        <h1>Das Dual Diploma Programm<\/h1>\n                  <p>ist ein weltweit einzigartiges Bildungsprogramm, das es Schweizer Sch\u00fclerinnen und Sch\u00fclern erm\u00f6glicht,  das amerikanische High School Diploma parallel zur Gymnasiale Maturit\u00e4t \/Fachmittelschulausweis zu absolvieren.<\/p>\n        \n                  <a href=\"https:\/\/dualdiploma-switzerland.ch\/de\/about-ais\/\" target=\"\" class=\"btn btn--yellow\"><span>Mehr erfahren<\/span><\/a>\n        \n      <\/div>\n    \n          <div class=\"section-standard-hero-complex__image\">\n        <img decoding=\"async\" src=\"https:\/\/dualdiploma-switzerland.ch\/wp-content\/uploads\/2025\/06\/academica_stock_26-767x840.jpg\" alt=\"\" \/>\n      <\/div>\n    \n  <\/div>\n<\/section>\n\n\n<section class=\"section section-strenghts\">\n  <div class=\"container\">\n\n    <div class=\"section-strenghts__header\">\n\n              <h2 class=\"animated-el-fadeInUp\">\n          Was sind die St\u00e4rken dieses Programms?        <\/h2>\n      \n              <a href=\"https:\/\/dualdiploma-switzerland.ch\/de\/apply-now\/\" target=\"\" class=\"btn btn--yellow\">\n          <span>Anmeldung<\/span>\n        <\/a>\n          <\/div>\n    \n          <div class=\"section-strenghts__item n1 animated-el-fadeInUp\">\n        <div class=\"section-strenghts__item__text\">\n          <span class=\"iterator\">1<\/span>\n          <h3 class=\"animated-el-fadeInUp\">Erwerben Sie das High School Diploma:<\/h3>\n          <p class=\"animated-el-fadeInUp\">Die Sch\u00fclerinnen und Sch\u00fcler erwerben das gleiche Diplom wie amerikanische Sch\u00fcler, das vom Bildungsministerium der Vereinigten Staaten und in allen Staaten und Universit\u00e4ten der Welt anerkannt wird. Die Sch\u00fcler innen und Sch\u00fcler lernen im Pr\u00e4senzunterricht an ihrer Heimatschule und in digitaler Form an der Academica, der amerikanischen High School, die f\u00fcr ihre p\u00e4dagogische Qualit\u00e4t bekannt ist.<\/p>\n        <\/div>\n        <figure class=\"animated-el-fadeInLeft\">\n          <img loading=\"lazy\" decoding=\"async\" width=\"767\" height=\"767\" src=\"https:\/\/dualdiploma-switzerland.ch\/wp-content\/uploads\/2025\/06\/academica_stock_25-767x767.jpg\" class=\"attachment-square size-square\" alt=\"Preparing students for new challenges\" srcset=\"https:\/\/dualdiploma-switzerland.ch\/wp-content\/uploads\/2025\/06\/academica_stock_25-767x767.jpg 767w, https:\/\/dualdiploma-switzerland.ch\/wp-content\/uploads\/2025\/06\/academica_stock_25-150x150.jpg 150w, https:\/\/dualdiploma-switzerland.ch\/wp-content\/uploads\/2025\/06\/academica_stock_25-100x100.jpg 100w, https:\/\/dualdiploma-switzerland.ch\/wp-content\/uploads\/2025\/06\/academica_stock_25-140x140.jpg 140w, https:\/\/dualdiploma-switzerland.ch\/wp-content\/uploads\/2025\/06\/academica_stock_25-300x300.jpg 300w, https:\/\/dualdiploma-switzerland.ch\/wp-content\/uploads\/2025\/06\/academica_stock_25-390x390.jpg 390w, https:\/\/dualdiploma-switzerland.ch\/wp-content\/uploads\/2025\/06\/academica_stock_25-217x217.jpg 217w\" sizes=\"auto, (max-width: 767px) 100vw, 767px\" \/>        <\/figure>\n      <\/div>\n          <div class=\"section-strenghts__item n2 animated-el-fadeInUp\">\n        <div class=\"section-strenghts__item__text\">\n          <span class=\"iterator\">2<\/span>\n          <h3 class=\"animated-el-fadeInUp\">Werden Sie zweisprachig und tauchen Sie vollst\u00e4ndig in die amerikanische Gesellschaft und Kultur ein:<\/h3>\n          <p class=\"animated-el-fadeInUp\">Die Sch\u00fclerinnen und Sch\u00fcler tauchen in die Sprache ein und werden von zertifizierten amerikanischen Lehrern begleitet. Sch\u00fclerinnen und Sch\u00fcler, die das Doppeldiplom erwerben, machen die gleichen Erfahrungen wie amerikanische Sch\u00fcler an einer amerikanischen High School. Um ihre Talente und Leidenschaften zu entdecken und zu entwickeln, k\u00f6nnen sie am Schulleben durch Aktivit\u00e4ten wie Clubs und Konferenzen und an au\u00dferschulischen Veranstaltungen wie der Abschlussfeier teilnehmen.<\/p>\n        <\/div>\n        <figure class=\"animated-el-fadeInLeft\">\n          <img loading=\"lazy\" decoding=\"async\" width=\"767\" height=\"767\" src=\"https:\/\/dualdiploma-switzerland.ch\/wp-content\/uploads\/2025\/06\/academica_stock_24-767x767.jpg\" class=\"attachment-square size-square\" alt=\"Preparing students for new challenges\" srcset=\"https:\/\/dualdiploma-switzerland.ch\/wp-content\/uploads\/2025\/06\/academica_stock_24-767x767.jpg 767w, https:\/\/dualdiploma-switzerland.ch\/wp-content\/uploads\/2025\/06\/academica_stock_24-150x150.jpg 150w, https:\/\/dualdiploma-switzerland.ch\/wp-content\/uploads\/2025\/06\/academica_stock_24-100x100.jpg 100w, https:\/\/dualdiploma-switzerland.ch\/wp-content\/uploads\/2025\/06\/academica_stock_24-140x140.jpg 140w, https:\/\/dualdiploma-switzerland.ch\/wp-content\/uploads\/2025\/06\/academica_stock_24-300x300.jpg 300w, https:\/\/dualdiploma-switzerland.ch\/wp-content\/uploads\/2025\/06\/academica_stock_24-390x390.jpg 390w, https:\/\/dualdiploma-switzerland.ch\/wp-content\/uploads\/2025\/06\/academica_stock_24-217x217.jpg 217w\" sizes=\"auto, (max-width: 767px) 100vw, 767px\" \/>        <\/figure>\n      <\/div>\n          <div class=\"section-strenghts__item n3 animated-el-fadeInUp\">\n        <div class=\"section-strenghts__item__text\">\n          <span class=\"iterator\">3<\/span>\n          <h3 class=\"animated-el-fadeInUp\">Soft Skills entwickeln:<\/h3>\n          <p class=\"animated-el-fadeInUp\">Dank eines ermutigenden, f\u00fcrsorglichen Lehransatzes und einer pers\u00f6nlichen Vertiefung gewinnen die Sch\u00fclerinnen und Sch\u00fcler Autonomie, Arbeitsf\u00e4higkeit, Selbstvertrauen, Reife und Anpassungsf\u00e4higkeit. Durch das Eintauchen in die Technologie und die Online-Arbeit lernen sie technisches und digitales Know-how. Das Programm f\u00f6rdert auch die Kreativit\u00e4t (Wahl von Wahlf\u00e4chern und Teilnahme an Clubs) und die F\u00e4higkeit zum kritischen Denken durch Live Sessions. Diese vielseitige Erfahrung bereitet die Sch\u00fclerinnen und Sch\u00fcler auf ihr k\u00fcnftiges akademisches und berufliches Leben vor.<\/p>\n        <\/div>\n        <figure class=\"animated-el-fadeInLeft\">\n          <img loading=\"lazy\" decoding=\"async\" width=\"767\" height=\"767\" src=\"https:\/\/dualdiploma-switzerland.ch\/wp-content\/uploads\/2025\/06\/academica_stock_35-767x767.jpg\" class=\"attachment-square size-square\" alt=\"Preparing students for new challenges\" srcset=\"https:\/\/dualdiploma-switzerland.ch\/wp-content\/uploads\/2025\/06\/academica_stock_35-767x767.jpg 767w, https:\/\/dualdiploma-switzerland.ch\/wp-content\/uploads\/2025\/06\/academica_stock_35-150x150.jpg 150w, https:\/\/dualdiploma-switzerland.ch\/wp-content\/uploads\/2025\/06\/academica_stock_35-100x100.jpg 100w, https:\/\/dualdiploma-switzerland.ch\/wp-content\/uploads\/2025\/06\/academica_stock_35-140x140.jpg 140w, https:\/\/dualdiploma-switzerland.ch\/wp-content\/uploads\/2025\/06\/academica_stock_35-300x300.jpg 300w, https:\/\/dualdiploma-switzerland.ch\/wp-content\/uploads\/2025\/06\/academica_stock_35-390x390.jpg 390w, https:\/\/dualdiploma-switzerland.ch\/wp-content\/uploads\/2025\/06\/academica_stock_35-217x217.jpg 217w\" sizes=\"auto, (max-width: 767px) 100vw, 767px\" \/>        <\/figure>\n      <\/div>\n          <div class=\"section-strenghts__item n4 animated-el-fadeInUp\">\n        <div class=\"section-strenghts__item__text\">\n          <span class=\"iterator\">4<\/span>\n          <h3 class=\"animated-el-fadeInUp\">Schaffen Sie ein multikulturelles Netzwerk:<\/h3>\n          <p class=\"animated-el-fadeInUp\">Dank der Aktivit\u00e4ten und des Austauschs mit anderen Studenten und Studentinnen aus der ganzen Welt entdecken die Studenten und Studentinnen ein multikulturelles Umfeld, das ihnen ein weltweites Netzwerks garantiert.<\/p>\n        <\/div>\n        <figure class=\"animated-el-fadeInLeft\">\n          <img loading=\"lazy\" decoding=\"async\" width=\"767\" height=\"767\" src=\"https:\/\/dualdiploma-switzerland.ch\/wp-content\/uploads\/2025\/06\/academica_stock_22-767x767.jpg\" class=\"attachment-square size-square\" alt=\"Preparing students for new challenges\" srcset=\"https:\/\/dualdiploma-switzerland.ch\/wp-content\/uploads\/2025\/06\/academica_stock_22-767x767.jpg 767w, https:\/\/dualdiploma-switzerland.ch\/wp-content\/uploads\/2025\/06\/academica_stock_22-150x150.jpg 150w, https:\/\/dualdiploma-switzerland.ch\/wp-content\/uploads\/2025\/06\/academica_stock_22-100x100.jpg 100w, https:\/\/dualdiploma-switzerland.ch\/wp-content\/uploads\/2025\/06\/academica_stock_22-140x140.jpg 140w, https:\/\/dualdiploma-switzerland.ch\/wp-content\/uploads\/2025\/06\/academica_stock_22-300x300.jpg 300w, https:\/\/dualdiploma-switzerland.ch\/wp-content\/uploads\/2025\/06\/academica_stock_22-390x390.jpg 390w, https:\/\/dualdiploma-switzerland.ch\/wp-content\/uploads\/2025\/06\/academica_stock_22-217x217.jpg 217w\" sizes=\"auto, (max-width: 767px) 100vw, 767px\" \/>        <\/figure>\n      <\/div>\n          <div class=\"section-strenghts__item n5 animated-el-fadeInUp\">\n        <div class=\"section-strenghts__item__text\">\n          <span class=\"iterator\">5<\/span>\n          <h3 class=\"animated-el-fadeInUp\">Er\u00f6ffnen Sie Perspektiven f\u00fcr die Zukunft:<\/h3>\n          <p class=\"animated-el-fadeInUp\">Das Doppeldiplom erm\u00f6glicht es den Studenten und Studentinnen, sich von anderen Bewerberinnen und Bewerbern f\u00fcr amerikanische Universit\u00e4ten abzuheben und ihren Lebenslauf zu verbessern.<\/p>\n        <\/div>\n        <figure class=\"animated-el-fadeInLeft\">\n          <img loading=\"lazy\" decoding=\"async\" width=\"767\" height=\"767\" src=\"https:\/\/dualdiploma-switzerland.ch\/wp-content\/uploads\/2025\/06\/academica_stock_21-767x767.jpg\" class=\"attachment-square size-square\" alt=\"Preparing students for new challenges\" srcset=\"https:\/\/dualdiploma-switzerland.ch\/wp-content\/uploads\/2025\/06\/academica_stock_21-767x767.jpg 767w, https:\/\/dualdiploma-switzerland.ch\/wp-content\/uploads\/2025\/06\/academica_stock_21-150x150.jpg 150w, https:\/\/dualdiploma-switzerland.ch\/wp-content\/uploads\/2025\/06\/academica_stock_21-100x100.jpg 100w, https:\/\/dualdiploma-switzerland.ch\/wp-content\/uploads\/2025\/06\/academica_stock_21-140x140.jpg 140w, https:\/\/dualdiploma-switzerland.ch\/wp-content\/uploads\/2025\/06\/academica_stock_21-300x300.jpg 300w, https:\/\/dualdiploma-switzerland.ch\/wp-content\/uploads\/2025\/06\/academica_stock_21-390x390.jpg 390w, https:\/\/dualdiploma-switzerland.ch\/wp-content\/uploads\/2025\/06\/academica_stock_21-217x217.jpg 217w\" sizes=\"auto, (max-width: 767px) 100vw, 767px\" \/>        <\/figure>\n      <\/div>\n    \n          <div class=\"section-strenghts__testimonial\">\n\n        <p class=\"body-2-semibold\">Ich habe mich sehr gefreut, als ich erfahren habe, dass mein Academica Dual Diploma\u2122 als Nachweis meiner Englischkenntnisse f\u00fcr die Zulassung an der EHL (\u00c9cole h\u00f4teli\u00e8re de Lausanne) anerkannt wurde.<\/p>\n\n        <ul>\n          <li>\n            <span>Ingrid R.<\/span>\n          <\/li>\n          <li>\n            <span class=\"body-2-medium\">Abschluss des Dual Diploma im Juli 2024<\/span>\n          <\/li>\n        <\/ul>\n\n      <\/div>\n    \n  <\/div>\n<\/section>\n\n\n<section class=\"section section-how-get-in\">\n  <div class=\"container\">\n\n          <div class=\"section-how-get-in__header animated-el-fadeInLeft\">\n        <h2>Wie bekomme ich es?<\/h2>\n      <\/div>\n    \n    <div class=\"section-how-get-in__text\">\n\n              <div class=\"section-how-get-in__text__col\">\n          <p><strong>Das Doppeldiplom-Programm basiert auf einem System von akademischen Credits. Insgesamt sind 24 Credits erforderlich, um das amerikanische High School Diploma zu erhalten.<\/strong><br \/>\r\n<br \/>\r\nDie internationalen Abkommen der Academica und die p\u00e4dagogische Exzellenz des Programms erm\u00f6glichen es den Schweizer Studenten und Studentinnen, die h\u00f6chstm\u00f6gliche Anerkennung zu erhalten: <strong>75% der 24 Credits<\/strong> die zur Erlangung des amerikanischen High School Diploma erforderlich sind. Diese <strong>18 Credits<\/strong> werden mit dem Schweizer Maturazeugnis validiert.<\/p>\n        <\/div>\n            \n              <div class=\"section-how-get-in__text__col\">\n          <p>Studenten und Studentinnen, die ein Doppeldiplom erwerben, m\u00fcssen nur <strong>6 Credits online mit Academica\u00ae International Studies (AIS) machen,<\/strong> um sich f\u00fcr das amerikanische Diplom zu qualifizieren. Von diesen 6 verbleibenden Credits sind 4 Teil des Pflichtprogramms und 2 Teil des Wahlprogramms, was den Studenten und Studentinnen erm\u00f6glicht, Themen von gro\u00dfem Interesse zu belegen, die nicht Teil des europ\u00e4ischen Programms sind, und das den Studenten zus\u00e4tzliche Motivation bietet, indem es ihren Wortschatz in Themen erweitert, die sie sonst nicht auf Englisch bearbeiten w\u00fcrden: Life Management Skills, Fotografie, Kriminologie, Psychologie, usw.<\/p>\n        <\/div>\n      \n    <\/div>\n\n    <div class=\"section-how-get-in__subjects\">\n      \n              <div class=\"section-how-get-in__subjects__text\">\n          <h4>Erforderliche F\u00e4cher = 4 Credits<\/h4>\n<ul>\n<li>2 Credits *: Englisch Stufen I, II, III oder IV<\/li>\n<li>1 Kredit: Geschichte der Vereinigten Staaten<\/li>\n<li>1 Kredit: Regierung der Vereinigten Staaten \/ Wirtschaft<\/li>\n<\/ul>\n<p><sup>*<\/sup>Die Sch\u00fclerinnen und Sch\u00fcler m\u00fcssen unabh\u00e4ngig von ihrer Eingangsstufe zwei Englischkurse bestehen: Englisch I-II, Englisch II-III, Englisch III-IV.<\/p>\n<p>&nbsp;<\/p>\n        <\/div>\n      \n              <div class=\"section-how-get-in__subjects__image animated-el-fadeInRight\" style=\"background-image:url('https:\/\/dualdiploma-switzerland.ch\/wp-content\/uploads\/2025\/06\/academica_stock_20-scaled.jpg');\">&nbsp;<\/div>\n      \n    <\/div>\n\n    <div class=\"section-how-get-in__subjects\">\n      \n              <div class=\"section-how-get-in__subjects__text\">\n          <h4>Wahlpflichtf\u00e4cher = 2 Credits**<\/h4>\n<ul>\n<li>Psychologie<\/li>\n<li>Konzepte f\u00fcr Technik und Technologie<\/li>\n<li>Kriminologie<\/li>\n<li>Digitale Fotografie<\/li>\n<li>\u00d6ffentliches Reden und Journalismus<\/li>\n<li>Lebensmanagement-F\u00e4higkeiten<\/li>\n<li>Vorbereitung auf die College-Aufnahmepr\u00fcfung<\/li>\n<li>Fortgeschrittenes Englisch (nur f\u00fcr zur\u00fcckkehrende Studenten, die bereits zwei DD-Englischkurse absolviert haben)<\/li>\n<\/ul>\n<p><strong><sup>**<\/sup>Der Student darf nur 2 Wahlf\u00e4cher w\u00e4hlen.<\/strong><\/p>\n        <\/div>\n      \n              <div class=\"section-how-get-in__subjects__image animated-el-fadeInRight\" style=\"background-image:url('https:\/\/dualdiploma-switzerland.ch\/wp-content\/uploads\/2025\/06\/academica_stock_19-scaled.jpg');\">&nbsp;<\/div>\n      \n    <\/div>\n\n  <\/div>\n<\/section>\n\n\n<section class=\"section section-program\">\n  <div class=\"container\">\n\n          <h2>\n        <strong>Das Dual Diploma<\/strong> bietet eine gro\u00dfe Flexibilit\u00e4t in Bezug auf die Dauer des Programms, so dass Sie je nach Ihrem Anfangsjahr und Ihren pers\u00f6nlichen Pr\u00e4ferenzen zwischen drei Optionen w\u00e4hlen k\u00f6nnen:      <\/h2>\n    \n    <div class=\"section-program__tabs\">\n\n      <div class=\"tabs__nav animated-el-fadeInUp\">\n                  <button\n            class=\"tabs__btn active\"\n            data-tab=\"0\"\n            aria-controls=\"tab-panel-0\"\n            role=\"tab\">\n            <span>4-Jahres-Programm<\/span>\n          <\/button>\n                  <button\n            class=\"tabs__btn\"\n            data-tab=\"1\"\n            aria-controls=\"tab-panel-1\"\n            role=\"tab\">\n            <span>3-Jahres-Programm<\/span>\n          <\/button>\n                  <button\n            class=\"tabs__btn\"\n            data-tab=\"2\"\n            aria-controls=\"tab-panel-2\"\n            role=\"tab\">\n            <span>2-Jahres-Programm<\/span>\n          <\/button>\n              <\/div>\n\n      <div class=\"tabs__panels animated-el-fadeInRight\">\n                  <div\n            class=\"tabs__panel active\"\n            id=\"tab-panel-0\"\n            role=\"tabpanel\">\n\n            <p class=\"body-1-regular\">\n              <p>Diesee Option bietet ein entspannteres Tempo, ideal f\u00fcr diejenigen, die es vorziehen, die zus\u00e4tzliche akademische Belastung allm\u00e4hlich zu verteilen.<\/p>\n<ul>\n<li>Jahr 1: Englisch<\/li>\n<li>Jahr 2: Englisch &amp; Wahlfach<\/li>\n<li>Jahr 3: U.S. Geschichte &amp; Wahlfach<\/li>\n<li>Jahr 4: U.S. Regierung \/ Wirtschaft<\/li>\n<\/ul>\n            <\/p>\n          <\/div>\n                  <div\n            class=\"tabs__panel\"\n            id=\"tab-panel-1\"\n            role=\"tabpanel\">\n\n            <p class=\"body-1-regular\">\n              \n<p><span>Dieser Plan bietet ein ausgewogenes Tempo, ideal f\u00fcr diejenigen, die ihr akademisches Pensum mit einem guten Gleichgewicht zwischen ihren lokalen Studien und dem internationalen Programm angehen m\u00f6chten.<\/span><\/p>\n\n<ul>\n<li>Jahr 1: Englisch &amp; Wahlfach<\/li>\n<li>Jahr 2: Englisch und Geschichte der USA<\/li>\n<li>Jahr 3: U.S. Regierung \/ Wirtschaft &amp; Wahlfach<\/li>\n<\/ul>\n            <\/p>\n          <\/div>\n                  <div\n            class=\"tabs__panel\"\n            id=\"tab-panel-2\"\n            role=\"tabpanel\">\n\n            <p class=\"body-1-regular\">\n              <p>Dieser Plan bietet ein intensives Tempo, das f\u00fcr diejenigen geeignet ist, die das Programm in m\u00f6glichst kurzer Zeit absolvieren und ihr Engagement und ihren Einsatz \u00fcber einen kurzen Zeitraum maximieren wollen.<\/p>\n<ul>\n<li>Jahr 1: Englisch &amp; US-Geschichte &amp; Wahlfach<\/li>\n<li>Jahr 2: Englisch &amp; U.S. Regierung \/ Wirtschaft &amp; Wahlfach<\/li>\n<\/ul>\n            <\/p>\n          <\/div>\n              <\/div>\n    <\/div>\n\n          <div class=\"section-program__table\">\n        <div class=\"table-container\">\n          <table class=\"el-table animated-el-fadeInUp\" style=\"translate: none; rotate: none; scale: none; opacity: 1; visibility: inherit; transform: translate(0px, 0px);\">\n<thead>\n<tr>\n<th class=\"white\">Start* Doppeldiplom<\/th>\n<th class=\"white\">Jahr 1<\/th>\n<th class=\"white\">Jahr 2<\/th>\n<th class=\"white\">Jahr 3<\/th>\n<th class=\"white\">Jahr 4<\/th>\n<th>Dauer<br \/>\nDual Diploma<\/th>\n<\/tr>\n<\/thead>\n<tbody>\n<tr>\n<td>10e VP\/VG<\/td>\n<td style=\"text-align: center;\">x<\/td>\n<td style=\"text-align: center;\">x<\/td>\n<td style=\"text-align: center;\">x<\/td>\n<td style=\"text-align: center;\">x<\/td>\n<th class=\"highlighted\" rowspan=\"2\">4 Jahre<\/th>\n<\/tr>\n<tr>\n<td class=\"highlighted\" style=\"color: #181818;\">11e VP\/VG<\/td>\n<td class=\"highlighted\" style=\"text-align: center;\">x<\/td>\n<td class=\"highlighted\" style=\"text-align: center;\">x<\/td>\n<td class=\"highlighted\" style=\"text-align: center;\">x<\/td>\n<td class=\"highlighted\" style=\"text-align: center;\">x<\/td>\n<\/tr>\n<tr>\n<td class=\"highlighted\" style=\"color: #181818;\">11e VP\/VG<\/td>\n<td class=\"highlighted\" style=\"text-align: center;\">x<\/td>\n<td class=\"highlighted\" style=\"text-align: center;\">x<\/td>\n<td class=\"highlighted\" style=\"text-align: center;\">x<\/td>\n<td class=\"highlighted\"><\/td>\n<th class=\"highlighted\" rowspan=\"2\">3 Jahre<\/th>\n<\/tr>\n<tr>\n<td>1M\/1ECG<\/td>\n<td style=\"text-align: center;\">x<\/td>\n<td style=\"text-align: center;\">x<\/td>\n<td style=\"text-align: center;\">x<\/td>\n<td><\/td>\n<\/tr>\n<tr>\n<td>1M\/1ECG<\/td>\n<td style=\"text-align: center;\">x<\/td>\n<td style=\"text-align: center;\">x<\/td>\n<td><\/td>\n<td><\/td>\n<th class=\"highlighted\" rowspan=\"2\">2 Jahre<\/th>\n<\/tr>\n<tr>\n<td class=\"highlighted\" style=\"color: #181818;\">2M\/2ECG<\/td>\n<td class=\"highlighted\" style=\"text-align: center;\">x<\/td>\n<td class=\"highlighted\" style=\"text-align: center;\">x<\/td>\n<td class=\"highlighted\"><\/td>\n<td class=\"highlighted\"><\/td>\n<\/tr>\n<\/tbody>\n<\/table>\n<p class=\"animated-el-fadeInUp\">\n<p>&nbsp;<\/p>\n        <\/div>\n                  <p class=\"animated-el-fadeInUp\">* Beispiel Kanton Waadt<\/p>\n              <\/div>\n    \n    <div class=\"section-program__actions\">\n      <ul>\n                  <li>\n            <a href=\"https:\/\/dualdiploma-switzerland.ch\/de\/about-ais\/\" target=\"\" class=\"btn btn--outline-black\">\n              <span>Mehr erfahren<\/span>\n            <\/a>\n          <\/li>\n                          <li>\n            <a href=\"https:\/\/dualdiploma-switzerland.ch\/de\/faq-contact-us\/\" target=\"\" class=\"btn btn--yellow\">\n              <span>Kontakt<\/span>\n            <\/a>\n          <\/li>\n              <\/ul>\n    <\/div>\n\n  <\/div>\n<\/section>\n\n\n<section class=\"section section-how-it-works\">\n  <div class=\"container\">\n\n          <div class=\"section-how-it-works__header animated-el-fadeInLeft\">\n        <h2>Wie arbeiten die Studenten?<\/h2>\n      <\/div>\n    \n    <div class=\"section-how-it-works__text\">\n\n              <div class=\"section-how-it-works__text__col\">\n          <p>Jeder Sch\u00fclerin und jedem Sch\u00fcler des Programms wird ein zertifizierter amerikanischer Lehrer in oder Lehrer zugewiesen, der\/die ihn durch den Lernprozess f\u00fchrt.\u00a0<br \/>\n<br \/>\nDie Aktivit\u00e4ten werden \u00fcber eine <strong>innovative<\/strong> und <strong>interaktive<\/strong> Online-Lernplattform Colegia angeboten, auf der die Sch\u00fclerinnen uns Sch\u00fcler flexibel und selbst\u00e4ndig arbeiten k\u00f6nnen, wobei sie stets von dem zust\u00e4ndigen Lehrer oder Lehrerin angeleitet werden.<\/p>\n<p><strong>Die Academica stellt das gesamte Lehrmaterial zur Verf\u00fcgung.<\/strong> Die Studierenden m\u00fcssen ihre Lektionen einsehen, arbeiten und Aufgaben erledigen. Von Beginn des Semesters an k\u00f6nnen die Studierenden auf eine \u00dcbersicht der Aufgaben und Termine zugreifen, damit sie ihre Zeit und ihren Aufwand in Kombination mit ihrem Schweizer Studium organisieren und planen k\u00f6nnen.<\/p>\n<p>Der Lernprozess umfasst asynchrone Aktivit\u00e4ten, Aufgaben und Vorschl\u00e4ge, die die Studenten und Studentinnen jede Woche in ihrem eigenen Tempo und mit eigenem Zeitmanagement erledigen m\u00fcssen. Synchrone Gruppentreffen finden alle drei Wochen statt. Die <strong>Live-Sessions<\/strong>werden mit dem Lehrer oder Lehrerin und der Arbeitsgruppe organisiert.<\/p>\n        <\/div>\n            \n              <div class=\"section-how-it-works__text__col\">\n          <p>Diese Live-Sitzungen geben den Studenten und Studentinnen die M\u00f6glichkeit, mit ihren Klassenkameraden aus der ganzen Welt in Kontakt zu treten und lebhafte Diskussionen \u00fcber eine breite Palette von Themen zu f\u00fchren.<\/p>\n<p>Die Lehrkr\u00e4fte verf\u00fcgen auch \u00fcber B\u00fcrozeiten zwischen 16.30 und 21.00 Uhr, um eine <strong>reibungslose Kommunikation<\/strong>per E-Mail oder Teams zu gew\u00e4hrleisten, eine individuelle Betreuung zu erm\u00f6glichen und bei Bedarf Fragen der Sch\u00fclerinnen und Sch\u00fcler zu beantworten. Die Sch\u00fcler sch\u00e4tzen ihr Wohlwollen, ihre Reaktionsf\u00e4higkeit, ihr Zuh\u00f6ren und ihre Ermutigung. Die Eltern k\u00f6nnen den amerikanischen Lehrer jederzeit um einen Termin bitten.<\/p>\n<p class=\"hightlighted\">Das Online-Lernen ist ein bereichernder, anregender und andersartiger Prozess, der Zugang zu qualitativ hochwertigem Studienmaterial bietet. Diese Lehrmethode ist eine hervorragende Erg\u00e4nzung zur Schweizer P\u00e4dagogik.<\/p>\n        <\/div>\n      \n    <\/div>\n\n          <figure class=\"animated-el-fadeInLeft\">\n        <img loading=\"lazy\" decoding=\"async\" width=\"1280\" height=\"555\" src=\"https:\/\/dualdiploma-switzerland.ch\/wp-content\/uploads\/2025\/06\/academica_stock_18-1280x555.jpg\" class=\"attachment-big-hero size-big-hero\" alt=\"How do students work?\" \/>      <\/figure>\n    \n    \n\n          <div class=\"section-how-it-works__testimonial\">\n\n        <p class=\"body-2-semibold\">Mit dem Dual Diploma Program entdeckte ich eine neue Lernmethode, die freier ist, aber dennoch beaufsichtigt wird, und ich sch\u00e4tzte die Beziehung zu meinem amerikanischen Lehrer, die sehr eng und freundlich war.<\/p>\n\n        <ul>\n          <li>\n            <span>Marina R.<\/span>\n          <\/li>\n          <li>\n            <span class=\"body-2-medium\">Drittes Jahr des Dual Diploma<\/span>\n          <\/li>\n        <\/ul>\n\n      <\/div>\n    \n  <\/div>\n<\/section>\n\n\n<section class=\"section section-school-experience\">\n  <div class=\"container\">\n\n    <div class=\"section-school-experience__header\">\n\n              <h2 class=\"animated-el-fadeInUp\">Die Erfahrung des Schullebens<\/h2>\n            \n              <p class=\"animated-el-fadeInUp\">Die amerikanische Erfahrung mit dem Dual Diploma Programm geht \u00fcber einfache Kurse in englischer Sprache hinaus. Bildung wird als Ganzes gesehen: Das Lernen \u00fcber das soziale Leben ist genauso wichtig wie das theoretische Lernen von Wissen.<\/p>\n      \n    <\/div>\n\n    <div class=\"section-school-experience__clubs\">\n\n              <h3 class=\"animated-el-fadeInUp\">Clubs, denen Sch\u00fcler beitreten k\u00f6nnen:<\/h3>\n            \n      <ul>\n                  <li class=\"animated-el-fadeInUp\">\n            <figure class=\"animated-el-fadeInUp\">\n                              <img loading=\"lazy\" decoding=\"async\" width=\"767\" height=\"550\" src=\"https:\/\/dualdiploma-switzerland.ch\/wp-content\/uploads\/2025\/06\/academica_stock_17-767x550.jpg\" class=\"attachment-clubs size-clubs\" alt=\"Preparing students for new challenges\" \/>                          <\/figure>\n            <p>Newspaper Club, um die Dual Diploma Times zu schreiben<\/p>\n          <\/li>\n                  <li class=\"animated-el-fadeInUp\">\n            <figure class=\"animated-el-fadeInUp\">\n                              <img loading=\"lazy\" decoding=\"async\" width=\"767\" height=\"550\" src=\"https:\/\/dualdiploma-switzerland.ch\/wp-content\/uploads\/2025\/06\/academica_stock_16-767x550.jpg\" class=\"attachment-clubs size-clubs\" alt=\"Preparing students for new challenges\" \/>                          <\/figure>\n            <p>Social Media Club, wo sie sich einmal im Monat mit Gleichaltrigen online treffen.<\/p>\n          <\/li>\n                  <li class=\"animated-el-fadeInUp\">\n            <figure class=\"animated-el-fadeInUp\">\n                              <img loading=\"lazy\" decoding=\"async\" width=\"767\" height=\"550\" src=\"https:\/\/dualdiploma-switzerland.ch\/wp-content\/uploads\/2025\/06\/academica_stock_15-767x550.jpg\" class=\"attachment-clubs size-clubs\" alt=\"Preparing students for new challenges\" \/>                          <\/figure>\n            <p>AIS Amici Club, um Studentinnen un dStudenten aus anderen L\u00e4ndern zu treffen und sich mit ihnen zu unterhalten.<\/p>\n          <\/li>\n                  <li class=\"animated-el-fadeInUp\">\n            <figure class=\"animated-el-fadeInUp\">\n                              <img loading=\"lazy\" decoding=\"async\" width=\"767\" height=\"550\" src=\"https:\/\/dualdiploma-switzerland.ch\/wp-content\/uploads\/2025\/06\/academica_stock_14-767x550.jpg\" class=\"attachment-clubs size-clubs\" alt=\"Preparing students for new challenges\" \/>                          <\/figure>\n            <p>Fotografie-Club, um die fotografischen F\u00e4higkeiten zu verbessern und ein digitales Portfolio zu erstellen.<\/p>\n          <\/li>\n                  <li class=\"animated-el-fadeInUp\">\n            <figure class=\"animated-el-fadeInUp\">\n                              <img loading=\"lazy\" decoding=\"async\" width=\"767\" height=\"550\" src=\"https:\/\/dualdiploma-switzerland.ch\/wp-content\/uploads\/2025\/06\/academica_stock_13-767x550.jpg\" class=\"attachment-clubs size-clubs\" alt=\"Preparing students for new challenges\" \/>                          <\/figure>\n            <p>Koch-\/Backclub, um Rezepte aus aller Welt kennenzulernen.<\/p>\n          <\/li>\n                  <li class=\"animated-el-fadeInUp\">\n            <figure class=\"animated-el-fadeInUp\">\n                              <img loading=\"lazy\" decoding=\"async\" width=\"767\" height=\"550\" src=\"https:\/\/dualdiploma-switzerland.ch\/wp-content\/uploads\/2025\/06\/academica_stock_12-767x550.jpg\" class=\"attachment-clubs size-clubs\" alt=\"Preparing students for new challenges\" \/>                          <\/figure>\n            <p>Book Club, um B\u00fccher und Autoren aus aller Welt zu entdecken.<\/p>\n          <\/li>\n                  <li class=\"animated-el-fadeInUp\">\n            <figure class=\"animated-el-fadeInUp\">\n                              <img loading=\"lazy\" decoding=\"async\" width=\"767\" height=\"550\" src=\"https:\/\/dualdiploma-switzerland.ch\/wp-content\/uploads\/2025\/06\/academica_stock_11-767x550.jpg\" class=\"attachment-clubs size-clubs\" alt=\"Preparing students for new challenges\" \/>                          <\/figure>\n            <p>Art Club, f\u00fcr Kunstliebhaber.<\/p>\n          <\/li>\n                  <li class=\"animated-el-fadeInUp\">\n            <figure class=\"animated-el-fadeInUp\">\n                              <img loading=\"lazy\" decoding=\"async\" width=\"767\" height=\"550\" src=\"https:\/\/dualdiploma-switzerland.ch\/wp-content\/uploads\/2025\/06\/academica_stock_10-767x550.jpg\" class=\"attachment-clubs size-clubs\" alt=\"Preparing students for new challenges\" \/>                          <\/figure>\n            <p>Model UN (Vereinte Nationen), um internationale Beziehungen zu \u00fcben.<\/p>\n          <\/li>\n                \n                  <li class=\"animated-el-fadeInUp\" style=\"background-image: url('https:\/\/dualdiploma-switzerland.ch\/wp-content\/uploads\/2025\/06\/academica_stock_09-767x512.jpg');\">\n                          <a href=\"https:\/\/dualdiploma-switzerland.ch\/de\/about-ais\/\" target=\"\" class=\"btn btn--yellow\">\n                <span>Mehr erfahren<\/span>\n              <\/a>\n                      <\/li>\n        \n      <\/ul>\n    <\/div>\n\n    <div class=\"section-school-experience__speakers\">\n\n              <h3 class=\"animated-el-fadeInUp\">Guest Speaker:<\/h3>\n      \n              <p class=\"animated-el-fadeInUp\">Das ganze Jahr \u00fcber organisiert die Academica\u00ae International Studies Konferenzen mit besonderen G\u00e4sten (die \"Special Guest Speaker Sessions\"), Expertinnen und Experten aus verschiedenen Bereichen: Politik, Unternehmertum, Sport, Luft- und Raumfahrt, Kultur, Kino, \u00d6kologie, usw. Eine Fundgrube der Inspiration und Motivation f\u00fcr junge Erwachsene in der Entwicklung!<\/p>\n      \n      <ul>\n                  <li class=\"animated-el-fadeInUp\">\n            <figure class=\"animated-el-fadeInUp\">\n                              <img loading=\"lazy\" decoding=\"async\" width=\"767\" height=\"550\" src=\"https:\/\/dualdiploma-switzerland.ch\/wp-content\/uploads\/2025\/06\/Sunita-Williams-2004-e1750258577344-767x550.webp\" class=\"attachment-clubs size-clubs\" alt=\"Preparing students for new challenges\" \/>                          <\/figure>\n            <h4>Sunita Williams<\/h4>\n            <p>Sunita Williams ist eine amerikanische Astronautin und pensionierte Offizierin der US-Marine, die den Rekord f\u00fcr die meisten weiblichen Weltraumspazierg\u00e4nge h\u00e4lt. Im Jahr 2024 war sie die erste Frau, die mit Boeing einen Testflug mit einem Raumschiff im Orbit durchf\u00fchrte. Ihre Mission wurde aufgrund von technischen Problemen mit der ISS um neun Monate verl\u00e4ngert. Sie bleibt eine der erfahrensten Weltraumspazierg\u00e4ngerinnen weltweit.<\/p>\n          <\/li>\n                  <li class=\"animated-el-fadeInUp\">\n            <figure class=\"animated-el-fadeInUp\">\n                              <img loading=\"lazy\" decoding=\"async\" width=\"767\" height=\"550\" src=\"https:\/\/dualdiploma-switzerland.ch\/wp-content\/uploads\/2025\/06\/Scott-Rosenzweig-e1750258881632-767x550.jpg\" class=\"attachment-clubs size-clubs\" alt=\"Preparing students for new challenges\" \/>                          <\/figure>\n            <h4>Scott Rosenzweig<\/h4>\n            <p>Scott Rosenzweig, Pr\u00e4sident und CEO von Make-A-Wish Nevada, kam 2018 zur Organisation und wurde 2021 CEO. Er blickt auf 30 Jahre Erfahrung im Bereich der darstellenden K\u00fcnste zur\u00fcck, unter anderem bei Disneyland und Madame Tussaud's, und leitete sp\u00e4ter Schulungen bei GameWorks. Sein einzigartiger Weg verbindet Kreativit\u00e4t und F\u00fchrungsqualit\u00e4ten und treibt seine Leidenschaft f\u00fcr die Erf\u00fcllung von W\u00fcnschen f\u00fcr Kinder mit schweren Krankheiten im S\u00fcden Nevadas voran.<\/p>\n          <\/li>\n                  <li class=\"animated-el-fadeInUp\">\n            <figure class=\"animated-el-fadeInUp\">\n                              <img loading=\"lazy\" decoding=\"async\" width=\"767\" height=\"550\" src=\"https:\/\/dualdiploma-switzerland.ch\/wp-content\/uploads\/2025\/06\/James-Burnett-e1750258966657-767x550.jpg\" class=\"attachment-clubs size-clubs\" alt=\"Preparing students for new challenges\" \/>                          <\/figure>\n            <h4>James Burnett<\/h4>\n            <p>James Burnett ist ein professioneller Synchronsprecher mit \u00fcber 20 Jahren Erfahrung. Er begann im Alter von 16 Jahren damit, Stimmen zu imitieren, bevor er seinen eigenen, unverwechselbaren Klang entwickelte. Sein musikalischer Hintergrund und die Schulch\u00f6re haben seine stimmliche Bandbreite gepr\u00e4gt. James w\u00e4hlt Projekte aus, die seine Leidenschaften widerspiegeln, damit seine Arbeit authentisch bleibt und Spa\u00df macht. Er ist bekannt f\u00fcr seine Vielseitigkeit und seine Hingabe an das Handwerk des Synchronsprechens.<\/p>\n          <\/li>\n              <\/ul>\n\n    <\/div>\n\n    <div class=\"section-school-experience__graduation\">\n              <h3 class=\"animated-el-fadeInUp\">Graduation<\/h3>\n      \n              <p class=\"animated-el-fadeInUp\">Die Abschlussfeier findet Anfang Juli statt.<\/p>\n      \n      <figure class=\"animated-el-fadeInLeft\">\n                  <img loading=\"lazy\" decoding=\"async\" width=\"1280\" height=\"555\" src=\"https:\/\/dualdiploma-switzerland.ch\/wp-content\/uploads\/2025\/06\/academica_stock_08-scaled-e1749759102830-1280x555.jpg\" class=\"attachment-big-hero size-big-hero\" alt=\"Preparing students for new challenges\" \/>              <\/figure>\n    <\/div>\n\n          <div class=\"section-school-experience__actions animated-el-fadeInUp\">\n        <ul>\n                      <li>\n              <a href=\"https:\/\/dualdiploma-switzerland.ch\/de\/about-ais\/\" target=\"\" class=\"btn btn--yellow\">\n                <span>Mehr erfahren<\/span>\n              <\/a>\n            <\/li>\n                                <li>\n              <a href=\"https:\/\/dualdiploma-switzerland.ch\/de\/faq-contact-us\/\" target=\"\" class=\"btn btn--outline-black\">\n                <span>Kontakt<\/span>\n              <\/a>\n            <\/li>\n                  <\/ul>\n      <\/div>\n    \n  <\/div>\n<\/section>\n\n\n<section class=\"section section-cta-2\">\n  <div class=\"container\">\n\n    <div class=\"section-cta-2__highlights animated-el-fadeInUp\">\n              <h2 class=\"animated-el-fadeInUp\">Gesehen in La C\u00f4te<\/h2>\n      \n      <p>La C\u00f4te zeigt auf, wie das Doppeldiplom das Bildungswesen in der Schweiz umgestaltet und den Studierenden die M\u00f6glichkeit gibt, mit zwei Diplomen abzuschliessen und eine Vielzahl von M\u00f6glichkeiten zu nutzen.<\/p>\n      \n      <a href=\"https:\/\/www.lacote.ch\/contenus-sponsorises\/offrez-a-vos-enfants-un-avenir-sans-frontieres-avec-academica-dual-diploma-1456000\" class=\"btn btn--green\"><span>Mehr lesen <\/span><\/a>\n    <\/div>\n\n  <\/div>\n<\/section>\n\n\n<section class=\"section section-cta animated-el-fadeInUp\">\n  <div class=\"container\">\n\n    <div class=\"section-cta__text animated-el-fadeInLeft\">\n      <div class=\"decor-star\"><\/div>\n\n              <h3>Vorbereitung der Sch\u00fcler auf neue Herausforderungen<\/h3>\n      \n              <a href=\"https:\/\/dualdiploma-switzerland.ch\/de\/apply-now\/\" target=\"\" class=\"btn btn--yellow\"><span>Anmeldung<\/span><\/a>\n            \n    <\/div>\n\n    <figure class=\"animated-el-fadeInLeft\">\n      <img loading=\"lazy\" decoding=\"async\" width=\"767\" height=\"767\" src=\"https:\/\/dualdiploma-switzerland.ch\/wp-content\/uploads\/2025\/06\/graduation-4502797_1920-767x767.jpg\" class=\"attachment-square size-square\" alt=\"Academica Dual Diploma\" srcset=\"https:\/\/dualdiploma-switzerland.ch\/wp-content\/uploads\/2025\/06\/graduation-4502797_1920-767x767.jpg 767w, https:\/\/dualdiploma-switzerland.ch\/wp-content\/uploads\/2025\/06\/graduation-4502797_1920-150x150.jpg 150w, https:\/\/dualdiploma-switzerland.ch\/wp-content\/uploads\/2025\/06\/graduation-4502797_1920-100x100.jpg 100w, https:\/\/dualdiploma-switzerland.ch\/wp-content\/uploads\/2025\/06\/graduation-4502797_1920-140x140.jpg 140w, https:\/\/dualdiploma-switzerland.ch\/wp-content\/uploads\/2025\/06\/graduation-4502797_1920-300x300.jpg 300w, https:\/\/dualdiploma-switzerland.ch\/wp-content\/uploads\/2025\/06\/graduation-4502797_1920-390x390.jpg 390w, https:\/\/dualdiploma-switzerland.ch\/wp-content\/uploads\/2025\/06\/graduation-4502797_1920-217x217.jpg 217w\" sizes=\"auto, (max-width: 767px) 100vw, 767px\" \/>    <\/figure>\n\n  <\/div>\n<\/section>","protected":false},"excerpt":{"rendered":"","protected":false},"author":1,"featured_media":0,"parent":0,"menu_order":0,"comment_status":"closed","ping_status":"closed","template":"","meta":{"_acf_changed":false,"footnotes":""},"class_list":["post-10","page","type-page","status-publish","hentry"],"acf":[],"_links":{"self":[{"href":"https:\/\/dualdiploma-switzerland.ch\/de\/wp-json\/wp\/v2\/pages\/10","targetHints":{"allow":["GET"]}}],"collection":[{"href":"https:\/\/dualdiploma-switzerland.ch\/de\/wp-json\/wp\/v2\/pages"}],"about":[{"href":"https:\/\/dualdiploma-switzerland.ch\/de\/wp-json\/wp\/v2\/types\/page"}],"author":[{"embeddable":true,"href":"https:\/\/dualdiploma-switzerland.ch\/de\/wp-json\/wp\/v2\/users\/1"}],"replies":[{"embeddable":true,"href":"https:\/\/dualdiploma-switzerland.ch\/de\/wp-json\/wp\/v2\/comments?post=10"}],"version-history":[{"count":64,"href":"https:\/\/dualdiploma-switzerland.ch\/de\/wp-json\/wp\/v2\/pages\/10\/revisions"}],"predecessor-version":[{"id":932,"href":"https:\/\/dualdiploma-switzerland.ch\/de\/wp-json\/wp\/v2\/pages\/10\/revisions\/932"}],"wp:attachment":[{"href":"https:\/\/dualdiploma-switzerland.ch\/de\/wp-json\/wp\/v2\/media?parent=10"}],"curies":[{"name":"wp","href":"https:\/\/api.w.org\/{rel}","templated":true}]}}